{"id":1496,"date":"2019-04-20T15:50:33","date_gmt":"2019-04-20T18:50:33","guid":{"rendered":"https:\/\/resocie.org\/?page_id=243"},"modified":"2022-02-19T21:06:54","modified_gmt":"2022-02-20T00:06:54","slug":"disciplines","status":"publish","type":"page","link":"http:\/\/en.resocie.org\/index.php\/home\/publications\/disciplines\/","title":{"rendered":"Teaching"},"content":{"rendered":"\t\t<div data-elementor-type=\"wp-page\" data-elementor-id=\"1496\" class=\"elementor elementor-1496\" data-elementor-settings=\"[]\">\n\t\t\t\t\t\t\t<div class=\"elementor-section-wrap\">\n\t\t\t\t\t\t\t<section class=\"elementor-section elementor-top-section elementor-element elementor-element-65af0f26 elementor-section-boxed elementor-section-height-default elementor-section-height-default\" data-id=\"65af0f26\" data-element_type=\"section\">\n\t\t\t\t\t\t<div class=\"elementor-container elementor-column-gap-default\">\n\t\t\t\t\t<div class=\"elementor-column elementor-col-100 elementor-top-column elementor-element elementor-element-1bfc8f21\" data-id=\"1bfc8f21\" data-element_type=\"column\">\n\t\t\t<div class=\"elementor-widget-wrap elementor-element-populated\">\n\t\t\t\t\t\t\t\t<div class=\"elementor-element elementor-element-64f1fc44 elementor-widget elementor-widget-text-editor\" data-id=\"64f1fc44\" data-element_type=\"widget\" data-widget_type=\"text-editor.default\">\n\t\t\t\t<div class=\"elementor-widget-container\">\n\t\t\t<style>\/*! elementor - v3.5.5 - 03-02-2022 *\/\n.elementor-widget-text-editor.elementor-drop-cap-view-stacked .elementor-drop-cap{background-color:#818a91;color:#fff}.elementor-widget-text-editor.elementor-drop-cap-view-framed .elementor-drop-cap{color:#818a91;border:3px solid;background-color:transparent}.elementor-widget-text-editor:not(.elementor-drop-cap-view-default) .elementor-drop-cap{margin-top:8px}.elementor-widget-text-editor:not(.elementor-drop-cap-view-default) .elementor-drop-cap-letter{width:1em;height:1em}.elementor-widget-text-editor .elementor-drop-cap{float:left;text-align:center;line-height:1;font-size:50px}.elementor-widget-text-editor .elementor-drop-cap-letter{display:inline-block}<\/style>\t\t\t\t<p>On this page you will learn about the courses taught by members of our research groups, as well as access the course syllabus.<\/p>\n<p>\u00a0<\/p>\t\t\t\t\t\t<\/div>\n\t\t\t\t<\/div>\n\t\t\t\t\t<\/div>\n\t\t<\/div>\n\t\t\t\t\t\t\t<\/div>\n\t\t<\/section>\n\t\t\t\t<section class=\"elementor-section elementor-top-section elementor-element elementor-element-4be105b5 elementor-section-boxed elementor-section-height-default elementor-section-height-default\" data-id=\"4be105b5\" data-element_type=\"section\" data-settings=\"{&quot;background_background&quot;:&quot;classic&quot;}\">\n\t\t\t\t\t\t<div class=\"elementor-container elementor-column-gap-default\">\n\t\t\t\t\t<div class=\"elementor-column elementor-col-100 elementor-top-column elementor-element elementor-element-67fa6cb4\" data-id=\"67fa6cb4\" data-element_type=\"column\">\n\t\t\t<div class=\"elementor-widget-wrap elementor-element-populated\">\n\t\t\t\t\t\t\t\t<div class=\"elementor-element elementor-element-7f0b8c1f elementor-widget elementor-widget-heading\" data-id=\"7f0b8c1f\" data-element_type=\"widget\" data-widget_type=\"heading.default\">\n\t\t\t\t<div class=\"elementor-widget-container\">\n\t\t\t<style>\/*! elementor - v3.5.5 - 03-02-2022 *\/\n.elementor-heading-title{padding:0;margin:0;line-height:1}.elementor-widget-heading .elementor-heading-title[class*=elementor-size-]>a{color:inherit;font-size:inherit;line-height:inherit}.elementor-widget-heading .elementor-heading-title.elementor-size-small{font-size:15px}.elementor-widget-heading .elementor-heading-title.elementor-size-medium{font-size:19px}.elementor-widget-heading .elementor-heading-title.elementor-size-large{font-size:29px}.elementor-widget-heading .elementor-heading-title.elementor-size-xl{font-size:39px}.elementor-widget-heading .elementor-heading-title.elementor-size-xxl{font-size:59px}<\/style><h3 class=\"elementor-heading-title elementor-size-default\">Disciplinas segundo semestre de 2021<\/h3>\t\t<\/div>\n\t\t\t\t<\/div>\n\t\t\t\t<section class=\"elementor-section elementor-inner-section elementor-element elementor-element-70da79bb elementor-section-boxed elementor-section-height-default elementor-section-height-default\" data-id=\"70da79bb\" data-element_type=\"section\">\n\t\t\t\t\t\t<div class=\"elementor-container elementor-column-gap-default\">\n\t\t\t\t\t<div class=\"elementor-column elementor-col-50 elementor-inner-column elementor-element elementor-element-438112a8\" data-id=\"438112a8\" data-element_type=\"column\">\n\t\t\t<div class=\"elementor-widget-wrap elementor-element-populated\">\n\t\t\t\t\t\t\t\t<div class=\"elementor-element elementor-element-767432a4 elementor-widget elementor-widget-heading\" data-id=\"767432a4\" data-element_type=\"widget\" data-widget_type=\"heading.default\">\n\t\t\t\t<div class=\"elementor-widget-container\">\n\t\t\t<h4 class=\"elementor-heading-title elementor-size-default\">Social Movements<\/h4>\t\t<\/div>\n\t\t\t\t<\/div>\n\t\t\t\t<div class=\"elementor-element elementor-element-4e6a6669 elementor-widget elementor-widget-text-editor\" data-id=\"4e6a6669\" data-element_type=\"widget\" data-widget_type=\"text-editor.default\">\n\t\t\t\t<div class=\"elementor-widget-container\">\n\t\t\t\t\t\t\t<p>This undergraduate and graduate course has two central objectives: first, to discuss the phenomenon of collective political participation \u2013 with a focus on understanding the process of mobilizing groups that seek to challenge or transform existing social or political practices; second, to provide students with an opportunity to &#8220;go into the field&#8221;, to develop original research based on qualitative research techniques, especially semi-structured interviews and document collection.<\/p>\n<p><strong>Profa.: Rebecca Abers<\/strong><\/p>\n<p>\u00a0<\/p>\t\t\t\t\t\t<\/div>\n\t\t\t\t<\/div>\n\t\t\t\t<div class=\"elementor-element elementor-element-27adc72b elementor-widget elementor-widget-button\" data-id=\"27adc72b\" data-element_type=\"widget\" data-widget_type=\"button.default\">\n\t\t\t\t<div class=\"elementor-widget-container\">\n\t\t\t\t\t<div class=\"elementor-button-wrapper\">\n\t\t\t<a href=\"http:\/\/resocie.org\/wp-content\/uploads\/2022\/01\/Movimentos-Sociais-GRADUAA%C2%87A%C2%83O-Programa-Preliminarrevisao-1612022.pdf\" class=\"elementor-button-link elementor-button elementor-size-xs\" role=\"button\">\n\t\t\t\t\t\t<span class=\"elementor-button-content-wrapper\">\n\t\t\t\t\t\t<span class=\"elementor-button-text\">Social Movements \u2013 Undergraduate (2021\/2)<\/span>\n\t\t<\/span>\n\t\t\t\t\t<\/a>\n\t\t<\/div>\n\t\t\t\t<\/div>\n\t\t\t\t<\/div>\n\t\t\t\t<div class=\"elementor-element elementor-element-45e092c4 elementor-widget elementor-widget-button\" data-id=\"45e092c4\" data-element_type=\"widget\" data-widget_type=\"button.default\">\n\t\t\t\t<div class=\"elementor-widget-container\">\n\t\t\t\t\t<div class=\"elementor-button-wrapper\">\n\t\t\t<a href=\"http:\/\/resocie.org\/wp-content\/uploads\/2021\/12\/Movimentos-POS-Programa-preliminar.v2..pdf\" class=\"elementor-button-link elementor-button elementor-size-xs\" role=\"button\">\n\t\t\t\t\t\t<span class=\"elementor-button-content-wrapper\">\n\t\t\t\t\t\t<span class=\"elementor-button-text\">Social Movements \u2013 Graduate (2021\/2)<\/span>\n\t\t<\/span>\n\t\t\t\t\t<\/a>\n\t\t<\/div>\n\t\t\t\t<\/div>\n\t\t\t\t<\/div>\n\t\t\t\t\t<\/div>\n\t\t<\/div>\n\t\t\t\t<div class=\"elementor-column elementor-col-50 elementor-inner-column elementor-element elementor-element-7a5e4058\" data-id=\"7a5e4058\" data-element_type=\"column\">\n\t\t\t<div class=\"elementor-widget-wrap elementor-element-populated\">\n\t\t\t\t\t\t\t\t<div class=\"elementor-element elementor-element-d0853ba elementor-widget elementor-widget-image\" data-id=\"d0853ba\" data-element_type=\"widget\" data-widget_type=\"image.default\">\n\t\t\t\t<div class=\"elementor-widget-container\">\n\t\t\t<style>\/*! elementor - v3.5.5 - 03-02-2022 *\/\n.elementor-widget-image{text-align:center}.elementor-widget-image a{display:inline-block}.elementor-widget-image a img[src$=\".svg\"]{width:48px}.elementor-widget-image img{vertical-align:middle;display:inline-block}<\/style>\t\t\t\t\t\t\t\t\t<figure class=\"wp-caption\">\n\t\t\t\t\t\t\t\t\t\t<img width=\"750\" height=\"500\" src=\"http:\/\/en.resocie.org\/wp-content\/uploads\/2019\/04\/resocie-ementas-movimentos2-1024x683.jpeg\" class=\"attachment-large size-large\" alt=\"\" loading=\"lazy\" srcset=\"http:\/\/en.resocie.org\/wp-content\/uploads\/2019\/04\/resocie-ementas-movimentos2-1024x683.jpeg 1024w, http:\/\/en.resocie.org\/wp-content\/uploads\/2019\/04\/resocie-ementas-movimentos2-300x200.jpeg 300w, http:\/\/en.resocie.org\/wp-content\/uploads\/2019\/04\/resocie-ementas-movimentos2-768x512.jpeg 768w, http:\/\/en.resocie.org\/wp-content\/uploads\/2019\/04\/resocie-ementas-movimentos2.jpeg 1350w\" sizes=\"(max-width: 750px) 100vw, 750px\" \/>\t\t\t\t\t\t\t\t\t\t\t<figcaption class=\"widget-image-caption wp-caption-text\">Imagem: James Motter via Unsplash.com<\/figcaption>\n\t\t\t\t\t\t\t\t\t\t<\/figure>\n\t\t\t\t\t\t\t\t\t<\/div>\n\t\t\t\t<\/div>\n\t\t\t\t\t<\/div>\n\t\t<\/div>\n\t\t\t\t\t\t\t<\/div>\n\t\t<\/section>\n\t\t\t\t<section class=\"elementor-section elementor-inner-section elementor-element elementor-element-649145af elementor-section-boxed elementor-section-height-default elementor-section-height-default\" data-id=\"649145af\" data-element_type=\"section\">\n\t\t\t\t\t\t<div class=\"elementor-container elementor-column-gap-default\">\n\t\t\t\t\t<div class=\"elementor-column elementor-col-50 elementor-inner-column elementor-element elementor-element-38a2738a\" data-id=\"38a2738a\" data-element_type=\"column\">\n\t\t\t<div class=\"elementor-widget-wrap elementor-element-populated\">\n\t\t\t\t\t\t\t\t<div class=\"elementor-element elementor-element-11f78fdb elementor-widget elementor-widget-heading\" data-id=\"11f78fdb\" data-element_type=\"widget\" data-widget_type=\"heading.default\">\n\t\t\t\t<div class=\"elementor-widget-container\">\n\t\t\t<h4 class=\"elementor-heading-title elementor-size-default\">Participation, Representation and Democracy<\/h4>\t\t<\/div>\n\t\t\t\t<\/div>\n\t\t\t\t<div class=\"elementor-element elementor-element-52ad0d5a elementor-widget elementor-widget-text-editor\" data-id=\"52ad0d5a\" data-element_type=\"widget\" data-widget_type=\"text-editor.default\">\n\t\t\t\t<div class=\"elementor-widget-container\">\n\t\t\t\t\t\t\t<p>The objective of the course is to reflect, from a theoretical and empirical\/analytical point of view, about the duality between collective political participation, as a practice of social movements and civil organizations, and political representation, as a dynamic of elected actors exercised in the institutions of the political system. The main thread of the program is the questioning of the clear demarcation of the boundaries between state and society, participation and representation, based on some dualisms present in the literature on participation, social movements and political parties and, to a lesser extent, in the theories of democracy and representation.<\/p>\n<p><strong>Profa. Debora Rezende de Almeida<\/strong><\/p>\n<p>\u00a0<\/p>\t\t\t\t\t\t<\/div>\n\t\t\t\t<\/div>\n\t\t\t\t<div class=\"elementor-element elementor-element-1368f010 elementor-widget elementor-widget-button\" data-id=\"1368f010\" data-element_type=\"widget\" data-widget_type=\"button.default\">\n\t\t\t\t<div class=\"elementor-widget-container\">\n\t\t\t\t\t<div class=\"elementor-button-wrapper\">\n\t\t\t<a href=\"http:\/\/resocie.org\/wp-content\/uploads\/2021\/12\/Programa-participacao-representacao-democracia-2-2021.pdf\" class=\"elementor-button-link elementor-button elementor-size-xs\" role=\"button\">\n\t\t\t\t\t\t<span class=\"elementor-button-content-wrapper\">\n\t\t\t\t\t\t<span class=\"elementor-button-text\">Participation, Representation and Democracy \u2013 Graduate (2021\/2)<\/span>\n\t\t<\/span>\n\t\t\t\t\t<\/a>\n\t\t<\/div>\n\t\t\t\t<\/div>\n\t\t\t\t<\/div>\n\t\t\t\t\t<\/div>\n\t\t<\/div>\n\t\t\t\t<div class=\"elementor-column elementor-col-50 elementor-inner-column elementor-element elementor-element-c74ab3c\" data-id=\"c74ab3c\" data-element_type=\"column\">\n\t\t\t<div class=\"elementor-widget-wrap elementor-element-populated\">\n\t\t\t\t\t\t\t\t<div class=\"elementor-element elementor-element-3de56f73 elementor-widget elementor-widget-image\" data-id=\"3de56f73\" data-element_type=\"widget\" data-widget_type=\"image.default\">\n\t\t\t\t<div class=\"elementor-widget-container\">\n\t\t\t\t\t\t\t\t\t\t\t\t<figure class=\"wp-caption\">\n\t\t\t\t\t\t\t\t\t\t<img width=\"720\" height=\"480\" src=\"http:\/\/en.resocie.org\/wp-content\/uploads\/2021\/12\/486A8662-720x480-1.jpg\" class=\"attachment-large size-large\" alt=\"\" loading=\"lazy\" srcset=\"http:\/\/en.resocie.org\/wp-content\/uploads\/2021\/12\/486A8662-720x480-1.jpg 720w, http:\/\/en.resocie.org\/wp-content\/uploads\/2021\/12\/486A8662-720x480-1-300x200.jpg 300w\" sizes=\"(max-width: 720px) 100vw, 720px\" \/>\t\t\t\t\t\t\t\t\t\t\t<figcaption class=\"widget-image-caption wp-caption-text\">Imagem: Equipe \u00c1urea Carolina<\/figcaption>\n\t\t\t\t\t\t\t\t\t\t<\/figure>\n\t\t\t\t\t\t\t\t\t<\/div>\n\t\t\t\t<\/div>\n\t\t\t\t\t<\/div>\n\t\t<\/div>\n\t\t\t\t\t\t\t<\/div>\n\t\t<\/section>\n\t\t\t\t<section class=\"elementor-section elementor-inner-section elementor-element elementor-element-7f4aabec elementor-section-boxed elementor-section-height-default elementor-section-height-default\" data-id=\"7f4aabec\" data-element_type=\"section\">\n\t\t\t\t\t\t<div class=\"elementor-container elementor-column-gap-default\">\n\t\t\t\t\t<div class=\"elementor-column elementor-col-50 elementor-inner-column elementor-element elementor-element-65716841\" data-id=\"65716841\" data-element_type=\"column\">\n\t\t\t<div class=\"elementor-widget-wrap elementor-element-populated\">\n\t\t\t\t\t\t\t\t<div class=\"elementor-element elementor-element-344c7b12 elementor-widget elementor-widget-heading\" data-id=\"344c7b12\" data-element_type=\"widget\" data-widget_type=\"heading.default\">\n\t\t\t\t<div class=\"elementor-widget-container\">\n\t\t\t<h4 class=\"elementor-heading-title elementor-size-default\">Research Techniques in Political Science<\/h4>\t\t<\/div>\n\t\t\t\t<\/div>\n\t\t\t\t<div class=\"elementor-element elementor-element-30e82620 elementor-widget elementor-widget-text-editor\" data-id=\"30e82620\" data-element_type=\"widget\" data-widget_type=\"text-editor.default\">\n\t\t\t\t<div class=\"elementor-widget-container\">\n\t\t\t\t\t\t\t<p>This course introduces students to the distinctive research techniques used in political science. The objective is to enable them to use research techniques to analyze empirical problems. It is intended, mainly, that the students can position themselves critically as to the possibilities and limits of data collection and the production of scientific knowledge.<\/p>\n<p><strong>Profa. Marisa von B\u00fclow<\/strong><\/p>\t\t\t\t\t\t<\/div>\n\t\t\t\t<\/div>\n\t\t\t\t<div class=\"elementor-element elementor-element-6acb3d elementor-widget elementor-widget-button\" data-id=\"6acb3d\" data-element_type=\"widget\" data-widget_type=\"button.default\">\n\t\t\t\t<div class=\"elementor-widget-container\">\n\t\t\t\t\t<div class=\"elementor-button-wrapper\">\n\t\t\t<a href=\"http:\/\/resocie.org\/wp-content\/uploads\/2022\/01\/programa-curso-tecnicas-pesquisa-Prof.-Marisa-von-Bulow-2-2021.pdf\" class=\"elementor-button-link elementor-button elementor-size-xs\" role=\"button\">\n\t\t\t\t\t\t<span class=\"elementor-button-content-wrapper\">\n\t\t\t\t\t\t<span class=\"elementor-button-text\">Research Techniques in Political Science - Undergraduate (2021\/2)<\/span>\n\t\t<\/span>\n\t\t\t\t\t<\/a>\n\t\t<\/div>\n\t\t\t\t<\/div>\n\t\t\t\t<\/div>\n\t\t\t\t\t<\/div>\n\t\t<\/div>\n\t\t\t\t<div class=\"elementor-column elementor-col-50 elementor-inner-column elementor-element elementor-element-bd1fb4d\" data-id=\"bd1fb4d\" data-element_type=\"column\">\n\t\t\t<div class=\"elementor-widget-wrap elementor-element-populated\">\n\t\t\t\t\t\t\t\t<div class=\"elementor-element elementor-element-6de0d6e9 elementor-widget elementor-widget-image\" data-id=\"6de0d6e9\" data-element_type=\"widget\" data-widget_type=\"image.default\">\n\t\t\t\t<div class=\"elementor-widget-container\">\n\t\t\t\t\t\t\t\t\t\t\t\t<figure class=\"wp-caption\">\n\t\t\t\t\t\t\t\t\t\t<img width=\"750\" height=\"500\" src=\"http:\/\/en.resocie.org\/wp-content\/uploads\/2019\/04\/resocie-ementas-metodologia-1-1024x683.jpeg\" class=\"attachment-large size-large\" alt=\"\" loading=\"lazy\" srcset=\"http:\/\/en.resocie.org\/wp-content\/uploads\/2019\/04\/resocie-ementas-metodologia-1-1024x683.jpeg 1024w, http:\/\/en.resocie.org\/wp-content\/uploads\/2019\/04\/resocie-ementas-metodologia-1-300x200.jpeg 300w, http:\/\/en.resocie.org\/wp-content\/uploads\/2019\/04\/resocie-ementas-metodologia-1-768x513.jpeg 768w, http:\/\/en.resocie.org\/wp-content\/uploads\/2019\/04\/resocie-ementas-metodologia-1.jpeg 1350w\" sizes=\"(max-width: 750px) 100vw, 750px\" \/>\t\t\t\t\t\t\t\t\t\t\t<figcaption class=\"widget-image-caption wp-caption-text\">Imagem: Ilya Pavlov via unsplash.com<\/figcaption>\n\t\t\t\t\t\t\t\t\t\t<\/figure>\n\t\t\t\t\t\t\t\t\t<\/div>\n\t\t\t\t<\/div>\n\t\t\t\t\t<\/div>\n\t\t<\/div>\n\t\t\t\t\t\t\t<\/div>\n\t\t<\/section>\n\t\t\t\t<section class=\"elementor-section elementor-inner-section elementor-element elementor-element-1e7dd3a3 elementor-section-boxed elementor-section-height-default elementor-section-height-default\" data-id=\"1e7dd3a3\" data-element_type=\"section\">\n\t\t\t\t\t\t<div class=\"elementor-container elementor-column-gap-default\">\n\t\t\t\t\t<div class=\"elementor-column elementor-col-50 elementor-inner-column elementor-element elementor-element-4f0eeb60\" data-id=\"4f0eeb60\" data-element_type=\"column\">\n\t\t\t<div class=\"elementor-widget-wrap elementor-element-populated\">\n\t\t\t\t\t\t\t\t<div class=\"elementor-element elementor-element-78b44df3 elementor-widget elementor-widget-heading\" data-id=\"78b44df3\" data-element_type=\"widget\" data-widget_type=\"heading.default\">\n\t\t\t\t<div class=\"elementor-widget-container\">\n\t\t\t<h4 class=\"elementor-heading-title elementor-size-default\">Brazilian Politics 1<\/h4>\t\t<\/div>\n\t\t\t\t<\/div>\n\t\t\t\t<div class=\"elementor-element elementor-element-62dd1523 elementor-widget elementor-widget-text-editor\" data-id=\"62dd1523\" data-element_type=\"widget\" data-widget_type=\"text-editor.default\">\n\t\t\t\t<div class=\"elementor-widget-container\">\n\t\t\t\t\t\t\t<p>The objective of this undergraduate course is to discuss the principles of Brazilian political organization, from the critical analysis of the events and institutions that developed from the beginning of Brazil&#8217;s political and social organization to the Estado Novo period. The course also seeks to reflect on the relevant themes of the period in the light of contemporary readings, in order to think about their influences and survivals in Brazilian politics<\/p>\n<p><strong>Profa. Debora Rezende de Almeida<\/strong><\/p>\t\t\t\t\t\t<\/div>\n\t\t\t\t<\/div>\n\t\t\t\t<div class=\"elementor-element elementor-element-359285e6 elementor-widget elementor-widget-button\" data-id=\"359285e6\" data-element_type=\"widget\" data-widget_type=\"button.default\">\n\t\t\t\t<div class=\"elementor-widget-container\">\n\t\t\t\t\t<div class=\"elementor-button-wrapper\">\n\t\t\t<a href=\"http:\/\/resocie.org\/wp-content\/uploads\/2022\/01\/PB1Ensin-Remoto-2-2021.pdf\" class=\"elementor-button-link elementor-button elementor-size-xs\" role=\"button\">\n\t\t\t\t\t\t<span class=\"elementor-button-content-wrapper\">\n\t\t\t\t\t\t<span class=\"elementor-button-text\">Brazilian Politics 1 - Undergraduate (2021\/2)<\/span>\n\t\t<\/span>\n\t\t\t\t\t<\/a>\n\t\t<\/div>\n\t\t\t\t<\/div>\n\t\t\t\t<\/div>\n\t\t\t\t\t<\/div>\n\t\t<\/div>\n\t\t\t\t<div class=\"elementor-column elementor-col-50 elementor-inner-column elementor-element elementor-element-e67364e\" data-id=\"e67364e\" data-element_type=\"column\">\n\t\t\t<div class=\"elementor-widget-wrap elementor-element-populated\">\n\t\t\t\t\t\t\t\t<div class=\"elementor-element elementor-element-6eb22e37 elementor-widget elementor-widget-image\" data-id=\"6eb22e37\" data-element_type=\"widget\" data-widget_type=\"image.default\">\n\t\t\t\t<div class=\"elementor-widget-container\">\n\t\t\t\t\t\t\t\t\t\t\t\t<figure class=\"wp-caption\">\n\t\t\t\t\t\t\t\t\t\t<img width=\"750\" height=\"486\" src=\"http:\/\/en.resocie.org\/wp-content\/uploads\/2020\/04\/polc3adticabrasileira1-1024x664.jpg\" class=\"attachment-large size-large\" alt=\"\" loading=\"lazy\" srcset=\"http:\/\/en.resocie.org\/wp-content\/uploads\/2020\/04\/polc3adticabrasileira1-1024x664.jpg 1024w, http:\/\/en.resocie.org\/wp-content\/uploads\/2020\/04\/polc3adticabrasileira1-300x195.jpg 300w, http:\/\/en.resocie.org\/wp-content\/uploads\/2020\/04\/polc3adticabrasileira1-768x498.jpg 768w, http:\/\/en.resocie.org\/wp-content\/uploads\/2020\/04\/polc3adticabrasileira1.jpg 1220w\" sizes=\"(max-width: 750px) 100vw, 750px\" \/>\t\t\t\t\t\t\t\t\t\t\t<figcaption class=\"widget-image-caption wp-caption-text\">Image: December 31, 1929 from Creative Commons<\/figcaption>\n\t\t\t\t\t\t\t\t\t\t<\/figure>\n\t\t\t\t\t\t\t\t\t<\/div>\n\t\t\t\t<\/div>\n\t\t\t\t\t<\/div>\n\t\t<\/div>\n\t\t\t\t\t\t\t<\/div>\n\t\t<\/section>\n\t\t\t\t<section class=\"elementor-section elementor-inner-section elementor-element elementor-element-1addd7c2 elementor-section-boxed elementor-section-height-default elementor-section-height-default\" data-id=\"1addd7c2\" data-element_type=\"section\">\n\t\t\t\t\t\t<div class=\"elementor-container elementor-column-gap-default\">\n\t\t\t\t\t<div class=\"elementor-column elementor-col-50 elementor-inner-column elementor-element elementor-element-37a9b97b\" data-id=\"37a9b97b\" data-element_type=\"column\">\n\t\t\t<div class=\"elementor-widget-wrap elementor-element-populated\">\n\t\t\t\t\t\t\t\t<div class=\"elementor-element elementor-element-2996832b elementor-widget elementor-widget-heading\" data-id=\"2996832b\" data-element_type=\"widget\" data-widget_type=\"heading.default\">\n\t\t\t\t<div class=\"elementor-widget-container\">\n\t\t\t<h4 class=\"elementor-heading-title elementor-size-default\">Internet and Politics<\/h4>\t\t<\/div>\n\t\t\t\t<\/div>\n\t\t\t\t<div class=\"elementor-element elementor-element-15eff324 elementor-widget elementor-widget-text-editor\" data-id=\"15eff324\" data-element_type=\"widget\" data-widget_type=\"text-editor.default\">\n\t\t\t\t<div class=\"elementor-widget-container\">\n\t\t\t\t\t\t\t<p>This course is taught at the undergraduate and graduate levels. It provides students with knowledge about the relationships between digital technologies and politics. It discusses emerging forms of political activism and the interrelations between online and offline political action.<\/p>\n<p><strong>Profa. Marisa von B\u00fclow<\/strong><\/p>\t\t\t\t\t\t<\/div>\n\t\t\t\t<\/div>\n\t\t\t\t<div class=\"elementor-element elementor-element-56eac1c4 elementor-widget elementor-widget-button\" data-id=\"56eac1c4\" data-element_type=\"widget\" data-widget_type=\"button.default\">\n\t\t\t\t<div class=\"elementor-widget-container\">\n\t\t\t\t\t<div class=\"elementor-button-wrapper\">\n\t\t\t<a href=\"http:\/\/resocie.org\/wp-content\/uploads\/2022\/01\/Programa-Internet-e-Politica-graduacao-2-de-2021.pdf\" target=\"_blank\" class=\"elementor-button-link elementor-button elementor-size-xs\" role=\"button\">\n\t\t\t\t\t\t<span class=\"elementor-button-content-wrapper\">\n\t\t\t\t\t\t<span class=\"elementor-button-text\">Internet e Pol\u00edtica - Gradua\u00e7\u00e3o (2021\/2)<\/span>\n\t\t<\/span>\n\t\t\t\t\t<\/a>\n\t\t<\/div>\n\t\t\t\t<\/div>\n\t\t\t\t<\/div>\n\t\t\t\t\t<\/div>\n\t\t<\/div>\n\t\t\t\t<div class=\"elementor-column elementor-col-50 elementor-inner-column elementor-element elementor-element-26110582\" data-id=\"26110582\" data-element_type=\"column\">\n\t\t\t<div class=\"elementor-widget-wrap elementor-element-populated\">\n\t\t\t\t\t\t\t\t<div class=\"elementor-element elementor-element-2b0009e0 elementor-widget elementor-widget-image\" data-id=\"2b0009e0\" data-element_type=\"widget\" data-widget_type=\"image.default\">\n\t\t\t\t<div class=\"elementor-widget-container\">\n\t\t\t\t\t\t\t\t\t\t\t\t<figure class=\"wp-caption\">\n\t\t\t\t\t\t\t\t\t\t<img width=\"750\" height=\"501\" src=\"http:\/\/en.resocie.org\/wp-content\/uploads\/2019\/04\/resocie-ementas-internet-alice-donovan.jpeg\" class=\"attachment-large size-large\" alt=\"\" loading=\"lazy\" srcset=\"http:\/\/en.resocie.org\/wp-content\/uploads\/2019\/04\/resocie-ementas-internet-alice-donovan.jpeg 872w, http:\/\/en.resocie.org\/wp-content\/uploads\/2019\/04\/resocie-ementas-internet-alice-donovan-300x200.jpeg 300w, http:\/\/en.resocie.org\/wp-content\/uploads\/2019\/04\/resocie-ementas-internet-alice-donovan-768x513.jpeg 768w\" sizes=\"(max-width: 750px) 100vw, 750px\" \/>\t\t\t\t\t\t\t\t\t\t\t<figcaption class=\"widget-image-caption wp-caption-text\">Image: Alice Donovan from Unsplash<\/figcaption>\n\t\t\t\t\t\t\t\t\t\t<\/figure>\n\t\t\t\t\t\t\t\t\t<\/div>\n\t\t\t\t<\/div>\n\t\t\t\t\t<\/div>\n\t\t<\/div>\n\t\t\t\t\t\t\t<\/div>\n\t\t<\/section>\n\t\t\t\t\t<\/div>\n\t\t<\/div>\n\t\t\t\t\t\t\t<\/div>\n\t\t<\/section>\n\t\t\t\t<section class=\"elementor-section elementor-top-section elementor-element elementor-element-781bfcfa elementor-section-boxed elementor-section-height-default elementor-section-height-default\" data-id=\"781bfcfa\" data-element_type=\"section\" data-settings=\"{&quot;background_background&quot;:&quot;classic&quot;}\">\n\t\t\t\t\t\t<div class=\"elementor-container elementor-column-gap-default\">\n\t\t\t\t\t<div class=\"elementor-column elementor-col-100 elementor-top-column elementor-element elementor-element-2376b69f\" data-id=\"2376b69f\" data-element_type=\"column\">\n\t\t\t<div class=\"elementor-widget-wrap elementor-element-populated\">\n\t\t\t\t\t\t\t\t<div class=\"elementor-element elementor-element-1358bd09 elementor-widget elementor-widget-heading\" data-id=\"1358bd09\" data-element_type=\"widget\" data-widget_type=\"heading.default\">\n\t\t\t\t<div class=\"elementor-widget-container\">\n\t\t\t<h3 class=\"elementor-heading-title elementor-size-default\">Disciplinas primeiro semestre de 2021<\/h3>\t\t<\/div>\n\t\t\t\t<\/div>\n\t\t\t\t<section class=\"elementor-section elementor-inner-section elementor-element elementor-element-405d295a elementor-section-boxed elementor-section-height-default elementor-section-height-default\" data-id=\"405d295a\" data-element_type=\"section\">\n\t\t\t\t\t\t<div class=\"elementor-container elementor-column-gap-default\">\n\t\t\t\t\t<div class=\"elementor-column elementor-col-50 elementor-inner-column elementor-element elementor-element-231ae249\" data-id=\"231ae249\" data-element_type=\"column\">\n\t\t\t<div class=\"elementor-widget-wrap elementor-element-populated\">\n\t\t\t\t\t\t\t\t<div class=\"elementor-element elementor-element-529d57ad elementor-widget elementor-widget-heading\" data-id=\"529d57ad\" data-element_type=\"widget\" data-widget_type=\"heading.default\">\n\t\t\t\t<div class=\"elementor-widget-container\">\n\t\t\t<h4 class=\"elementor-heading-title elementor-size-default\">Political Representation<\/h4>\t\t<\/div>\n\t\t\t\t<\/div>\n\t\t\t\t<div class=\"elementor-element elementor-element-4a287990 elementor-widget elementor-widget-text-editor\" data-id=\"4a287990\" data-element_type=\"widget\" data-widget_type=\"text-editor.default\">\n\t\t\t\t<div class=\"elementor-widget-container\">\n\t\t\t\t\t\t\t<p>The contemporary debate of the last two decades has reactivated the concept of political representation as an object of theoretical construction, from two directions: within theories linked to the functioning of representative government and beyond, focusing on the plurality of actors and groups that represent, even if unauthorized. The aim of the discipline is to review these developments, from attention to the consolidation of modern meanings of representing, to advances in the understanding of representative government, and to recent critiques of the liberal model by both theorists of representative government and those who point to the pluralization of representation.<\/p>\n<p><strong>Profa. Debora Rezende de Almeida<\/strong><\/p>\n<p>\u00a0<\/p>\t\t\t\t\t\t<\/div>\n\t\t\t\t<\/div>\n\t\t\t\t<div class=\"elementor-element elementor-element-593c8159 elementor-widget elementor-widget-button\" data-id=\"593c8159\" data-element_type=\"widget\" data-widget_type=\"button.default\">\n\t\t\t\t<div class=\"elementor-widget-container\">\n\t\t\t\t\t<div class=\"elementor-button-wrapper\">\n\t\t\t<a href=\"http:\/\/resocie.org\/wp-content\/uploads\/2022\/02\/Programa_Representacao_2021-1.pdf\" class=\"elementor-button-link elementor-button elementor-size-xs\" role=\"button\">\n\t\t\t\t\t\t<span class=\"elementor-button-content-wrapper\">\n\t\t\t\t\t\t<span class=\"elementor-button-text\">Political Representation - Undergratuate (2021\/1)<\/span>\n\t\t<\/span>\n\t\t\t\t\t<\/a>\n\t\t<\/div>\n\t\t\t\t<\/div>\n\t\t\t\t<\/div>\n\t\t\t\t\t<\/div>\n\t\t<\/div>\n\t\t\t\t<div class=\"elementor-column elementor-col-50 elementor-inner-column elementor-element elementor-element-4d2a0e5d\" data-id=\"4d2a0e5d\" data-element_type=\"column\">\n\t\t\t<div class=\"elementor-widget-wrap elementor-element-populated\">\n\t\t\t\t\t\t\t\t<div class=\"elementor-element elementor-element-46ced60 elementor-widget elementor-widget-image\" data-id=\"46ced60\" data-element_type=\"widget\" data-widget_type=\"image.default\">\n\t\t\t\t<div class=\"elementor-widget-container\">\n\t\t\t\t\t\t\t\t\t\t\t\t<figure class=\"wp-caption\">\n\t\t\t\t\t\t\t\t\t\t<img width=\"750\" height=\"500\" src=\"http:\/\/en.resocie.org\/wp-content\/uploads\/2019\/04\/2017.05.24-ocupabrasilia-brasilia-ocupada-preto-e-branco-1024x683.jpeg\" class=\"attachment-large size-large\" alt=\"\" loading=\"lazy\" srcset=\"http:\/\/en.resocie.org\/wp-content\/uploads\/2019\/04\/2017.05.24-ocupabrasilia-brasilia-ocupada-preto-e-branco-1024x683.jpeg 1024w, http:\/\/en.resocie.org\/wp-content\/uploads\/2019\/04\/2017.05.24-ocupabrasilia-brasilia-ocupada-preto-e-branco-300x200.jpeg 300w, http:\/\/en.resocie.org\/wp-content\/uploads\/2019\/04\/2017.05.24-ocupabrasilia-brasilia-ocupada-preto-e-branco-768x512.jpeg 768w, http:\/\/en.resocie.org\/wp-content\/uploads\/2019\/04\/2017.05.24-ocupabrasilia-brasilia-ocupada-preto-e-branco.jpeg 1200w\" sizes=\"(max-width: 750px) 100vw, 750px\" \/>\t\t\t\t\t\t\t\t\t\t\t<figcaption class=\"widget-image-caption wp-caption-text\">Imagem: Vermelho - A esquerda bem informada<\/figcaption>\n\t\t\t\t\t\t\t\t\t\t<\/figure>\n\t\t\t\t\t\t\t\t\t<\/div>\n\t\t\t\t<\/div>\n\t\t\t\t\t<\/div>\n\t\t<\/div>\n\t\t\t\t\t\t\t<\/div>\n\t\t<\/section>\n\t\t\t\t<div class=\"elementor-element elementor-element-1ae25091 elementor-widget elementor-widget-text-editor\" data-id=\"1ae25091\" data-element_type=\"widget\" data-widget_type=\"text-editor.default\">\n\t\t\t\t<div class=\"elementor-widget-container\">\n\t\t\t\t\t\t\t<p>Other subjects were taught and, because they remained on the schedule in subsequent semesters, they are presented above with their updated syllabuses.<\/p>\t\t\t\t\t\t<\/div>\n\t\t\t\t<\/div>\n\t\t\t\t\t<\/div>\n\t\t<\/div>\n\t\t\t\t\t\t\t<\/div>\n\t\t<\/section>\n\t\t\t\t<section class=\"elementor-section elementor-top-section elementor-element elementor-element-2c02ab75 elementor-section-boxed elementor-section-height-default elementor-section-height-default\" data-id=\"2c02ab75\" data-element_type=\"section\" data-settings=\"{&quot;background_background&quot;:&quot;classic&quot;}\">\n\t\t\t\t\t\t<div class=\"elementor-container elementor-column-gap-default\">\n\t\t\t\t\t<div class=\"elementor-column elementor-col-100 elementor-top-column elementor-element elementor-element-29a48fd3\" data-id=\"29a48fd3\" data-element_type=\"column\">\n\t\t\t<div class=\"elementor-widget-wrap elementor-element-populated\">\n\t\t\t\t\t\t\t\t<div class=\"elementor-element elementor-element-519b8eb8 elementor-widget elementor-widget-heading\" data-id=\"519b8eb8\" data-element_type=\"widget\" data-widget_type=\"heading.default\">\n\t\t\t\t<div class=\"elementor-widget-container\">\n\t\t\t<h3 class=\"elementor-heading-title elementor-size-default\">Disciplinas segundo semestre de 2020<\/h3>\t\t<\/div>\n\t\t\t\t<\/div>\n\t\t\t\t<section class=\"elementor-section elementor-inner-section elementor-element elementor-element-fb70f0 elementor-section-boxed elementor-section-height-default elementor-section-height-default\" data-id=\"fb70f0\" data-element_type=\"section\">\n\t\t\t\t\t\t<div class=\"elementor-container elementor-column-gap-default\">\n\t\t\t\t\t<div class=\"elementor-column elementor-col-50 elementor-inner-column elementor-element elementor-element-384e7e8c\" data-id=\"384e7e8c\" data-element_type=\"column\">\n\t\t\t<div class=\"elementor-widget-wrap elementor-element-populated\">\n\t\t\t\t\t\t\t\t<div class=\"elementor-element elementor-element-55a4a7f1 elementor-widget elementor-widget-heading\" data-id=\"55a4a7f1\" data-element_type=\"widget\" data-widget_type=\"heading.default\">\n\t\t\t\t<div class=\"elementor-widget-container\">\n\t\t\t<h4 class=\"elementor-heading-title elementor-size-default\">Contemporary Political Theory<\/h4>\t\t<\/div>\n\t\t\t\t<\/div>\n\t\t\t\t<div class=\"elementor-element elementor-element-fe31eb5 elementor-widget elementor-widget-text-editor\" data-id=\"fe31eb5\" data-element_type=\"widget\" data-widget_type=\"text-editor.default\">\n\t\t\t\t<div class=\"elementor-widget-container\">\n\t\t\t\t\t\t\t<p>S\u00e3o apresentadas algumas das principais discuss\u00f5es te\u00f3ricas dos \u00faltimos cem anos, tanto no campo da ci\u00eancia pol\u00edtica, quanto na sociologia e filosofia pol\u00edticas. Reconhecendo a pluralidade de vis\u00f5es te\u00f3ricas contempor\u00e2neas, a disciplina busca apresentar uma diversidade de perspectivas sobre como opera e\/ou deveria operar o mundo da pol\u00edtica, privilegiando aquelas que influenciam debates atuais.<\/p>\n<p><strong>Profa. Rebecca Abers<\/strong><\/p>\n<p>\u00a0<\/p>\t\t\t\t\t\t<\/div>\n\t\t\t\t<\/div>\n\t\t\t\t<div class=\"elementor-element elementor-element-1bd5d4c1 elementor-widget elementor-widget-button\" data-id=\"1bd5d4c1\" data-element_type=\"widget\" data-widget_type=\"button.default\">\n\t\t\t\t<div class=\"elementor-widget-container\">\n\t\t\t\t\t<div class=\"elementor-button-wrapper\">\n\t\t\t<a href=\"http:\/\/www.ipol.unb.br\/images\/Graduacao\/ementas_e_programas\/2020_2\/TPC_2-2020_Rebecca.pdf\" target=\"_blank\" class=\"elementor-button-link elementor-button elementor-size-xs\" role=\"button\">\n\t\t\t\t\t\t<span class=\"elementor-button-content-wrapper\">\n\t\t\t\t\t\t<span class=\"elementor-button-text\">Contemporary Political Theory - Undergraduate (2020\/2)<\/span>\n\t\t<\/span>\n\t\t\t\t\t<\/a>\n\t\t<\/div>\n\t\t\t\t<\/div>\n\t\t\t\t<\/div>\n\t\t\t\t\t<\/div>\n\t\t<\/div>\n\t\t\t\t<div class=\"elementor-column elementor-col-50 elementor-inner-column elementor-element elementor-element-6d97bb9e\" data-id=\"6d97bb9e\" data-element_type=\"column\">\n\t\t\t<div class=\"elementor-widget-wrap elementor-element-populated\">\n\t\t\t\t\t\t\t\t<div class=\"elementor-element elementor-element-42c48064 elementor-widget elementor-widget-image\" data-id=\"42c48064\" data-element_type=\"widget\" data-widget_type=\"image.default\">\n\t\t\t\t<div class=\"elementor-widget-container\">\n\t\t\t\t\t\t\t\t\t\t\t\t<figure class=\"wp-caption\">\n\t\t\t\t\t\t\t\t\t\t<img width=\"2560\" height=\"1912\" src=\"http:\/\/en.resocie.org\/wp-content\/uploads\/2021\/06\/IPhone-200-scaled-1.jpg\" class=\"attachment-full size-full\" alt=\"\" loading=\"lazy\" srcset=\"http:\/\/en.resocie.org\/wp-content\/uploads\/2021\/06\/IPhone-200-scaled-1.jpg 2560w, http:\/\/en.resocie.org\/wp-content\/uploads\/2021\/06\/IPhone-200-scaled-1-300x224.jpg 300w, http:\/\/en.resocie.org\/wp-content\/uploads\/2021\/06\/IPhone-200-scaled-1-1024x765.jpg 1024w, http:\/\/en.resocie.org\/wp-content\/uploads\/2021\/06\/IPhone-200-scaled-1-768x574.jpg 768w, http:\/\/en.resocie.org\/wp-content\/uploads\/2021\/06\/IPhone-200-scaled-1-1536x1147.jpg 1536w, http:\/\/en.resocie.org\/wp-content\/uploads\/2021\/06\/IPhone-200-scaled-1-2048x1530.jpg 2048w\" sizes=\"(max-width: 2560px) 100vw, 2560px\" \/>\t\t\t\t\t\t\t\t\t\t\t<figcaption class=\"widget-image-caption wp-caption-text\">Imagem: Mariana Tavares - integrante Resocie<\/figcaption>\n\t\t\t\t\t\t\t\t\t\t<\/figure>\n\t\t\t\t\t\t\t\t\t<\/div>\n\t\t\t\t<\/div>\n\t\t\t\t\t<\/div>\n\t\t<\/div>\n\t\t\t\t\t\t\t<\/div>\n\t\t<\/section>\n\t\t\t\t<section class=\"elementor-section elementor-inner-section elementor-element elementor-element-3f3d3c elementor-section-boxed elementor-section-height-default elementor-section-height-default\" data-id=\"3f3d3c\" data-element_type=\"section\">\n\t\t\t\t\t\t<div class=\"elementor-container elementor-column-gap-default\">\n\t\t\t\t\t<div class=\"elementor-column elementor-col-50 elementor-inner-column elementor-element elementor-element-1f2f465c\" data-id=\"1f2f465c\" data-element_type=\"column\">\n\t\t\t<div class=\"elementor-widget-wrap elementor-element-populated\">\n\t\t\t\t\t\t\t\t<div class=\"elementor-element elementor-element-2101c48d elementor-widget elementor-widget-heading\" data-id=\"2101c48d\" data-element_type=\"widget\" data-widget_type=\"heading.default\">\n\t\t\t\t<div class=\"elementor-widget-container\">\n\t\t\t<h4 class=\"elementor-heading-title elementor-size-default\">Contemporary Brazilian Politics and Society<\/h4>\t\t<\/div>\n\t\t\t\t<\/div>\n\t\t\t\t<div class=\"elementor-element elementor-element-eb7475 elementor-widget elementor-widget-text-editor\" data-id=\"eb7475\" data-element_type=\"widget\" data-widget_type=\"text-editor.default\">\n\t\t\t\t<div class=\"elementor-widget-container\">\n\t\t\t\t\t\t\t<p class=\"has-text-align-justify\">This course presents a broad overview of the main questions on Brazilian politics and society since the transition to democracy in 1985. It focuses on the evolution of democratic political institutions and processes, state-society relations, and major social and demographic changes and their impact on the political system throughout the last three decades.<\/p>\n<p><strong>Profa. Rebecca Abers e Prof. Andr\u00e9 Borges<\/strong><\/p>\n<p>\u00a0<\/p>\t\t\t\t\t\t<\/div>\n\t\t\t\t<\/div>\n\t\t\t\t<div class=\"elementor-element elementor-element-67e1d06f elementor-widget elementor-widget-button\" data-id=\"67e1d06f\" data-element_type=\"widget\" data-widget_type=\"button.default\">\n\t\t\t\t<div class=\"elementor-widget-container\">\n\t\t\t\t\t<div class=\"elementor-button-wrapper\">\n\t\t\t<a href=\"http:\/\/www.ipol.unb.br\/images\/Pos-graduacao\/ementas_e_programas\/2020_2\/Brazilian_politics_society_syllabus2020.2.pdf\" target=\"_blank\" class=\"elementor-button-link elementor-button elementor-size-xs\" role=\"button\">\n\t\t\t\t\t\t<span class=\"elementor-button-content-wrapper\">\n\t\t\t\t\t\t<span class=\"elementor-button-text\">Contemporary Brazilian Politics and Society - P\u00f3s-gradua\u00e7\u00e3o (2020\/2)<\/span>\n\t\t<\/span>\n\t\t\t\t\t<\/a>\n\t\t<\/div>\n\t\t\t\t<\/div>\n\t\t\t\t<\/div>\n\t\t\t\t\t<\/div>\n\t\t<\/div>\n\t\t\t\t<div class=\"elementor-column elementor-col-50 elementor-inner-column elementor-element elementor-element-698ebcbe\" data-id=\"698ebcbe\" data-element_type=\"column\">\n\t\t\t<div class=\"elementor-widget-wrap elementor-element-populated\">\n\t\t\t\t\t\t\t\t<div class=\"elementor-element elementor-element-698a98a4 elementor-widget elementor-widget-image\" data-id=\"698a98a4\" data-element_type=\"widget\" data-widget_type=\"image.default\">\n\t\t\t\t<div class=\"elementor-widget-container\">\n\t\t\t\t\t\t\t\t\t\t\t\t<figure class=\"wp-caption\">\n\t\t\t\t\t\t\t\t\t\t<img width=\"750\" height=\"300\" src=\"http:\/\/en.resocie.org\/wp-content\/uploads\/2020\/04\/paraisopolis-1-1024x410.jpeg\" class=\"attachment-large size-large\" alt=\"\" loading=\"lazy\" srcset=\"http:\/\/en.resocie.org\/wp-content\/uploads\/2020\/04\/paraisopolis-1-1024x410.jpeg 1024w, http:\/\/en.resocie.org\/wp-content\/uploads\/2020\/04\/paraisopolis-1-300x120.jpeg 300w, http:\/\/en.resocie.org\/wp-content\/uploads\/2020\/04\/paraisopolis-1-768x307.jpeg 768w, http:\/\/en.resocie.org\/wp-content\/uploads\/2020\/04\/paraisopolis-1-1536x614.jpeg 1536w, http:\/\/en.resocie.org\/wp-content\/uploads\/2020\/04\/paraisopolis-1-2048x819.jpeg 2048w\" sizes=\"(max-width: 750px) 100vw, 750px\" \/>\t\t\t\t\t\t\t\t\t\t\t<figcaption class=\"widget-image-caption wp-caption-text\">Imagem: BBC Brasil<\/figcaption>\n\t\t\t\t\t\t\t\t\t\t<\/figure>\n\t\t\t\t\t\t\t\t\t<\/div>\n\t\t\t\t<\/div>\n\t\t\t\t\t<\/div>\n\t\t<\/div>\n\t\t\t\t\t\t\t<\/div>\n\t\t<\/section>\n\t\t\t\t<section class=\"elementor-section elementor-inner-section elementor-element elementor-element-21076ee6 elementor-section-boxed elementor-section-height-default elementor-section-height-default\" data-id=\"21076ee6\" data-element_type=\"section\">\n\t\t\t\t\t\t<div class=\"elementor-container elementor-column-gap-default\">\n\t\t\t\t\t<div class=\"elementor-column elementor-col-50 elementor-inner-column elementor-element elementor-element-5be4b031\" data-id=\"5be4b031\" data-element_type=\"column\">\n\t\t\t<div class=\"elementor-widget-wrap elementor-element-populated\">\n\t\t\t\t\t\t\t\t<div class=\"elementor-element elementor-element-66b9f2dc elementor-widget elementor-widget-heading\" data-id=\"66b9f2dc\" data-element_type=\"widget\" data-widget_type=\"heading.default\">\n\t\t\t\t<div class=\"elementor-widget-container\">\n\t\t\t<h4 class=\"elementor-heading-title elementor-size-default\">Methodology<\/h4>\t\t<\/div>\n\t\t\t\t<\/div>\n\t\t\t\t<div class=\"elementor-element elementor-element-c6dfb90 elementor-widget elementor-widget-text-editor\" data-id=\"c6dfb90\" data-element_type=\"widget\" data-widget_type=\"text-editor.default\">\n\t\t\t\t<div class=\"elementor-widget-container\">\n\t\t\t\t\t\t\t<p class=\"has-text-align-justify\"><!-- \/wp:paragraph --><!-- wp:paragraph {\"align\":\"justify\"} --><\/p>\n<p class=\"has-text-align-justify\">This graduate level course aims to present the methodological foundations for research carried out by contemporary political scientists. Students are presented with a panorama of approaches examining their possible uses, limits and possibilities. The course integrates is a required course for the Master&#8217;s and Doctoral Degrees in Political Science at the UnB.<\/p>\n<p><strong>Profa. Marisa von B\u00fclow e Prof. Frederico Bertholini<\/strong><\/p>\n<p>\u00a0<\/p>\t\t\t\t\t\t<\/div>\n\t\t\t\t<\/div>\n\t\t\t\t<div class=\"elementor-element elementor-element-348362f7 elementor-widget elementor-widget-button\" data-id=\"348362f7\" data-element_type=\"widget\" data-widget_type=\"button.default\">\n\t\t\t\t<div class=\"elementor-widget-container\">\n\t\t\t\t\t<div class=\"elementor-button-wrapper\">\n\t\t\t<a href=\"http:\/\/www.ipol.unb.br\/images\/Pos-graduacao\/ementas_e_programas\/2020_2\/Metodologia_de_Pesquisa_em_Ci%C3%AAncia_Pol%C3%ADtica.pdf\" class=\"elementor-button-link elementor-button elementor-size-xs\" role=\"button\">\n\t\t\t\t\t\t<span class=\"elementor-button-content-wrapper\">\n\t\t\t\t\t\t<span class=\"elementor-button-text\">Methodology - Graduate (2020\/2)<\/span>\n\t\t<\/span>\n\t\t\t\t\t<\/a>\n\t\t<\/div>\n\t\t\t\t<\/div>\n\t\t\t\t<\/div>\n\t\t\t\t\t<\/div>\n\t\t<\/div>\n\t\t\t\t<div class=\"elementor-column elementor-col-50 elementor-inner-column elementor-element elementor-element-7254ee91\" data-id=\"7254ee91\" data-element_type=\"column\">\n\t\t\t<div class=\"elementor-widget-wrap elementor-element-populated\">\n\t\t\t\t\t\t\t\t<div class=\"elementor-element elementor-element-320b57b6 elementor-widget elementor-widget-image\" data-id=\"320b57b6\" data-element_type=\"widget\" data-widget_type=\"image.default\">\n\t\t\t\t<div class=\"elementor-widget-container\">\n\t\t\t\t\t\t\t\t\t\t\t\t<figure class=\"wp-caption\">\n\t\t\t\t\t\t\t\t\t\t<img width=\"750\" height=\"500\" src=\"http:\/\/en.resocie.org\/wp-content\/uploads\/2019\/04\/resocie-ementas-metodologia-1-1024x683.jpeg\" class=\"attachment-large size-large\" alt=\"\" loading=\"lazy\" srcset=\"http:\/\/en.resocie.org\/wp-content\/uploads\/2019\/04\/resocie-ementas-metodologia-1-1024x683.jpeg 1024w, http:\/\/en.resocie.org\/wp-content\/uploads\/2019\/04\/resocie-ementas-metodologia-1-300x200.jpeg 300w, http:\/\/en.resocie.org\/wp-content\/uploads\/2019\/04\/resocie-ementas-metodologia-1-768x513.jpeg 768w, http:\/\/en.resocie.org\/wp-content\/uploads\/2019\/04\/resocie-ementas-metodologia-1.jpeg 1350w\" sizes=\"(max-width: 750px) 100vw, 750px\" \/>\t\t\t\t\t\t\t\t\t\t\t<figcaption class=\"widget-image-caption wp-caption-text\">Imagem: Ilya Pavlov via Unsplash<\/figcaption>\n\t\t\t\t\t\t\t\t\t\t<\/figure>\n\t\t\t\t\t\t\t\t\t<\/div>\n\t\t\t\t<\/div>\n\t\t\t\t\t<\/div>\n\t\t<\/div>\n\t\t\t\t\t\t\t<\/div>\n\t\t<\/section>\n\t\t\t\t<div class=\"elementor-element elementor-element-7375fbca elementor-widget elementor-widget-text-editor\" data-id=\"7375fbca\" data-element_type=\"widget\" data-widget_type=\"text-editor.default\">\n\t\t\t\t<div class=\"elementor-widget-container\">\n\t\t\t\t\t\t\t<p>Other subjects were taught and, because they remained on the schedule in subsequent semesters, they are presented above with their updated syllabuses.<\/p>\t\t\t\t\t\t<\/div>\n\t\t\t\t<\/div>\n\t\t\t\t\t<\/div>\n\t\t<\/div>\n\t\t\t\t\t\t\t<\/div>\n\t\t<\/section>\n\t\t\t\t<section class=\"elementor-section elementor-top-section elementor-element elementor-element-109ae247 elementor-section-boxed elementor-section-height-default elementor-section-height-default\" data-id=\"109ae247\" data-element_type=\"section\">\n\t\t\t\t\t\t<div class=\"elementor-container elementor-column-gap-default\">\n\t\t\t\t\t<div class=\"elementor-column elementor-col-100 elementor-top-column elementor-element elementor-element-9bee050\" data-id=\"9bee050\" data-element_type=\"column\">\n\t\t\t<div class=\"elementor-widget-wrap elementor-element-populated\">\n\t\t\t\t\t\t\t\t<div class=\"elementor-element elementor-element-246c5b57 elementor-widget elementor-widget-heading\" data-id=\"246c5b57\" data-element_type=\"widget\" data-widget_type=\"heading.default\">\n\t\t\t\t<div class=\"elementor-widget-container\">\n\t\t\t<h3 class=\"elementor-heading-title elementor-size-default\">Disciplinas primeiro semestre de 2020<\/h3>\t\t<\/div>\n\t\t\t\t<\/div>\n\t\t\t\t<section class=\"elementor-section elementor-inner-section elementor-element elementor-element-3022b364 elementor-section-boxed elementor-section-height-default elementor-section-height-default\" data-id=\"3022b364\" data-element_type=\"section\">\n\t\t\t\t\t\t<div class=\"elementor-container elementor-column-gap-default\">\n\t\t\t\t\t<div class=\"elementor-column elementor-col-50 elementor-inner-column elementor-element elementor-element-7f009643\" data-id=\"7f009643\" data-element_type=\"column\">\n\t\t\t<div class=\"elementor-widget-wrap elementor-element-populated\">\n\t\t\t\t\t\t\t\t<div class=\"elementor-element elementor-element-35bba8ce elementor-widget elementor-widget-heading\" data-id=\"35bba8ce\" data-element_type=\"widget\" data-widget_type=\"heading.default\">\n\t\t\t\t<div class=\"elementor-widget-container\">\n\t\t\t<h4 class=\"elementor-heading-title elementor-size-default\">Political Theory and Analysis - Democracy and Society<\/h4>\t\t<\/div>\n\t\t\t\t<\/div>\n\t\t\t\t<div class=\"elementor-element elementor-element-384d748e elementor-widget elementor-widget-text-editor\" data-id=\"384d748e\" data-element_type=\"widget\" data-widget_type=\"text-editor.default\">\n\t\t\t\t<div class=\"elementor-widget-container\">\n\t\t\t\t\t\t\t<p>This graduate level course discusses some of the central debates of contemporary political science. The topics addressed are the problems of political representation and the crisis of democracy, democratic theory and collective action, theories of the State and theories of justice. Within these themes, different theoretical perspectives are discussed, with special attention paid to liberal, pluralistic, Marxist and neo-Marxist, feminist and postcolonial perspectives. The course provides a comprehensive and critical overview of the central topics discussed in current political science.<\/p>\n<p><strong>Profas. Debora Rezende de Almeida e Danusa Marques<\/strong><\/p>\t\t\t\t\t\t<\/div>\n\t\t\t\t<\/div>\n\t\t\t\t<div class=\"elementor-element elementor-element-3167f0cc elementor-widget elementor-widget-button\" data-id=\"3167f0cc\" data-element_type=\"widget\" data-widget_type=\"button.default\">\n\t\t\t\t<div class=\"elementor-widget-container\">\n\t\t\t\t\t<div class=\"elementor-button-wrapper\">\n\t\t\t<a href=\"http:\/\/www.ipol.unb.br\/images\/Pos-graduacao\/ementas_e_programas\/TAP_1-2020_DS.pdf\" target=\"_blank\" class=\"elementor-button-link elementor-button elementor-size-xs\" role=\"button\">\n\t\t\t\t\t\t<span class=\"elementor-button-content-wrapper\">\n\t\t\t\t\t\t<span class=\"elementor-button-text\">Teoria e An\u00e1lise Pol\u00edtica - Democracia e Sociedade - P\u00f3s-Gradua\u00e7\u00e3o (2020\/1)<\/span>\n\t\t<\/span>\n\t\t\t\t\t<\/a>\n\t\t<\/div>\n\t\t\t\t<\/div>\n\t\t\t\t<\/div>\n\t\t\t\t\t<\/div>\n\t\t<\/div>\n\t\t\t\t<div class=\"elementor-column elementor-col-50 elementor-inner-column elementor-element elementor-element-6a9bccf2\" data-id=\"6a9bccf2\" data-element_type=\"column\">\n\t\t\t<div class=\"elementor-widget-wrap elementor-element-populated\">\n\t\t\t\t\t\t\t\t<div class=\"elementor-element elementor-element-7dead94b elementor-widget elementor-widget-image\" data-id=\"7dead94b\" data-element_type=\"widget\" data-widget_type=\"image.default\">\n\t\t\t\t<div class=\"elementor-widget-container\">\n\t\t\t\t\t\t\t\t\t\t\t\t<figure class=\"wp-caption\">\n\t\t\t\t\t\t\t\t\t\t<img width=\"640\" height=\"426\" src=\"http:\/\/en.resocie.org\/wp-content\/uploads\/2020\/04\/tap.jpg\" class=\"attachment-full size-full\" alt=\"\" loading=\"lazy\" srcset=\"http:\/\/en.resocie.org\/wp-content\/uploads\/2020\/04\/tap.jpg 640w, http:\/\/en.resocie.org\/wp-content\/uploads\/2020\/04\/tap-300x200.jpg 300w\" sizes=\"(max-width: 640px) 100vw, 640px\" \/>\t\t\t\t\t\t\t\t\t\t\t<figcaption class=\"widget-image-caption wp-caption-text\">Imagem: Pexels via Pixalbay<\/figcaption>\n\t\t\t\t\t\t\t\t\t\t<\/figure>\n\t\t\t\t\t\t\t\t\t<\/div>\n\t\t\t\t<\/div>\n\t\t\t\t\t<\/div>\n\t\t<\/div>\n\t\t\t\t\t\t\t<\/div>\n\t\t<\/section>\n\t\t\t\t<section class=\"elementor-section elementor-inner-section elementor-element elementor-element-fc3f6ae elementor-section-boxed elementor-section-height-default elementor-section-height-default\" data-id=\"fc3f6ae\" data-element_type=\"section\">\n\t\t\t\t\t\t<div class=\"elementor-container elementor-column-gap-default\">\n\t\t\t\t\t<div class=\"elementor-column elementor-col-50 elementor-inner-column elementor-element elementor-element-52e83184\" data-id=\"52e83184\" data-element_type=\"column\">\n\t\t\t<div class=\"elementor-widget-wrap elementor-element-populated\">\n\t\t\t\t\t\t\t\t<div class=\"elementor-element elementor-element-3ca14d1a elementor-widget elementor-widget-heading\" data-id=\"3ca14d1a\" data-element_type=\"widget\" data-widget_type=\"heading.default\">\n\t\t\t\t<div class=\"elementor-widget-container\">\n\t\t\t<h4 class=\"elementor-heading-title elementor-size-default\">Political Theory and Analysis - Politics and Institutions<\/h4>\t\t<\/div>\n\t\t\t\t<\/div>\n\t\t\t\t<div class=\"elementor-element elementor-element-b515a54 elementor-widget elementor-widget-text-editor\" data-id=\"b515a54\" data-element_type=\"widget\" data-widget_type=\"text-editor.default\">\n\t\t\t\t<div class=\"elementor-widget-container\">\n\t\t\t\t\t\t\t<p>The course will focus on the study of different analytical models used in contemporary political science, with emphasis on the discussion of political institutions; their incentives and constraints on political behavior, their dynamics of stability and change, and the possible causes of continuities and transformations. The course is divided into two modules. The first is devoted to the evolution of theoretical and methodological paradigms of empirical research in political science, particularly with regard to the debate between modernization theories and the neoinstitutional approach. The second module deepens the discussion on neoinstitutionalist theoretical perspectives, with a focus on institutional change. The debates on gradual change, organizations, actors, networks, ideas, and agency in the production and transformation of political institutions will be explored.<\/p>\n<p><strong>Profa. Rebecca Abers e Prof. Andr\u00e9 Borges<\/strong><\/p>\t\t\t\t\t\t<\/div>\n\t\t\t\t<\/div>\n\t\t\t\t<div class=\"elementor-element elementor-element-5437e70d elementor-widget elementor-widget-button\" data-id=\"5437e70d\" data-element_type=\"widget\" data-widget_type=\"button.default\">\n\t\t\t\t<div class=\"elementor-widget-container\">\n\t\t\t\t\t<div class=\"elementor-button-wrapper\">\n\t\t\t<a href=\"http:\/\/www.ipol.unb.br\/images\/Pos-graduacao\/ementas_e_programas\/TAP_-_PI_-_2020_1.pdf\" target=\"_blank\" class=\"elementor-button-link elementor-button elementor-size-xs\" role=\"button\">\n\t\t\t\t\t\t<span class=\"elementor-button-content-wrapper\">\n\t\t\t\t\t\t<span class=\"elementor-button-text\">Teoria e An\u00e1lise Pol\u00edtica - Pol\u00edtica e Institui\u00e7\u00f5es - P\u00f3s-Gradua\u00e7\u00e3o (2020\/1)<\/span>\n\t\t<\/span>\n\t\t\t\t\t<\/a>\n\t\t<\/div>\n\t\t\t\t<\/div>\n\t\t\t\t<\/div>\n\t\t\t\t\t<\/div>\n\t\t<\/div>\n\t\t\t\t<div class=\"elementor-column elementor-col-50 elementor-inner-column elementor-element elementor-element-6660aa91\" data-id=\"6660aa91\" data-element_type=\"column\">\n\t\t\t<div class=\"elementor-widget-wrap elementor-element-populated\">\n\t\t\t\t\t\t\t\t<div class=\"elementor-element elementor-element-352847f7 elementor-widget elementor-widget-image\" data-id=\"352847f7\" data-element_type=\"widget\" data-widget_type=\"image.default\">\n\t\t\t\t<div class=\"elementor-widget-container\">\n\t\t\t\t\t\t\t\t\t\t\t\t<figure class=\"wp-caption\">\n\t\t\t\t\t\t\t\t\t\t<img width=\"2560\" height=\"1912\" src=\"http:\/\/en.resocie.org\/wp-content\/uploads\/2021\/06\/IPhone-200-scaled-1.jpg\" class=\"attachment-full size-full\" alt=\"\" loading=\"lazy\" srcset=\"http:\/\/en.resocie.org\/wp-content\/uploads\/2021\/06\/IPhone-200-scaled-1.jpg 2560w, http:\/\/en.resocie.org\/wp-content\/uploads\/2021\/06\/IPhone-200-scaled-1-300x224.jpg 300w, http:\/\/en.resocie.org\/wp-content\/uploads\/2021\/06\/IPhone-200-scaled-1-1024x765.jpg 1024w, http:\/\/en.resocie.org\/wp-content\/uploads\/2021\/06\/IPhone-200-scaled-1-768x574.jpg 768w, http:\/\/en.resocie.org\/wp-content\/uploads\/2021\/06\/IPhone-200-scaled-1-1536x1147.jpg 1536w, http:\/\/en.resocie.org\/wp-content\/uploads\/2021\/06\/IPhone-200-scaled-1-2048x1530.jpg 2048w\" sizes=\"(max-width: 2560px) 100vw, 2560px\" \/>\t\t\t\t\t\t\t\t\t\t\t<figcaption class=\"widget-image-caption wp-caption-text\">Imagem: Mariana Tavares - integrante Resocie<\/figcaption>\n\t\t\t\t\t\t\t\t\t\t<\/figure>\n\t\t\t\t\t\t\t\t\t<\/div>\n\t\t\t\t<\/div>\n\t\t\t\t\t<\/div>\n\t\t<\/div>\n\t\t\t\t\t\t\t<\/div>\n\t\t<\/section>\n\t\t\t\t<div class=\"elementor-element elementor-element-52b7557c elementor-widget elementor-widget-text-editor\" data-id=\"52b7557c\" data-element_type=\"widget\" data-widget_type=\"text-editor.default\">\n\t\t\t\t<div class=\"elementor-widget-container\">\n\t\t\t\t\t\t\t<p>Other subjects were taught and, because they remained on the schedule in subsequent semesters, they are presented above with their updated syllabuses.<\/p>\t\t\t\t\t\t<\/div>\n\t\t\t\t<\/div>\n\t\t\t\t\t<\/div>\n\t\t<\/div>\n\t\t\t\t\t\t\t<\/div>\n\t\t<\/section>\n\t\t\t\t<section class=\"elementor-section elementor-top-section elementor-element elementor-element-5499fc04 elementor-section-boxed elementor-section-height-default elementor-section-height-default\" data-id=\"5499fc04\" data-element_type=\"section\" data-settings=\"{&quot;background_background&quot;:&quot;classic&quot;}\">\n\t\t\t\t\t\t<div class=\"elementor-container elementor-column-gap-default\">\n\t\t\t\t\t<div class=\"elementor-column elementor-col-100 elementor-top-column elementor-element elementor-element-1c92a552\" data-id=\"1c92a552\" data-element_type=\"column\">\n\t\t\t<div class=\"elementor-widget-wrap elementor-element-populated\">\n\t\t\t\t\t\t\t\t<div class=\"elementor-element elementor-element-2125ebf8 elementor-widget elementor-widget-heading\" data-id=\"2125ebf8\" data-element_type=\"widget\" data-widget_type=\"heading.default\">\n\t\t\t\t<div class=\"elementor-widget-container\">\n\t\t\t<h3 class=\"elementor-heading-title elementor-size-default\">Disciplinas semestres anteriores a 2020<\/h3>\t\t<\/div>\n\t\t\t\t<\/div>\n\t\t\t\t<section class=\"elementor-section elementor-inner-section elementor-element elementor-element-43320a8c elementor-section-boxed elementor-section-height-default elementor-section-height-default\" data-id=\"43320a8c\" data-element_type=\"section\">\n\t\t\t\t\t\t<div class=\"elementor-container elementor-column-gap-default\">\n\t\t\t\t\t<div class=\"elementor-column elementor-col-50 elementor-inner-column elementor-element elementor-element-1815224e\" data-id=\"1815224e\" data-element_type=\"column\">\n\t\t\t<div class=\"elementor-widget-wrap elementor-element-populated\">\n\t\t\t\t\t\t\t\t<div class=\"elementor-element elementor-element-5882395d elementor-widget elementor-widget-heading\" data-id=\"5882395d\" data-element_type=\"widget\" data-widget_type=\"heading.default\">\n\t\t\t\t<div class=\"elementor-widget-container\">\n\t\t\t<h4 class=\"elementor-heading-title elementor-size-default\">Political Creativity<\/h4>\t\t<\/div>\n\t\t\t\t<\/div>\n\t\t\t\t<div class=\"elementor-element elementor-element-395847e1 elementor-widget elementor-widget-text-editor\" data-id=\"395847e1\" data-element_type=\"widget\" data-widget_type=\"text-editor.default\">\n\t\t\t\t<div class=\"elementor-widget-container\">\n\t\t\t\t\t\t\t<p class=\"has-text-align-justify\" style=\"font-size: 16px;\">This graduate level course explores an emerging literature in the social sciences that rejects antinomies of human action: rational\/calculating versus cultural\/normative; autonomous versus structured. We explore the proposal that human action is both reflexive and routine, always situated in contexts that create at the same time the constraints and resources that support creative action.<\/p>\n<p><!-- \/wp:paragraph --><\/p>\n<p><!-- wp:paragraph {\"style\":{\"typography\":{\"fontSize\":16}}} --><\/p>\n<p><strong>Profa. Rebecca Abers<\/strong><\/p>\t\t\t\t\t\t<\/div>\n\t\t\t\t<\/div>\n\t\t\t\t<div class=\"elementor-element elementor-element-398bc860 elementor-widget elementor-widget-button\" data-id=\"398bc860\" data-element_type=\"widget\" data-widget_type=\"button.default\">\n\t\t\t\t<div class=\"elementor-widget-container\">\n\t\t\t\t\t<div class=\"elementor-button-wrapper\">\n\t\t\t<a href=\"http:\/\/resocie.org\/programa-criatividade-politica-2019-preliminar\/\" target=\"_blank\" class=\"elementor-button-link elementor-button elementor-size-xs\" role=\"button\">\n\t\t\t\t\t\t<span class=\"elementor-button-content-wrapper\">\n\t\t\t\t\t\t<span class=\"elementor-button-text\">Political Creativity  (2019)<\/span>\n\t\t<\/span>\n\t\t\t\t\t<\/a>\n\t\t<\/div>\n\t\t\t\t<\/div>\n\t\t\t\t<\/div>\n\t\t\t\t\t<\/div>\n\t\t<\/div>\n\t\t\t\t<div class=\"elementor-column elementor-col-50 elementor-inner-column elementor-element elementor-element-4c6dd7d4\" data-id=\"4c6dd7d4\" data-element_type=\"column\">\n\t\t\t<div class=\"elementor-widget-wrap elementor-element-populated\">\n\t\t\t\t\t\t\t\t<div class=\"elementor-element elementor-element-1a087a2d elementor-widget elementor-widget-image\" data-id=\"1a087a2d\" data-element_type=\"widget\" data-widget_type=\"image.default\">\n\t\t\t\t<div class=\"elementor-widget-container\">\n\t\t\t\t\t\t\t\t\t\t\t\t<figure class=\"wp-caption\">\n\t\t\t\t\t\t\t\t\t\t<img width=\"960\" height=\"960\" src=\"http:\/\/en.resocie.org\/wp-content\/uploads\/2020\/04\/carta-manifesto.jpg\" class=\"attachment-full size-full\" alt=\"\" loading=\"lazy\" srcset=\"http:\/\/en.resocie.org\/wp-content\/uploads\/2020\/04\/carta-manifesto.jpg 960w, http:\/\/en.resocie.org\/wp-content\/uploads\/2020\/04\/carta-manifesto-300x300.jpg 300w, http:\/\/en.resocie.org\/wp-content\/uploads\/2020\/04\/carta-manifesto-150x150.jpg 150w, http:\/\/en.resocie.org\/wp-content\/uploads\/2020\/04\/carta-manifesto-768x768.jpg 768w, http:\/\/en.resocie.org\/wp-content\/uploads\/2020\/04\/carta-manifesto-270x270.jpg 270w, http:\/\/en.resocie.org\/wp-content\/uploads\/2020\/04\/carta-manifesto-230x230.jpg 230w\" sizes=\"(max-width: 960px) 100vw, 960px\" \/>\t\t\t\t\t\t\t\t\t\t\t<figcaption class=\"widget-image-caption wp-caption-text\">Imagem: Nika Akin via Pixabay<\/figcaption>\n\t\t\t\t\t\t\t\t\t\t<\/figure>\n\t\t\t\t\t\t\t\t\t<\/div>\n\t\t\t\t<\/div>\n\t\t\t\t\t<\/div>\n\t\t<\/div>\n\t\t\t\t\t\t\t<\/div>\n\t\t<\/section>\n\t\t\t\t<section class=\"elementor-section elementor-inner-section elementor-element elementor-element-1e56e39 elementor-section-boxed elementor-section-height-default elementor-section-height-default\" data-id=\"1e56e39\" data-element_type=\"section\">\n\t\t\t\t\t\t<div class=\"elementor-container elementor-column-gap-default\">\n\t\t\t\t\t<div class=\"elementor-column elementor-col-50 elementor-inner-column elementor-element elementor-element-b2d9ef3\" data-id=\"b2d9ef3\" data-element_type=\"column\">\n\t\t\t<div class=\"elementor-widget-wrap elementor-element-populated\">\n\t\t\t\t\t\t\t\t<div class=\"elementor-element elementor-element-11401553 elementor-widget elementor-widget-heading\" data-id=\"11401553\" data-element_type=\"widget\" data-widget_type=\"heading.default\">\n\t\t\t\t<div class=\"elementor-widget-container\">\n\t\t\t<h4 class=\"elementor-heading-title elementor-size-default\">Ethnography in Political Science<\/h4>\t\t<\/div>\n\t\t\t\t<\/div>\n\t\t\t\t<div class=\"elementor-element elementor-element-4e5d92f7 elementor-widget elementor-widget-text-editor\" data-id=\"4e5d92f7\" data-element_type=\"widget\" data-widget_type=\"text-editor.default\">\n\t\t\t\t<div class=\"elementor-widget-container\">\n\t\t\t\t\t\t\t<p>The aim of the course is to offer students an overview of ethnography as a research method, considering its increasing use in the field of Political Science.<\/p>\n<p><strong>Profa. Camila Penna<\/strong><\/p>\t\t\t\t\t\t<\/div>\n\t\t\t\t<\/div>\n\t\t\t\t<div class=\"elementor-element elementor-element-5b87849f elementor-widget elementor-widget-button\" data-id=\"5b87849f\" data-element_type=\"widget\" data-widget_type=\"button.default\">\n\t\t\t\t<div class=\"elementor-widget-container\">\n\t\t\t\t\t<div class=\"elementor-button-wrapper\">\n\t\t\t<a href=\"http:\/\/www.ipol.unb.br\/images\/Pos-graduacao\/ementas_e_programas\/TAP_1-2020_DS.pdf\" target=\"_blank\" class=\"elementor-button-link elementor-button elementor-size-xs\" role=\"button\">\n\t\t\t\t\t\t<span class=\"elementor-button-content-wrapper\">\n\t\t\t\t\t\t<span class=\"elementor-button-text\">Ethnography in Political Science  (2018)<\/span>\n\t\t<\/span>\n\t\t\t\t\t<\/a>\n\t\t<\/div>\n\t\t\t\t<\/div>\n\t\t\t\t<\/div>\n\t\t\t\t\t<\/div>\n\t\t<\/div>\n\t\t\t\t<div class=\"elementor-column elementor-col-50 elementor-inner-column elementor-element elementor-element-558b93c6\" data-id=\"558b93c6\" data-element_type=\"column\">\n\t\t\t<div class=\"elementor-widget-wrap elementor-element-populated\">\n\t\t\t\t\t\t\t\t<div class=\"elementor-element elementor-element-4bdbaf7b elementor-widget elementor-widget-image\" data-id=\"4bdbaf7b\" data-element_type=\"widget\" data-widget_type=\"image.default\">\n\t\t\t\t<div class=\"elementor-widget-container\">\n\t\t\t\t\t\t\t\t\t\t\t\t<figure class=\"wp-caption\">\n\t\t\t\t\t\t\t\t\t\t<img src=\"http:\/\/resocie.org\/wp-content\/uploads\/2022\/02\/etnografiacp.png\" title=\"\" alt=\"\" \/>\t\t\t\t\t\t\t\t\t\t\t<figcaption class=\"widget-image-caption wp-caption-text\">Imagem: Teddy Kelley via Unsplash<\/figcaption>\n\t\t\t\t\t\t\t\t\t\t<\/figure>\n\t\t\t\t\t\t\t\t\t<\/div>\n\t\t\t\t<\/div>\n\t\t\t\t\t<\/div>\n\t\t<\/div>\n\t\t\t\t\t\t\t<\/div>\n\t\t<\/section>\n\t\t\t\t<div class=\"elementor-element elementor-element-7745dd7e elementor-widget elementor-widget-text-editor\" data-id=\"7745dd7e\" data-element_type=\"widget\" data-widget_type=\"text-editor.default\">\n\t\t\t\t<div class=\"elementor-widget-container\">\n\t\t\t\t\t\t\t<p>Other subjects were taught and, because they remained on the schedule in subsequent semesters, they are presented above with their updated syllabuses.<\/p>\t\t\t\t\t\t<\/div>\n\t\t\t\t<\/div>\n\t\t\t\t\t<\/div>\n\t\t<\/div>\n\t\t\t\t\t\t\t<\/div>\n\t\t<\/section>\n\t\t\t\t\t\t<\/div>\n\t\t\t\t\t<\/div>\n\t\t","protected":false},"excerpt":{"rendered":"<p>On this page you will learn about the courses taught by members of our research groups, as well as access the course syllabus. \u00a0 Disciplinas segundo semestre de 2021 Social Movements This undergraduate and graduate course has two central objectives:<\/p>\n","protected":false},"author":1,"featured_media":4138,"parent":1495,"menu_order":2,"comment_status":"closed","ping_status":"closed","template":"","meta":{"om_disable_all_campaigns":false,"_monsterinsights_skip_tracking":false,"_monsterinsights_sitenote_active":false,"_monsterinsights_sitenote_note":"","_monsterinsights_sitenote_category":0},"_links":{"self":[{"href":"http:\/\/en.resocie.org\/index.php\/wp-json\/wp\/v2\/pages\/1496"}],"collection":[{"href":"http:\/\/en.resocie.org\/index.php\/wp-json\/wp\/v2\/pages"}],"about":[{"href":"http:\/\/en.resocie.org\/index.php\/wp-json\/wp\/v2\/types\/page"}],"author":[{"embeddable":true,"href":"http:\/\/en.resocie.org\/index.php\/wp-json\/wp\/v2\/users\/1"}],"replies":[{"embeddable":true,"href":"http:\/\/en.resocie.org\/index.php\/wp-json\/wp\/v2\/comments?post=1496"}],"version-history":[{"count":97,"href":"http:\/\/en.resocie.org\/index.php\/wp-json\/wp\/v2\/pages\/1496\/revisions"}],"predecessor-version":[{"id":6240,"href":"http:\/\/en.resocie.org\/index.php\/wp-json\/wp\/v2\/pages\/1496\/revisions\/6240"}],"up":[{"embeddable":true,"href":"http:\/\/en.resocie.org\/index.php\/wp-json\/wp\/v2\/pages\/1495"}],"wp:featuredmedia":[{"embeddable":true,"href":"http:\/\/en.resocie.org\/index.php\/wp-json\/wp\/v2\/media\/4138"}],"wp:attachment":[{"href":"http:\/\/en.resocie.org\/index.php\/wp-json\/wp\/v2\/media?parent=1496"}],"curies":[{"name":"wp","href":"https:\/\/api.w.org\/{rel}","templated":true}]}}