{"id":1498,"date":"2019-04-20T13:05:31","date_gmt":"2019-04-20T16:05:31","guid":{"rendered":"https:\/\/resocie.org\/?page_id=153"},"modified":"2022-02-21T21:13:23","modified_gmt":"2022-02-22T00:13:23","slug":"book-chapters","status":"publish","type":"page","link":"http:\/\/en.resocie.org\/index.php\/home\/publications\/book-chapters\/","title":{"rendered":"Book chapters"},"content":{"rendered":"\t\t<div data-elementor-type=\"wp-page\" data-elementor-id=\"1498\" class=\"elementor elementor-1498\" data-elementor-settings=\"[]\">\n\t\t\t\t\t\t\t<div class=\"elementor-section-wrap\">\n\t\t\t\t\t\t\t<section class=\"elementor-section elementor-top-section elementor-element elementor-element-69c8ca25 elementor-section-boxed elementor-section-height-default elementor-section-height-default\" data-id=\"69c8ca25\" data-element_type=\"section\">\n\t\t\t\t\t\t<div class=\"elementor-container elementor-column-gap-default\">\n\t\t\t\t\t<div class=\"elementor-column elementor-col-100 elementor-top-column elementor-element elementor-element-17b9c78b\" data-id=\"17b9c78b\" data-element_type=\"column\">\n\t\t\t<div class=\"elementor-widget-wrap elementor-element-populated\">\n\t\t\t\t\t\t\t\t<div class=\"elementor-element elementor-element-19566d31 elementor-widget elementor-widget-text-editor\" data-id=\"19566d31\" data-element_type=\"widget\" data-widget_type=\"text-editor.default\">\n\t\t\t\t<div class=\"elementor-widget-container\">\n\t\t\t<style>\/*! elementor - v3.5.5 - 03-02-2022 *\/\n.elementor-widget-text-editor.elementor-drop-cap-view-stacked .elementor-drop-cap{background-color:#818a91;color:#fff}.elementor-widget-text-editor.elementor-drop-cap-view-framed .elementor-drop-cap{color:#818a91;border:3px solid;background-color:transparent}.elementor-widget-text-editor:not(.elementor-drop-cap-view-default) .elementor-drop-cap{margin-top:8px}.elementor-widget-text-editor:not(.elementor-drop-cap-view-default) .elementor-drop-cap-letter{width:1em;height:1em}.elementor-widget-text-editor .elementor-drop-cap{float:left;text-align:center;line-height:1;font-size:50px}.elementor-widget-text-editor .elementor-drop-cap-letter{display:inline-block}<\/style>\t\t\t\t<p>Get to know the books published, organized or written by our researchers. It is worth mentioning that the works presented here are only those related to the theme covered by Resocie, although some of our researchers have other works in other areas.<\/p>\t\t\t\t\t\t<\/div>\n\t\t\t\t<\/div>\n\t\t\t\t<section class=\"elementor-section elementor-inner-section elementor-element elementor-element-770bec66 elementor-section-boxed elementor-section-height-default elementor-section-height-default\" data-id=\"770bec66\" data-element_type=\"section\">\n\t\t\t\t\t\t<div class=\"elementor-container elementor-column-gap-default\">\n\t\t\t\t\t<div class=\"elementor-column elementor-col-33 elementor-inner-column elementor-element elementor-element-6f97921a\" data-id=\"6f97921a\" data-element_type=\"column\">\n\t\t\t<div class=\"elementor-widget-wrap elementor-element-populated\">\n\t\t\t\t\t\t\t\t<div class=\"elementor-element elementor-element-6b673cd6 elementor-widget elementor-widget-text-editor\" data-id=\"6b673cd6\" data-element_type=\"widget\" data-widget_type=\"text-editor.default\">\n\t\t\t\t<div class=\"elementor-widget-container\">\n\t\t\t\t\t\t\t<p>2021<\/p>\t\t\t\t\t\t<\/div>\n\t\t\t\t<\/div>\n\t\t\t\t<div class=\"elementor-element elementor-element-32918c12 elementor-widget elementor-widget-image\" data-id=\"32918c12\" data-element_type=\"widget\" data-widget_type=\"image.default\">\n\t\t\t\t<div class=\"elementor-widget-container\">\n\t\t\t<style>\/*! elementor - v3.5.5 - 03-02-2022 *\/\n.elementor-widget-image{text-align:center}.elementor-widget-image a{display:inline-block}.elementor-widget-image a img[src$=\".svg\"]{width:48px}.elementor-widget-image img{vertical-align:middle;display:inline-block}<\/style>\t\t\t\t\t\t\t\t\t\t\t\t\t<a href=\"https:\/\/link.springer.com\/book\/10.1007\/978-3-030-77602-2\">\n\t\t\t\t\t\t\t<img width=\"199\" height=\"300\" src=\"http:\/\/en.resocie.org\/wp-content\/uploads\/2022\/02\/Capa-livro-COVID-19s-political-challenges-in-Latin-America-199x300.jpeg\" class=\"attachment-medium size-medium\" alt=\"\" loading=\"lazy\" srcset=\"http:\/\/en.resocie.org\/wp-content\/uploads\/2022\/02\/Capa-livro-COVID-19s-political-challenges-in-Latin-America-199x300.jpeg 199w, http:\/\/en.resocie.org\/wp-content\/uploads\/2022\/02\/Capa-livro-COVID-19s-political-challenges-in-Latin-America.jpeg 306w\" sizes=\"(max-width: 199px) 100vw, 199px\" \/>\t\t\t\t\t\t\t\t<\/a>\n\t\t\t\t\t\t\t\t\t\t\t\t\t\t\t<\/div>\n\t\t\t\t<\/div>\n\t\t\t\t<div class=\"elementor-element elementor-element-15627926 elementor-widget elementor-widget-heading\" data-id=\"15627926\" data-element_type=\"widget\" data-widget_type=\"heading.default\">\n\t\t\t\t<div class=\"elementor-widget-container\">\n\t\t\t<style>\/*! elementor - v3.5.5 - 03-02-2022 *\/\n.elementor-heading-title{padding:0;margin:0;line-height:1}.elementor-widget-heading .elementor-heading-title[class*=elementor-size-]>a{color:inherit;font-size:inherit;line-height:inherit}.elementor-widget-heading .elementor-heading-title.elementor-size-small{font-size:15px}.elementor-widget-heading .elementor-heading-title.elementor-size-medium{font-size:19px}.elementor-widget-heading .elementor-heading-title.elementor-size-large{font-size:29px}.elementor-widget-heading .elementor-heading-title.elementor-size-xl{font-size:39px}.elementor-widget-heading .elementor-heading-title.elementor-size-xxl{font-size:59px}<\/style><h3 class=\"elementor-heading-title elementor-size-default\"><a href=\"https:\/\/link.springer.com\/book\/10.1007\/978-3-030-77602-2\">COVID-19's political challenges in Latin America<\/a><\/h3>\t\t<\/div>\n\t\t\t\t<\/div>\n\t\t\t\t<div class=\"elementor-element elementor-element-3febf931 elementor-widget elementor-widget-text-editor\" data-id=\"3febf931\" data-element_type=\"widget\" data-widget_type=\"text-editor.default\">\n\t\t\t\t<div class=\"elementor-widget-container\">\n\t\t\t\t\t\t\t<p><strong>Organized by: Michelle Fernandez and Carlos Machado<\/strong><\/p><p><strong>Chapter by Rebecca Abers and Marisa von B\u00fclow: Solidarity During the Pandemic in Brazil: Creative Recombinations in Social Movement Frames and Repertoires<\/strong><\/p><p>The book analyzes the political impact and the governmental responses to the COVID-19 pandemic in eight Latin American countries. On the chapter Abers and B\u00fclow\u00a0argue that the solidarity initiatives were often carried out through frames that connected them to political agendas that went well beyond the pandemic, such as anti-racism, feminism, and the struggle against economic inequality.<\/p>\t\t\t\t\t\t<\/div>\n\t\t\t\t<\/div>\n\t\t\t\t<div class=\"elementor-element elementor-element-1e1a47d4 elementor-align-center elementor-widget elementor-widget-button\" data-id=\"1e1a47d4\" data-element_type=\"widget\" data-widget_type=\"button.default\">\n\t\t\t\t<div class=\"elementor-widget-container\">\n\t\t\t\t\t<div class=\"elementor-button-wrapper\">\n\t\t\t<a href=\"https:\/\/link.springer.com\/book\/10.1007\/978-3-030-77602-2\" target=\"_blank\" class=\"elementor-button-link elementor-button elementor-size-sm\" role=\"button\">\n\t\t\t\t\t\t<span class=\"elementor-button-content-wrapper\">\n\t\t\t\t\t\t<span class=\"elementor-button-text\">Take your book<\/span>\n\t\t<\/span>\n\t\t\t\t\t<\/a>\n\t\t<\/div>\n\t\t\t\t<\/div>\n\t\t\t\t<\/div>\n\t\t\t\t\t<\/div>\n\t\t<\/div>\n\t\t\t\t<div class=\"elementor-column elementor-col-33 elementor-inner-column elementor-element elementor-element-db926df\" data-id=\"db926df\" data-element_type=\"column\">\n\t\t\t<div class=\"elementor-widget-wrap\">\n\t\t\t\t\t\t\t\t\t<\/div>\n\t\t<\/div>\n\t\t\t\t<div class=\"elementor-column elementor-col-33 elementor-inner-column elementor-element elementor-element-5bed447f\" data-id=\"5bed447f\" data-element_type=\"column\">\n\t\t\t<div class=\"elementor-widget-wrap elementor-element-populated\">\n\t\t\t\t\t\t\t\t<div class=\"elementor-element elementor-element-7909c857 elementor-widget elementor-widget-text-editor\" data-id=\"7909c857\" data-element_type=\"widget\" data-widget_type=\"text-editor.default\">\n\t\t\t\t<div class=\"elementor-widget-container\">\n\t\t\t\t\t\t\t<p>2021<\/p>\t\t\t\t\t\t<\/div>\n\t\t\t\t<\/div>\n\t\t\t\t<div class=\"elementor-element elementor-element-4cd848d9 elementor-widget elementor-widget-image\" data-id=\"4cd848d9\" data-element_type=\"widget\" data-widget_type=\"image.default\">\n\t\t\t\t<div class=\"elementor-widget-container\">\n\t\t\t\t\t\t\t\t\t\t\t\t\t\t\t\t<a href=\"https:\/\/grupoautentica.com.br\/autentica\/livros\/governo-bolsonaro-retrocesso-democratico-e-degradacao-politica\/1941\" target=\"_blank\">\n\t\t\t\t\t\t\t<img width=\"209\" height=\"300\" src=\"http:\/\/en.resocie.org\/wp-content\/uploads\/2022\/02\/governo-bolsonaro-retrocesso-democratico-e-degradacao-politica-209x300.jpg\" class=\"attachment-medium size-medium\" alt=\"\" loading=\"lazy\" srcset=\"http:\/\/en.resocie.org\/wp-content\/uploads\/2022\/02\/governo-bolsonaro-retrocesso-democratico-e-degradacao-politica-209x300.jpg 209w, http:\/\/en.resocie.org\/wp-content\/uploads\/2022\/02\/governo-bolsonaro-retrocesso-democratico-e-degradacao-politica.jpg 370w\" sizes=\"(max-width: 209px) 100vw, 209px\" \/>\t\t\t\t\t\t\t\t<\/a>\n\t\t\t\t\t\t\t\t\t\t\t\t\t\t\t<\/div>\n\t\t\t\t<\/div>\n\t\t\t\t<div class=\"elementor-element elementor-element-5c3e13bb elementor-widget elementor-widget-heading\" data-id=\"5c3e13bb\" data-element_type=\"widget\" data-widget_type=\"heading.default\">\n\t\t\t\t<div class=\"elementor-widget-container\">\n\t\t\t<h3 class=\"elementor-heading-title elementor-size-default\"><a href=\"https:\/\/grupoautentica.com.br\/autentica\/livros\/governo-bolsonaro-retrocesso-democratico-e-degradacao-politica\/1941\" target=\"_blank\">Bolsonaro government: democratic regression and political degradation\n<\/a><\/h3>\t\t<\/div>\n\t\t\t\t<\/div>\n\t\t\t\t<div class=\"elementor-element elementor-element-3dd853c7 elementor-widget elementor-widget-text-editor\" data-id=\"3dd853c7\" data-element_type=\"widget\" data-widget_type=\"text-editor.default\">\n\t\t\t\t<div class=\"elementor-widget-container\">\n\t\t\t\t\t\t\t<p><strong>Organized by: Leonardo Avritzer, F\u00e1bio Kerche, Marjorie Marona<\/strong><\/p><p><strong>Chapters by Debora Rezende de Almeida and by Max Stabile and Marisa von B\u00fclow\u00a0<\/strong><\/p><p>This book brings together anthropologists, sociologists, political scientists, economists and international relations professionals who help us understand Bolsonarism as a dual key, movement and form of government, and what the impacts of this are on public policy, the health of institutions and the lives of the Brazilian population<\/p>\t\t\t\t\t\t<\/div>\n\t\t\t\t<\/div>\n\t\t\t\t<div class=\"elementor-element elementor-element-3555ea7e elementor-align-center elementor-widget elementor-widget-button\" data-id=\"3555ea7e\" data-element_type=\"widget\" data-widget_type=\"button.default\">\n\t\t\t\t<div class=\"elementor-widget-container\">\n\t\t\t\t\t<div class=\"elementor-button-wrapper\">\n\t\t\t<a href=\"https:\/\/grupoautentica.com.br\/autentica\/livros\/governo-bolsonaro-retrocesso-democratico-e-degradacao-politica\/1941\" target=\"_blank\" class=\"elementor-button-link elementor-button elementor-size-sm\" role=\"button\">\n\t\t\t\t\t\t<span class=\"elementor-button-content-wrapper\">\n\t\t\t\t\t\t<span class=\"elementor-button-text\">Take your book<\/span>\n\t\t<\/span>\n\t\t\t\t\t<\/a>\n\t\t<\/div>\n\t\t\t\t<\/div>\n\t\t\t\t<\/div>\n\t\t\t\t\t<\/div>\n\t\t<\/div>\n\t\t\t\t\t\t\t<\/div>\n\t\t<\/section>\n\t\t\t\t<section class=\"elementor-section elementor-inner-section elementor-element elementor-element-5aadec68 elementor-section-boxed elementor-section-height-default elementor-section-height-default\" data-id=\"5aadec68\" data-element_type=\"section\">\n\t\t\t\t\t\t<div class=\"elementor-container elementor-column-gap-default\">\n\t\t\t\t\t<div class=\"elementor-column elementor-col-33 elementor-inner-column elementor-element elementor-element-4456080b\" data-id=\"4456080b\" data-element_type=\"column\">\n\t\t\t<div class=\"elementor-widget-wrap elementor-element-populated\">\n\t\t\t\t\t\t\t\t<div class=\"elementor-element elementor-element-6a3d9ae7 elementor-widget elementor-widget-text-editor\" data-id=\"6a3d9ae7\" data-element_type=\"widget\" data-widget_type=\"text-editor.default\">\n\t\t\t\t<div class=\"elementor-widget-container\">\n\t\t\t\t\t\t\t<p>2021<\/p>\t\t\t\t\t\t<\/div>\n\t\t\t\t<\/div>\n\t\t\t\t<div class=\"elementor-element elementor-element-521c56f4 elementor-widget elementor-widget-image\" data-id=\"521c56f4\" data-element_type=\"widget\" data-widget_type=\"image.default\">\n\t\t\t\t<div class=\"elementor-widget-container\">\n\t\t\t\t\t\t\t\t\t\t\t\t\t\t\t\t<a href=\"http:\/\/editoraunesp.com.br\/catalogo\/9788539308088,movimentos-sociais-e-politicas-publicas\">\n\t\t\t\t\t\t\t<img src=\"http:\/\/resocie.org\/wp-content\/uploads\/2022\/02\/conferencias-nacionais-livro-ipea-1.png\" title=\"\" alt=\"\" \/>\t\t\t\t\t\t\t\t<\/a>\n\t\t\t\t\t\t\t\t\t\t\t\t\t\t\t<\/div>\n\t\t\t\t<\/div>\n\t\t\t\t<div class=\"elementor-element elementor-element-29c013b8 elementor-widget elementor-widget-heading\" data-id=\"29c013b8\" data-element_type=\"widget\" data-widget_type=\"heading.default\">\n\t\t\t\t<div class=\"elementor-widget-container\">\n\t\t\t<h3 class=\"elementor-heading-title elementor-size-default\"><a href=\"http:\/\/editoraunesp.com.br\/catalogo\/9788539308088,movimentos-sociais-e-politicas-publicas\">Social Movements and Public Policies<\/a><\/h3>\t\t<\/div>\n\t\t\t\t<\/div>\n\t\t\t\t<div class=\"elementor-element elementor-element-d901717 elementor-widget elementor-widget-text-editor\" data-id=\"d901717\" data-element_type=\"widget\" data-widget_type=\"text-editor.default\">\n\t\t\t\t<div class=\"elementor-widget-container\">\n\t\t\t\t\t\t\t<p><strong>Organized by: Luciana Tatagiba and Ana Claudia Chaves Teixeira<\/strong><\/p><p><strong>Chapter by Rebecca Abers: Creative Action in complex ecologies: building the practical authority of associative politics<\/strong><\/p><p>Understanding how creative action affects the construction of new models of public policy (understood as new arrangements of authority) requires studying three dimensions of creative action: the actors, the terrain of action, and the creative action itself. The chapter explores three cases in which the process of public policy construction involves the reorganization of authority in favor of popular organizations: the My House My Life &#8211; Entities Program; the Cataforte Program; and the Food Acquisition Program.<\/p>\t\t\t\t\t\t<\/div>\n\t\t\t\t<\/div>\n\t\t\t\t<div class=\"elementor-element elementor-element-637e5391 elementor-align-center elementor-widget elementor-widget-button\" data-id=\"637e5391\" data-element_type=\"widget\" data-widget_type=\"button.default\">\n\t\t\t\t<div class=\"elementor-widget-container\">\n\t\t\t\t\t<div class=\"elementor-button-wrapper\">\n\t\t\t<a href=\"http:\/\/editoraunesp.com.br\/catalogo\/9788539308088,movimentos-sociais-e-politicas-publicas\" target=\"_blank\" class=\"elementor-button-link elementor-button elementor-size-sm\" role=\"button\">\n\t\t\t\t\t\t<span class=\"elementor-button-content-wrapper\">\n\t\t\t\t\t\t<span class=\"elementor-button-text\">Take your book<\/span>\n\t\t<\/span>\n\t\t\t\t\t<\/a>\n\t\t<\/div>\n\t\t\t\t<\/div>\n\t\t\t\t<\/div>\n\t\t\t\t\t<\/div>\n\t\t<\/div>\n\t\t\t\t<div class=\"elementor-column elementor-col-33 elementor-inner-column elementor-element elementor-element-486669c5\" data-id=\"486669c5\" data-element_type=\"column\">\n\t\t\t<div class=\"elementor-widget-wrap\">\n\t\t\t\t\t\t\t\t\t<\/div>\n\t\t<\/div>\n\t\t\t\t<div class=\"elementor-column elementor-col-33 elementor-inner-column elementor-element elementor-element-372c7de5\" data-id=\"372c7de5\" data-element_type=\"column\">\n\t\t\t<div class=\"elementor-widget-wrap elementor-element-populated\">\n\t\t\t\t\t\t\t\t<div class=\"elementor-element elementor-element-19df9f1 elementor-widget elementor-widget-text-editor\" data-id=\"19df9f1\" data-element_type=\"widget\" data-widget_type=\"text-editor.default\">\n\t\t\t\t<div class=\"elementor-widget-container\">\n\t\t\t\t\t\t\t<p>2021<\/p>\t\t\t\t\t\t<\/div>\n\t\t\t\t<\/div>\n\t\t\t\t<div class=\"elementor-element elementor-element-5dfcb403 elementor-widget elementor-widget-image\" data-id=\"5dfcb403\" data-element_type=\"widget\" data-widget_type=\"image.default\">\n\t\t\t\t<div class=\"elementor-widget-container\">\n\t\t\t\t\t\t\t\t\t\t\t\t\t\t\t\t<a href=\"https:\/\/www.academia.edu\/44492546\/Dossi%C3%AA_Comunidade_LGBT_e_Partidos_Pol%C3%ADticos_no_Brasil_Casa_1_Vote_LGBT_2020_\" target=\"_blank\">\n\t\t\t\t\t\t\t<img src=\"http:\/\/resocie.org\/wp-content\/uploads\/2022\/02\/capa-dossie-lgbt-partidos.png\" title=\"\" alt=\"\" \/>\t\t\t\t\t\t\t\t<\/a>\n\t\t\t\t\t\t\t\t\t\t\t\t\t\t\t<\/div>\n\t\t\t\t<\/div>\n\t\t\t\t<div class=\"elementor-element elementor-element-7c7ba5a8 elementor-widget elementor-widget-heading\" data-id=\"7c7ba5a8\" data-element_type=\"widget\" data-widget_type=\"heading.default\">\n\t\t\t\t<div class=\"elementor-widget-container\">\n\t\t\t<h3 class=\"elementor-heading-title elementor-size-default\"><a href=\"https:\/\/grupoautentica.com.br\/autentica\/livros\/governo-bolsonaro-retrocesso-democratico-e-degradacao-politica\/1941\" target=\"_blank\">Brief on the LGBT+ Community and Political Parties in Brazil<\/a><\/h3>\t\t<\/div>\n\t\t\t\t<\/div>\n\t\t\t\t<div class=\"elementor-element elementor-element-587bbe02 elementor-widget elementor-widget-text-editor\" data-id=\"587bbe02\" data-element_type=\"widget\" data-widget_type=\"text-editor.default\">\n\t\t\t\t<div class=\"elementor-widget-container\">\n\t\t\t\t\t\t\t<p><strong>Organized by: Casa 1 &#8211; Acolhida de Jovens LGBT+<\/strong><\/p><p><strong>Chapter by Cleyton Feitosa<\/strong><\/p><p>Participation in the dossier LGBT+ Community and Political Parties in Brazil with comments and analysis on the interaction between the LGBT population and political parties in Brazil.<\/p>\t\t\t\t\t\t<\/div>\n\t\t\t\t<\/div>\n\t\t\t\t<div class=\"elementor-element elementor-element-79999e56 elementor-align-center elementor-widget elementor-widget-button\" data-id=\"79999e56\" data-element_type=\"widget\" data-widget_type=\"button.default\">\n\t\t\t\t<div class=\"elementor-widget-container\">\n\t\t\t\t\t<div class=\"elementor-button-wrapper\">\n\t\t\t<a href=\"https:\/\/www.academia.edu\/44492546\/Dossi%C3%AA_Comunidade_LGBT_e_Partidos_Pol%C3%ADticos_no_Brasil_Casa_1_Vote_LGBT_2020_\" target=\"_blank\" class=\"elementor-button-link elementor-button elementor-size-sm\" role=\"button\">\n\t\t\t\t\t\t<span class=\"elementor-button-content-wrapper\">\n\t\t\t\t\t\t<span class=\"elementor-button-text\">Take your book<\/span>\n\t\t<\/span>\n\t\t\t\t\t<\/a>\n\t\t<\/div>\n\t\t\t\t<\/div>\n\t\t\t\t<\/div>\n\t\t\t\t\t<\/div>\n\t\t<\/div>\n\t\t\t\t\t\t\t<\/div>\n\t\t<\/section>\n\t\t\t\t<section class=\"elementor-section elementor-inner-section elementor-element elementor-element-368a42f elementor-section-boxed elementor-section-height-default elementor-section-height-default\" data-id=\"368a42f\" data-element_type=\"section\">\n\t\t\t\t\t\t<div class=\"elementor-container elementor-column-gap-default\">\n\t\t\t\t\t<div class=\"elementor-column elementor-col-33 elementor-inner-column elementor-element elementor-element-6fcc9a03\" data-id=\"6fcc9a03\" data-element_type=\"column\">\n\t\t\t<div class=\"elementor-widget-wrap elementor-element-populated\">\n\t\t\t\t\t\t\t\t<div class=\"elementor-element elementor-element-252ce3eb elementor-widget elementor-widget-text-editor\" data-id=\"252ce3eb\" data-element_type=\"widget\" data-widget_type=\"text-editor.default\">\n\t\t\t\t<div class=\"elementor-widget-container\">\n\t\t\t\t\t\t\t<p>2021<\/p>\t\t\t\t\t\t<\/div>\n\t\t\t\t<\/div>\n\t\t\t\t<div class=\"elementor-element elementor-element-2da8efc elementor-widget elementor-widget-image\" data-id=\"2da8efc\" data-element_type=\"widget\" data-widget_type=\"image.default\">\n\t\t\t\t<div class=\"elementor-widget-container\">\n\t\t\t\t\t\t\t\t\t\t\t\t\t\t\t\t<a href=\"http:\/\/editoraunesp.com.br\/catalogo\/9788539308088,movimentos-sociais-e-politicas-publicas\">\n\t\t\t\t\t\t\t<img width=\"202\" height=\"300\" src=\"http:\/\/en.resocie.org\/wp-content\/uploads\/2022\/02\/836_crisesnademocracia_1capa-1-202x300.jpg\" class=\"attachment-medium size-medium\" alt=\"\" loading=\"lazy\" srcset=\"http:\/\/en.resocie.org\/wp-content\/uploads\/2022\/02\/836_crisesnademocracia_1capa-1-202x300.jpg 202w, http:\/\/en.resocie.org\/wp-content\/uploads\/2022\/02\/836_crisesnademocracia_1capa-1.jpg 455w\" sizes=\"(max-width: 202px) 100vw, 202px\" \/>\t\t\t\t\t\t\t\t<\/a>\n\t\t\t\t\t\t\t\t\t\t\t\t\t\t\t<\/div>\n\t\t\t\t<\/div>\n\t\t\t\t<div class=\"elementor-element elementor-element-3bf08b25 elementor-widget elementor-widget-heading\" data-id=\"3bf08b25\" data-element_type=\"widget\" data-widget_type=\"heading.default\">\n\t\t\t\t<div class=\"elementor-widget-container\">\n\t\t\t<h3 class=\"elementor-heading-title elementor-size-default\"><a href=\"http:\/\/editoraunesp.com.br\/catalogo\/9788539308088,movimentos-sociais-e-politicas-publicas\">Crises of Democracy<\/a><\/h3>\t\t<\/div>\n\t\t\t\t<\/div>\n\t\t\t\t<div class=\"elementor-element elementor-element-527cefd5 elementor-widget elementor-widget-text-editor\" data-id=\"527cefd5\" data-element_type=\"widget\" data-widget_type=\"text-editor.default\">\n\t\t\t\t<div class=\"elementor-widget-container\">\n\t\t\t\t\t\t\t<p><strong>Organized by: Leonardo Avritzer and Priscila Delgado de Carvalho<\/strong><\/p><p><strong>Chapters by Pedro Abelin; and by Lorena Vilarins, Marisa von B\u00fclow, Te\u00f3genes Moura, Alexandre Arns, Alexandre Gomes, Beatriz Franco e Alana Fontenelle<\/strong><\/p><p>This book deals with contemporary crises of democracy, taking as its starting point problems that plague democracies in countries in South America, Africa and Southern Europe. The texts dialogue with recent theories that understand the crisis of democracy as processes of erosion of institutions, democratic values, and trust, or the expansion of neoliberal rationality that narrows the space of politics and undermines egalitarian relations.<\/p>\t\t\t\t\t\t<\/div>\n\t\t\t\t<\/div>\n\t\t\t\t<div class=\"elementor-element elementor-element-3becb914 elementor-align-center elementor-widget elementor-widget-button\" data-id=\"3becb914\" data-element_type=\"widget\" data-widget_type=\"button.default\">\n\t\t\t\t<div class=\"elementor-widget-container\">\n\t\t\t\t\t<div class=\"elementor-button-wrapper\">\n\t\t\t<a href=\"http:\/\/editoraunesp.com.br\/catalogo\/9788539308088,movimentos-sociais-e-politicas-publicas\" target=\"_blank\" class=\"elementor-button-link elementor-button elementor-size-sm\" role=\"button\">\n\t\t\t\t\t\t<span class=\"elementor-button-content-wrapper\">\n\t\t\t\t\t\t<span class=\"elementor-button-text\">Take your book<\/span>\n\t\t<\/span>\n\t\t\t\t\t<\/a>\n\t\t<\/div>\n\t\t\t\t<\/div>\n\t\t\t\t<\/div>\n\t\t\t\t\t<\/div>\n\t\t<\/div>\n\t\t\t\t<div class=\"elementor-column elementor-col-33 elementor-inner-column elementor-element elementor-element-577e636c\" data-id=\"577e636c\" data-element_type=\"column\">\n\t\t\t<div class=\"elementor-widget-wrap\">\n\t\t\t\t\t\t\t\t\t<\/div>\n\t\t<\/div>\n\t\t\t\t<div class=\"elementor-column elementor-col-33 elementor-inner-column elementor-element elementor-element-79562a85\" data-id=\"79562a85\" data-element_type=\"column\">\n\t\t\t<div class=\"elementor-widget-wrap elementor-element-populated\">\n\t\t\t\t\t\t\t\t<div class=\"elementor-element elementor-element-4e443951 elementor-widget elementor-widget-text-editor\" data-id=\"4e443951\" data-element_type=\"widget\" data-widget_type=\"text-editor.default\">\n\t\t\t\t<div class=\"elementor-widget-container\">\n\t\t\t\t\t\t\t<p>2020<\/p>\t\t\t\t\t\t<\/div>\n\t\t\t\t<\/div>\n\t\t\t\t<div class=\"elementor-element elementor-element-64bf57be elementor-widget elementor-widget-image\" data-id=\"64bf57be\" data-element_type=\"widget\" data-widget_type=\"image.default\">\n\t\t\t\t<div class=\"elementor-widget-container\">\n\t\t\t\t\t\t\t\t\t\t\t\t\t\t\t\t<a href=\"https:\/\/www.nepac.ifch.unicamp.br\/pf-nepac\/teixeira_almeida_moroni_completo.pdf\" target=\"_blank\">\n\t\t\t\t\t\t\t<img src=\"http:\/\/resocie.org\/wp-content\/uploads\/2022\/02\/A-democracia-necessaria.png\" title=\"\" alt=\"\" \/>\t\t\t\t\t\t\t\t<\/a>\n\t\t\t\t\t\t\t\t\t\t\t\t\t\t\t<\/div>\n\t\t\t\t<\/div>\n\t\t\t\t<div class=\"elementor-element elementor-element-7dff071d elementor-widget elementor-widget-heading\" data-id=\"7dff071d\" data-element_type=\"widget\" data-widget_type=\"heading.default\">\n\t\t\t\t<div class=\"elementor-widget-container\">\n\t\t\t<h3 class=\"elementor-heading-title elementor-size-default\"><a href=\"https:\/\/www.nepac.ifch.unicamp.br\/pf-nepac\/teixeira_almeida_moroni_completo.pdf\" target=\"_blank\">The necessary and desired democracy<\/a><\/h3>\t\t<\/div>\n\t\t\t\t<\/div>\n\t\t\t\t<div class=\"elementor-element elementor-element-5399d239 elementor-widget elementor-widget-text-editor\" data-id=\"5399d239\" data-element_type=\"widget\" data-widget_type=\"text-editor.default\">\n\t\t\t\t<div class=\"elementor-widget-container\">\n\t\t\t\t\t\t\t<p><strong>Organized by: Ana Claudia Teixeira, Carla Almeida and Jos\u00e9 Ant\u00f4nio Moroni<\/strong><\/p><p><strong>Chapters by Cleyton Feitosa; by Rebecca Abers and Roberto Pires; and by Debora Rezende de Almeida\u00a0<\/strong><\/p><p>This publication was born from the meeting between two initiatives: the Platform of Social Movements for the Reform of the Political System and the Network of researchers Democracy &amp; Participation. We try to systematize some of the debates that have been circulating in social movements and in academy, around themes such as democracy, institutional participation State, racism, LGBTQI+ movements, voting, party, and community power.<\/p>\t\t\t\t\t\t<\/div>\n\t\t\t\t<\/div>\n\t\t\t\t<div class=\"elementor-element elementor-element-5fc8a3f2 elementor-align-center elementor-widget elementor-widget-button\" data-id=\"5fc8a3f2\" data-element_type=\"widget\" data-widget_type=\"button.default\">\n\t\t\t\t<div class=\"elementor-widget-container\">\n\t\t\t\t\t<div class=\"elementor-button-wrapper\">\n\t\t\t<a href=\"https:\/\/www.nepac.ifch.unicamp.br\/pf-nepac\/teixeira_almeida_moroni_completo.pdf\" target=\"_blank\" class=\"elementor-button-link elementor-button elementor-size-sm\" role=\"button\">\n\t\t\t\t\t\t<span class=\"elementor-button-content-wrapper\">\n\t\t\t\t\t\t<span class=\"elementor-button-text\">Take your book<\/span>\n\t\t<\/span>\n\t\t\t\t\t<\/a>\n\t\t<\/div>\n\t\t\t\t<\/div>\n\t\t\t\t<\/div>\n\t\t\t\t\t<\/div>\n\t\t<\/div>\n\t\t\t\t\t\t\t<\/div>\n\t\t<\/section>\n\t\t\t\t<section class=\"elementor-section elementor-inner-section elementor-element elementor-element-3af7f3d8 elementor-section-boxed elementor-section-height-default elementor-section-height-default\" data-id=\"3af7f3d8\" data-element_type=\"section\">\n\t\t\t\t\t\t<div class=\"elementor-container elementor-column-gap-default\">\n\t\t\t\t\t<div class=\"elementor-column elementor-col-33 elementor-inner-column elementor-element elementor-element-3b64a347\" data-id=\"3b64a347\" data-element_type=\"column\">\n\t\t\t<div class=\"elementor-widget-wrap elementor-element-populated\">\n\t\t\t\t\t\t\t\t<div class=\"elementor-element elementor-element-5828a5ef elementor-widget elementor-widget-text-editor\" data-id=\"5828a5ef\" data-element_type=\"widget\" data-widget_type=\"text-editor.default\">\n\t\t\t\t<div class=\"elementor-widget-container\">\n\t\t\t\t\t\t\t<p>2020<\/p>\t\t\t\t\t\t<\/div>\n\t\t\t\t<\/div>\n\t\t\t\t<div class=\"elementor-element elementor-element-4e3c0141 elementor-widget elementor-widget-image\" data-id=\"4e3c0141\" data-element_type=\"widget\" data-widget_type=\"image.default\">\n\t\t\t\t<div class=\"elementor-widget-container\">\n\t\t\t\t\t\t\t\t\t\t\t\t\t\t\t\t<a href=\"http:\/\/editoraunesp.com.br\/catalogo\/9788539308187,as-politicas-da-politica\" target=\"_blank\">\n\t\t\t\t\t\t\t<img width=\"209\" height=\"300\" src=\"http:\/\/en.resocie.org\/wp-content\/uploads\/2022\/02\/as-politicas-da-politica-209x300.jpg\" class=\"attachment-medium size-medium\" alt=\"\" loading=\"lazy\" srcset=\"http:\/\/en.resocie.org\/wp-content\/uploads\/2022\/02\/as-politicas-da-politica-209x300.jpg 209w, http:\/\/en.resocie.org\/wp-content\/uploads\/2022\/02\/as-politicas-da-politica.jpg 600w\" sizes=\"(max-width: 209px) 100vw, 209px\" \/>\t\t\t\t\t\t\t\t<\/a>\n\t\t\t\t\t\t\t\t\t\t\t\t\t\t\t<\/div>\n\t\t\t\t<\/div>\n\t\t\t\t<div class=\"elementor-element elementor-element-7d40586b elementor-widget elementor-widget-heading\" data-id=\"7d40586b\" data-element_type=\"widget\" data-widget_type=\"heading.default\">\n\t\t\t\t<div class=\"elementor-widget-container\">\n\t\t\t<h3 class=\"elementor-heading-title elementor-size-default\"><a href=\"http:\/\/editoraunesp.com.br\/catalogo\/9788539308187,as-politicas-da-politica\" target=\"_blank\">The politics of politics: Inequalities and inclusion in the governments of PSDB and PT<\/a><\/h3>\t\t<\/div>\n\t\t\t\t<\/div>\n\t\t\t\t<div class=\"elementor-element elementor-element-4955d5fa elementor-widget elementor-widget-text-editor\" data-id=\"4955d5fa\" data-element_type=\"widget\" data-widget_type=\"text-editor.default\">\n\t\t\t\t<div class=\"elementor-widget-container\">\n\t\t\t\t\t\t\t<p><strong>Organized by: Marta Arretche, Eduardo Marques and Carlos Aur\u00e9lio Pimenta de Faria<\/strong><\/p><p><strong>Chapter by Rebecca Abers and D\u00e9bora Rezende Almeida: Participation in the 21st Century: the clash between political projects in federal participatory institutions<\/strong><\/p><p>Written by researchers and specialists on the theme, the articles that make up this volume investigate, under various aspects, the political frameworks of our recent republican trajectory. Thus, issues such as those related to the social protection agenda of different parties, the effectiveness of income redistribution policies adopted, the tax issue and its relation to social and economic inequality, the structure of the federal budget, among others, are addressed based on empirical data and with due scientific rigor.<\/p>\t\t\t\t\t\t<\/div>\n\t\t\t\t<\/div>\n\t\t\t\t<div class=\"elementor-element elementor-element-49148046 elementor-align-center elementor-widget elementor-widget-button\" data-id=\"49148046\" data-element_type=\"widget\" data-widget_type=\"button.default\">\n\t\t\t\t<div class=\"elementor-widget-container\">\n\t\t\t\t\t<div class=\"elementor-button-wrapper\">\n\t\t\t<a href=\"http:\/\/editoraunesp.com.br\/catalogo\/9788539308187,as-politicas-da-politica\" target=\"_blank\" class=\"elementor-button-link elementor-button elementor-size-sm\" role=\"button\">\n\t\t\t\t\t\t<span class=\"elementor-button-content-wrapper\">\n\t\t\t\t\t\t<span class=\"elementor-button-text\">Take your book<\/span>\n\t\t<\/span>\n\t\t\t\t\t<\/a>\n\t\t<\/div>\n\t\t\t\t<\/div>\n\t\t\t\t<\/div>\n\t\t\t\t\t<\/div>\n\t\t<\/div>\n\t\t\t\t<div class=\"elementor-column elementor-col-33 elementor-inner-column elementor-element elementor-element-760bf390\" data-id=\"760bf390\" data-element_type=\"column\">\n\t\t\t<div class=\"elementor-widget-wrap\">\n\t\t\t\t\t\t\t\t\t<\/div>\n\t\t<\/div>\n\t\t\t\t<div class=\"elementor-column elementor-col-33 elementor-inner-column elementor-element elementor-element-7149e5bc\" data-id=\"7149e5bc\" data-element_type=\"column\">\n\t\t\t<div class=\"elementor-widget-wrap elementor-element-populated\">\n\t\t\t\t\t\t\t\t<div class=\"elementor-element elementor-element-79cdfcde elementor-widget elementor-widget-text-editor\" data-id=\"79cdfcde\" data-element_type=\"widget\" data-widget_type=\"text-editor.default\">\n\t\t\t\t<div class=\"elementor-widget-container\">\n\t\t\t\t\t\t\t<p>2020<\/p>\t\t\t\t\t\t<\/div>\n\t\t\t\t<\/div>\n\t\t\t\t<div class=\"elementor-element elementor-element-6d1c01d elementor-widget elementor-widget-image\" data-id=\"6d1c01d\" data-element_type=\"widget\" data-widget_type=\"image.default\">\n\t\t\t\t<div class=\"elementor-widget-container\">\n\t\t\t\t\t\t\t\t\t\t\t\t\t\t\t\t<a href=\"https:\/\/www.ipea.gov.br\/portal\/index.php?option=com_content&#038;view=article&#038;id=35565&#038;Itemid=448\" target=\"_blank\">\n\t\t\t\t\t\t\t<img width=\"210\" height=\"300\" src=\"http:\/\/en.resocie.org\/wp-content\/uploads\/2022\/02\/livroconselhos-210x300.png\" class=\"attachment-medium size-medium\" alt=\"\" loading=\"lazy\" srcset=\"http:\/\/en.resocie.org\/wp-content\/uploads\/2022\/02\/livroconselhos-210x300.png 210w, http:\/\/en.resocie.org\/wp-content\/uploads\/2022\/02\/livroconselhos.png 381w\" sizes=\"(max-width: 210px) 100vw, 210px\" \/>\t\t\t\t\t\t\t\t<\/a>\n\t\t\t\t\t\t\t\t\t\t\t\t\t\t\t<\/div>\n\t\t\t\t<\/div>\n\t\t\t\t<div class=\"elementor-element elementor-element-788be1ce elementor-widget elementor-widget-heading\" data-id=\"788be1ce\" data-element_type=\"widget\" data-widget_type=\"heading.default\">\n\t\t\t\t<div class=\"elementor-widget-container\">\n\t\t\t<h3 class=\"elementor-heading-title elementor-size-default\"><a href=\"https:\/\/www.ipea.gov.br\/portal\/images\/stories\/PDFs\/livros\/200601_conselhos_nacionais_web.pdf\" target=\"_blank\">National Human Rights Councils: an analysis of the political agenda<\/a><\/h3>\t\t<\/div>\n\t\t\t\t<\/div>\n\t\t\t\t<div class=\"elementor-element elementor-element-e7a7a03 elementor-widget elementor-widget-text-editor\" data-id=\"e7a7a03\" data-element_type=\"widget\" data-widget_type=\"text-editor.default\">\n\t\t\t\t<div class=\"elementor-widget-container\">\n\t\t\t\t\t\t\t<p><strong>Organized by: James N. Green, Marcio Caetano, Marisa Fernandes e Renan Quinalha<\/strong><\/p><p><strong>Chapter by Mariana Fonseca e Daniel Pitangueira de Avelino &#8211; National Human Rights Council: Policy agenda and tasks performed<\/strong><\/p><p>This study presents the results obtained from a research conducted within the National Council for Human Rights (CNDH). It analyzes the main demands, both from the Executive Secretariat of the CNDH (SECNDH) and from the council members, to allow the council to act effectively and autonomously, as well as the predominant themes on its political agenda, covering the end of 2017 and the beginning of 2018.<\/p>\t\t\t\t\t\t<\/div>\n\t\t\t\t<\/div>\n\t\t\t\t<div class=\"elementor-element elementor-element-20e13908 elementor-align-center elementor-widget elementor-widget-button\" data-id=\"20e13908\" data-element_type=\"widget\" data-widget_type=\"button.default\">\n\t\t\t\t<div class=\"elementor-widget-container\">\n\t\t\t\t\t<div class=\"elementor-button-wrapper\">\n\t\t\t<a href=\"http:\/\/livro.democraciadigital.org.br\/files\/2017\/05\/Democracia-Digital.pdf\" target=\"_blank\" class=\"elementor-button-link elementor-button elementor-size-sm\" role=\"button\">\n\t\t\t\t\t\t<span class=\"elementor-button-content-wrapper\">\n\t\t\t\t\t\t<span class=\"elementor-button-text\">Take your book<\/span>\n\t\t<\/span>\n\t\t\t\t\t<\/a>\n\t\t<\/div>\n\t\t\t\t<\/div>\n\t\t\t\t<\/div>\n\t\t\t\t\t<\/div>\n\t\t<\/div>\n\t\t\t\t\t\t\t<\/div>\n\t\t<\/section>\n\t\t\t\t<section class=\"elementor-section elementor-inner-section elementor-element elementor-element-2c70e242 elementor-section-boxed elementor-section-height-default elementor-section-height-default\" data-id=\"2c70e242\" data-element_type=\"section\">\n\t\t\t\t\t\t<div class=\"elementor-container elementor-column-gap-default\">\n\t\t\t\t\t<div class=\"elementor-column elementor-col-33 elementor-inner-column elementor-element elementor-element-1328b6b4\" data-id=\"1328b6b4\" data-element_type=\"column\">\n\t\t\t<div class=\"elementor-widget-wrap elementor-element-populated\">\n\t\t\t\t\t\t\t\t<div class=\"elementor-element elementor-element-29b8e5cc elementor-widget elementor-widget-text-editor\" data-id=\"29b8e5cc\" data-element_type=\"widget\" data-widget_type=\"text-editor.default\">\n\t\t\t\t<div class=\"elementor-widget-container\">\n\t\t\t\t\t\t\t<p>2018<\/p>\t\t\t\t\t\t<\/div>\n\t\t\t\t<\/div>\n\t\t\t\t<div class=\"elementor-element elementor-element-304aa221 elementor-widget elementor-widget-image\" data-id=\"304aa221\" data-element_type=\"widget\" data-widget_type=\"image.default\">\n\t\t\t\t<div class=\"elementor-widget-container\">\n\t\t\t\t\t\t\t\t\t\t\t\t\t\t\t\t<a href=\"https:\/\/grupogaydabahia.files.wordpress.com\/2021\/02\/quando-ousamos-existir_interativo-1.pdf\" target=\"_blank\">\n\t\t\t\t\t\t\t<img src=\"http:\/\/resocie.org\/wp-content\/uploads\/2022\/02\/quando-ousamos-existir.jpeg\" title=\"\" alt=\"\" \/>\t\t\t\t\t\t\t\t<\/a>\n\t\t\t\t\t\t\t\t\t\t\t\t\t\t\t<\/div>\n\t\t\t\t<\/div>\n\t\t\t\t<div class=\"elementor-element elementor-element-88e5c6 elementor-widget elementor-widget-heading\" data-id=\"88e5c6\" data-element_type=\"widget\" data-widget_type=\"heading.default\">\n\t\t\t\t<div class=\"elementor-widget-container\">\n\t\t\t<h3 class=\"elementor-heading-title elementor-size-default\"><a href=\"https:\/\/grupogaydabahia.files.wordpress.com\/2021\/02\/quando-ousamos-existir_interativo-1.pdf\" target=\"_blank\">When we dare to exist : photobiographical itineraries of the LGBTI movement Brazilian (1978-2018)<\/a><\/h3>\t\t<\/div>\n\t\t\t\t<\/div>\n\t\t\t\t<div class=\"elementor-element elementor-element-113bedfb elementor-widget elementor-widget-text-editor\" data-id=\"113bedfb\" data-element_type=\"widget\" data-widget_type=\"text-editor.default\">\n\t\t\t\t<div class=\"elementor-widget-container\">\n\t\t\t\t\t\t\t<p><strong>Organized by: Marcio Caetano, Alexsandro Rodrigues, Cl\u00e1udio Nascimento and Treyce Ellen Goulart<\/strong><\/p><p><strong>Chapter by Cleyton Feitosa: Deliberating citizenship: national conferences in the trajectory of Brazilian LGBT activism<\/strong><\/p><p>Public policy conferences are &#8220;public spaces, generally convened by the executive branch, for direct dialogue between agents of the State and Civil Society with the purpose of formulating public policy guidelines&#8221; (SOUZA, 2008, p. 47). Based on this definition, I discuss the holding of LGBT National Conferences in Brazil as a relevant contemporary event in the trajectory of these 40 years of LGBT citizen activism.<\/p>\t\t\t\t\t\t<\/div>\n\t\t\t\t<\/div>\n\t\t\t\t<div class=\"elementor-element elementor-element-531e01fb elementor-align-center elementor-widget elementor-widget-button\" data-id=\"531e01fb\" data-element_type=\"widget\" data-widget_type=\"button.default\">\n\t\t\t\t<div class=\"elementor-widget-container\">\n\t\t\t\t\t<div class=\"elementor-button-wrapper\">\n\t\t\t<a href=\"https:\/\/grupogaydabahia.files.wordpress.com\/2021\/02\/quando-ousamos-existir_interativo-1.pdf\" target=\"_blank\" class=\"elementor-button-link elementor-button elementor-size-sm\" role=\"button\">\n\t\t\t\t\t\t<span class=\"elementor-button-content-wrapper\">\n\t\t\t\t\t\t<span class=\"elementor-button-text\">Take your book<\/span>\n\t\t<\/span>\n\t\t\t\t\t<\/a>\n\t\t<\/div>\n\t\t\t\t<\/div>\n\t\t\t\t<\/div>\n\t\t\t\t\t<\/div>\n\t\t<\/div>\n\t\t\t\t<div class=\"elementor-column elementor-col-33 elementor-inner-column elementor-element elementor-element-6c0d272f\" data-id=\"6c0d272f\" data-element_type=\"column\">\n\t\t\t<div class=\"elementor-widget-wrap\">\n\t\t\t\t\t\t\t\t\t<\/div>\n\t\t<\/div>\n\t\t\t\t<div class=\"elementor-column elementor-col-33 elementor-inner-column elementor-element elementor-element-55d119c7\" data-id=\"55d119c7\" data-element_type=\"column\">\n\t\t\t<div class=\"elementor-widget-wrap elementor-element-populated\">\n\t\t\t\t\t\t\t\t<div class=\"elementor-element elementor-element-3063c28a elementor-widget elementor-widget-text-editor\" data-id=\"3063c28a\" data-element_type=\"widget\" data-widget_type=\"text-editor.default\">\n\t\t\t\t<div class=\"elementor-widget-container\">\n\t\t\t\t\t\t\t<p>2018<\/p>\t\t\t\t\t\t<\/div>\n\t\t\t\t<\/div>\n\t\t\t\t<div class=\"elementor-element elementor-element-a7bb2d3 elementor-widget elementor-widget-image\" data-id=\"a7bb2d3\" data-element_type=\"widget\" data-widget_type=\"image.default\">\n\t\t\t\t<div class=\"elementor-widget-container\">\n\t\t\t\t\t\t\t\t\t\t\t\t\t\t\t\t<a href=\"https:\/\/www.alamedaeditorial.com.br\/livros-alameda\/pre-venda-historia-do-movimento-lgbt-no-brasil-envio-1212\" target=\"_blank\">\n\t\t\t\t\t\t\t<img width=\"199\" height=\"300\" src=\"http:\/\/en.resocie.org\/wp-content\/uploads\/2022\/02\/Historia-Mov-LGBT-Brasil-199x300.jpg\" class=\"attachment-medium size-medium\" alt=\"\" loading=\"lazy\" srcset=\"http:\/\/en.resocie.org\/wp-content\/uploads\/2022\/02\/Historia-Mov-LGBT-Brasil-199x300.jpg 199w, http:\/\/en.resocie.org\/wp-content\/uploads\/2022\/02\/Historia-Mov-LGBT-Brasil.jpg 331w\" sizes=\"(max-width: 199px) 100vw, 199px\" \/>\t\t\t\t\t\t\t\t<\/a>\n\t\t\t\t\t\t\t\t\t\t\t\t\t\t\t<\/div>\n\t\t\t\t<\/div>\n\t\t\t\t<div class=\"elementor-element elementor-element-1dcbae85 elementor-widget elementor-widget-heading\" data-id=\"1dcbae85\" data-element_type=\"widget\" data-widget_type=\"heading.default\">\n\t\t\t\t<div class=\"elementor-widget-container\">\n\t\t\t<h3 class=\"elementor-heading-title elementor-size-default\"><a href=\"https:\/\/www.alamedaeditorial.com.br\/livros-alameda\/pre-venda-historia-do-movimento-lgbt-no-brasil-envio-1212\" target=\"_blank\">History of the LGBT Movement in Brazil<\/a><\/h3>\t\t<\/div>\n\t\t\t\t<\/div>\n\t\t\t\t<div class=\"elementor-element elementor-element-29fecbed elementor-widget elementor-widget-text-editor\" data-id=\"29fecbed\" data-element_type=\"widget\" data-widget_type=\"text-editor.default\">\n\t\t\t\t<div class=\"elementor-widget-container\">\n\t\t\t\t\t\t\t<p><strong>Organized by: James N. Green, Marcio Caetano, Marisa Fernandes and Renan Quinalha<\/strong><\/p><p><strong>Chapter by Clayton Feitosa: Social participation in the 40 years of the Brazilian LGBT Movement<\/strong><\/p><p>The book History of the LGBT Movement in Brazil seeks to reconstruct some themes and privileged moments in the four-decade history of this important political actor in contemporary Brazil, paying attention to the diversity of its composition and perspectives within the movement. It thus intends to contribute to draw an interdisciplinary panorama of the 40 years of the Brazilian LGBT movement.<\/p>\t\t\t\t\t\t<\/div>\n\t\t\t\t<\/div>\n\t\t\t\t<div class=\"elementor-element elementor-element-76916715 elementor-align-center elementor-widget elementor-widget-button\" data-id=\"76916715\" data-element_type=\"widget\" data-widget_type=\"button.default\">\n\t\t\t\t<div class=\"elementor-widget-container\">\n\t\t\t\t\t<div class=\"elementor-button-wrapper\">\n\t\t\t<a href=\"http:\/\/livro.democraciadigital.org.br\/files\/2017\/05\/Democracia-Digital.pdf\" target=\"_blank\" class=\"elementor-button-link elementor-button elementor-size-sm\" role=\"button\">\n\t\t\t\t\t\t<span class=\"elementor-button-content-wrapper\">\n\t\t\t\t\t\t<span class=\"elementor-button-text\">Take your book<\/span>\n\t\t<\/span>\n\t\t\t\t\t<\/a>\n\t\t<\/div>\n\t\t\t\t<\/div>\n\t\t\t\t<\/div>\n\t\t\t\t\t<\/div>\n\t\t<\/div>\n\t\t\t\t\t\t\t<\/div>\n\t\t<\/section>\n\t\t\t\t<section class=\"elementor-section elementor-inner-section elementor-element elementor-element-5762d86d elementor-section-boxed elementor-section-height-default elementor-section-height-default\" data-id=\"5762d86d\" data-element_type=\"section\">\n\t\t\t\t\t\t<div class=\"elementor-container elementor-column-gap-default\">\n\t\t\t\t\t<div class=\"elementor-column elementor-col-33 elementor-inner-column elementor-element elementor-element-a0005bf\" data-id=\"a0005bf\" data-element_type=\"column\">\n\t\t\t<div class=\"elementor-widget-wrap elementor-element-populated\">\n\t\t\t\t\t\t\t\t<div class=\"elementor-element elementor-element-53f39b97 elementor-widget elementor-widget-text-editor\" data-id=\"53f39b97\" data-element_type=\"widget\" data-widget_type=\"text-editor.default\">\n\t\t\t\t<div class=\"elementor-widget-container\">\n\t\t\t\t\t\t\t<p>2016<\/p>\t\t\t\t\t\t<\/div>\n\t\t\t\t<\/div>\n\t\t\t\t<div class=\"elementor-element elementor-element-fc46eec elementor-widget elementor-widget-image\" data-id=\"fc46eec\" data-element_type=\"widget\" data-widget_type=\"image.default\">\n\t\t\t\t<div class=\"elementor-widget-container\">\n\t\t\t\t\t\t\t\t\t\t\t\t\t\t\t\t<a href=\"http:\/\/livro.democraciadigital.org.br\/files\/2017\/05\/Democracia-Digital.pdf\" target=\"_blank\">\n\t\t\t\t\t\t\t<img src=\"http:\/\/resocie.org\/wp-content\/uploads\/2022\/02\/democraciadigital.png\" title=\"\" alt=\"\" \/>\t\t\t\t\t\t\t\t<\/a>\n\t\t\t\t\t\t\t\t\t\t\t\t\t\t\t<\/div>\n\t\t\t\t<\/div>\n\t\t\t\t<div class=\"elementor-element elementor-element-2b2ecbe4 elementor-widget elementor-widget-heading\" data-id=\"2b2ecbe4\" data-element_type=\"widget\" data-widget_type=\"heading.default\">\n\t\t\t\t<div class=\"elementor-widget-container\">\n\t\t\t<h3 class=\"elementor-heading-title elementor-size-default\"><a href=\"http:\/\/livro.democraciadigital.org.br\/files\/2017\/05\/Democracia-Digital.pdf\" target=\"_blank\">Digital Democracy, Political Communication and Networks: Theory and Practice<\/a><\/h3>\t\t<\/div>\n\t\t\t\t<\/div>\n\t\t\t\t<div class=\"elementor-element elementor-element-31314091 elementor-widget elementor-widget-text-editor\" data-id=\"31314091\" data-element_type=\"widget\" data-widget_type=\"text-editor.default\">\n\t\t\t\t<div class=\"elementor-widget-container\">\n\t\t\t\t\t\t\t<p><strong>Organized by: Sivaldo Pereira da Silva, Rachel Callai Bragatto and Rafael Cardoso Sampaio <\/strong><\/p><p><strong>Chapter by D\u00e9bora Rezende de Almeida: Participatory Institutions, Accountability and Social Media: the National Council of Social Assistance<\/strong><\/p><p>The present proposal does not aim to speak specifically about the political process underway, but to reflect on the field of digital democracy, debate experiences and outline potential scenarios in order to preserve achievements and dare experiments that strengthen public transparency and social participation through the Internet.<\/p>\t\t\t\t\t\t<\/div>\n\t\t\t\t<\/div>\n\t\t\t\t<div class=\"elementor-element elementor-element-512c7487 elementor-align-center elementor-widget elementor-widget-button\" data-id=\"512c7487\" data-element_type=\"widget\" data-widget_type=\"button.default\">\n\t\t\t\t<div class=\"elementor-widget-container\">\n\t\t\t\t\t<div class=\"elementor-button-wrapper\">\n\t\t\t<a href=\"http:\/\/livro.democraciadigital.org.br\/files\/2017\/05\/Democracia-Digital.pdf\" target=\"_blank\" class=\"elementor-button-link elementor-button elementor-size-sm\" role=\"button\">\n\t\t\t\t\t\t<span class=\"elementor-button-content-wrapper\">\n\t\t\t\t\t\t<span class=\"elementor-button-text\">Take your book<\/span>\n\t\t<\/span>\n\t\t\t\t\t<\/a>\n\t\t<\/div>\n\t\t\t\t<\/div>\n\t\t\t\t<\/div>\n\t\t\t\t\t<\/div>\n\t\t<\/div>\n\t\t\t\t<div class=\"elementor-column elementor-col-33 elementor-inner-column elementor-element elementor-element-3095ba9\" data-id=\"3095ba9\" data-element_type=\"column\">\n\t\t\t<div class=\"elementor-widget-wrap\">\n\t\t\t\t\t\t\t\t\t<\/div>\n\t\t<\/div>\n\t\t\t\t<div class=\"elementor-column elementor-col-33 elementor-inner-column elementor-element elementor-element-4d39a164\" data-id=\"4d39a164\" data-element_type=\"column\">\n\t\t\t<div class=\"elementor-widget-wrap elementor-element-populated\">\n\t\t\t\t\t\t\t\t<div class=\"elementor-element elementor-element-4eef497e elementor-widget elementor-widget-text-editor\" data-id=\"4eef497e\" data-element_type=\"widget\" data-widget_type=\"text-editor.default\">\n\t\t\t\t<div class=\"elementor-widget-container\">\n\t\t\t\t\t\t\t<p>2015<\/p>\t\t\t\t\t\t<\/div>\n\t\t\t\t<\/div>\n\t\t\t\t<div class=\"elementor-element elementor-element-32e96f7d elementor-widget elementor-widget-image\" data-id=\"32e96f7d\" data-element_type=\"widget\" data-widget_type=\"image.default\">\n\t\t\t\t<div class=\"elementor-widget-container\">\n\t\t\t\t\t\t\t\t\t\t\t\t\t\t\t\t<a href=\"https:\/\/www.alamedaeditorial.com.br\/o-papel-da-teoria-politica-contemporanea-\" target=\"_blank\">\n\t\t\t\t\t\t\t<img src=\"http:\/\/resocie.org\/wp-content\/uploads\/2022\/02\/papel-teopria-politica-contemporanea.png\" title=\"\" alt=\"\" \/>\t\t\t\t\t\t\t\t<\/a>\n\t\t\t\t\t\t\t\t\t\t\t\t\t\t\t<\/div>\n\t\t\t\t<\/div>\n\t\t\t\t<div class=\"elementor-element elementor-element-5f4d2879 elementor-widget elementor-widget-heading\" data-id=\"5f4d2879\" data-element_type=\"widget\" data-widget_type=\"heading.default\">\n\t\t\t\t<div class=\"elementor-widget-container\">\n\t\t\t<h3 class=\"elementor-heading-title elementor-size-default\"><a href=\"https:\/\/www.alamedaeditorial.com.br\/o-papel-da-teoria-politica-contemporanea-\" target=\"_blank\">The Role of Contemporary Political Theory<\/a><\/h3>\t\t<\/div>\n\t\t\t\t<\/div>\n\t\t\t\t<div class=\"elementor-element elementor-element-5886b67a elementor-widget elementor-widget-text-editor\" data-id=\"5886b67a\" data-element_type=\"widget\" data-widget_type=\"text-editor.default\">\n\t\t\t\t<div class=\"elementor-widget-container\">\n\t\t\t\t\t\t\t<p><strong>Organized by: Adrian Gurza Laval\u00adle, \u00c1lvaro de Vita and C\u00edcero Ara\u00fajo<\/strong><\/p><p><strong>Chapter by D\u00e9bora Rezende de Almeida: Political representation revisited: authority, legitimacy and democracy<\/strong><\/p><p>The unity of the book lies in the vibrant commitment of its authors to mobilize the knowledge and reflection decanted in the last decades to address urgent issues of our time, concerning equality, political justice and distributive justice, institutional choices at the level of constitutions and their consequences, and the limits of electoral democracy and the problem of the legitimacy of non-electoral expedients of political inclusion.<\/p>\t\t\t\t\t\t<\/div>\n\t\t\t\t<\/div>\n\t\t\t\t<div class=\"elementor-element elementor-element-3d56e481 elementor-align-center elementor-widget elementor-widget-button\" data-id=\"3d56e481\" data-element_type=\"widget\" data-widget_type=\"button.default\">\n\t\t\t\t<div class=\"elementor-widget-container\">\n\t\t\t\t\t<div class=\"elementor-button-wrapper\">\n\t\t\t<a href=\"https:\/\/www.alamedaeditorial.com.br\/o-papel-da-teoria-politica-contemporanea-\" target=\"_blank\" class=\"elementor-button-link elementor-button elementor-size-sm\" role=\"button\">\n\t\t\t\t\t\t<span class=\"elementor-button-content-wrapper\">\n\t\t\t\t\t\t<span class=\"elementor-button-text\">Take your book<\/span>\n\t\t<\/span>\n\t\t\t\t\t<\/a>\n\t\t<\/div>\n\t\t\t\t<\/div>\n\t\t\t\t<\/div>\n\t\t\t\t\t<\/div>\n\t\t<\/div>\n\t\t\t\t\t\t\t<\/div>\n\t\t<\/section>\n\t\t\t\t<section class=\"elementor-section elementor-inner-section elementor-element elementor-element-57489919 elementor-section-boxed elementor-section-height-default elementor-section-height-default\" data-id=\"57489919\" data-element_type=\"section\">\n\t\t\t\t\t\t<div class=\"elementor-container elementor-column-gap-default\">\n\t\t\t\t\t<div class=\"elementor-column elementor-col-50 elementor-inner-column elementor-element elementor-element-1a92493\" data-id=\"1a92493\" data-element_type=\"column\">\n\t\t\t<div class=\"elementor-widget-wrap elementor-element-populated\">\n\t\t\t\t\t\t\t\t<div class=\"elementor-element elementor-element-3d7420ba elementor-widget elementor-widget-text-editor\" data-id=\"3d7420ba\" data-element_type=\"widget\" data-widget_type=\"text-editor.default\">\n\t\t\t\t<div class=\"elementor-widget-container\">\n\t\t\t\t\t\t\t<p>2013<\/p>\t\t\t\t\t\t<\/div>\n\t\t\t\t<\/div>\n\t\t\t\t<div class=\"elementor-element elementor-element-33414c5e elementor-widget elementor-widget-image\" data-id=\"33414c5e\" data-element_type=\"widget\" data-widget_type=\"image.default\">\n\t\t\t\t<div class=\"elementor-widget-container\">\n\t\t\t\t\t\t\t\t\t\t\t\t\t\t\t\t<a href=\"https:\/\/www.ipea.gov.br\/participacao\/images\/pdfs\/participacao\/Ipea_conferencias\/livro%20conferncias%20nacionais.pdf\" target=\"_blank\">\n\t\t\t\t\t\t\t<img src=\"http:\/\/resocie.org\/wp-content\/uploads\/2022\/02\/conferencias-nacionais-livro-ipea.png\" title=\"\" alt=\"\" \/>\t\t\t\t\t\t\t\t<\/a>\n\t\t\t\t\t\t\t\t\t\t\t\t\t\t\t<\/div>\n\t\t\t\t<\/div>\n\t\t\t\t<div class=\"elementor-element elementor-element-245d4503 elementor-widget elementor-widget-heading\" data-id=\"245d4503\" data-element_type=\"widget\" data-widget_type=\"heading.default\">\n\t\t\t\t<div class=\"elementor-widget-container\">\n\t\t\t<h3 class=\"elementor-heading-title elementor-size-default\"><a href=\"https:\/\/www.ipea.gov.br\/participacao\/images\/pdfs\/participacao\/Ipea_conferencias\/livro%20conferncias%20nacionais.pdf\" target=\"_blank\">National Conferences: actors, participatory dynamics and effectiveness<\/a><\/h3>\t\t<\/div>\n\t\t\t\t<\/div>\n\t\t\t\t<div class=\"elementor-element elementor-element-617fe91e elementor-widget elementor-widget-text-editor\" data-id=\"617fe91e\" data-element_type=\"widget\" data-widget_type=\"text-editor.default\">\n\t\t\t\t<div class=\"elementor-widget-container\">\n\t\t\t\t\t\t\t<p><strong>Organized by: Leonardo Avritzer and Cl\u00f3vis Henrique Leite de Souza<\/strong><\/p><p><strong>Chapter by D\u00e9bora Rezende de Almeida: Political Representation and Conferences: establishing a research agenda <br \/><\/strong><\/p><p>This book seeks to reflect on national conferences and their implications. These participatory processes that promote dialogue between state and society at the three levels of the Federation have been studied by several research institutions, which, in a collaborative way, join efforts in this joint production.\u00a0<\/p>\t\t\t\t\t\t<\/div>\n\t\t\t\t<\/div>\n\t\t\t\t<div class=\"elementor-element elementor-element-3d5f6d00 elementor-align-center elementor-widget elementor-widget-button\" data-id=\"3d5f6d00\" data-element_type=\"widget\" data-widget_type=\"button.default\">\n\t\t\t\t<div class=\"elementor-widget-container\">\n\t\t\t\t\t<div class=\"elementor-button-wrapper\">\n\t\t\t<a href=\"https:\/\/www.cambridge.org\/core\/books\/building-transnational-networks\/C9D49271D9BD9951CE98AC9F4F40DEB2#fndtn-information\" target=\"_blank\" class=\"elementor-button-link elementor-button elementor-size-sm\" role=\"button\">\n\t\t\t\t\t\t<span class=\"elementor-button-content-wrapper\">\n\t\t\t\t\t\t<span class=\"elementor-button-text\">Take your book<\/span>\n\t\t<\/span>\n\t\t\t\t\t<\/a>\n\t\t<\/div>\n\t\t\t\t<\/div>\n\t\t\t\t<\/div>\n\t\t\t\t\t<\/div>\n\t\t<\/div>\n\t\t\t\t<div class=\"elementor-column elementor-col-50 elementor-inner-column elementor-element elementor-element-734710fc\" data-id=\"734710fc\" data-element_type=\"column\">\n\t\t\t<div class=\"elementor-widget-wrap\">\n\t\t\t\t\t\t\t\t\t<\/div>\n\t\t<\/div>\n\t\t\t\t\t\t\t<\/div>\n\t\t<\/section>\n\t\t\t\t\t<\/div>\n\t\t<\/div>\n\t\t\t\t\t\t\t<\/div>\n\t\t<\/section>\n\t\t\t\t\t\t<\/div>\n\t\t\t\t\t<\/div>\n\t\t","protected":false},"excerpt":{"rendered":"<p>Get to know the books published, organized or written by our researchers. It is worth mentioning that the works presented here are only those related to the theme covered by Resocie, although some of our researchers have other works in<\/p>\n","protected":false},"author":1,"featured_media":4137,"parent":1495,"menu_order":2,"comment_status":"closed","ping_status":"closed","template":"","meta":{"om_disable_all_campaigns":false,"_monsterinsights_skip_tracking":false,"_monsterinsights_sitenote_active":false,"_monsterinsights_sitenote_note":"","_monsterinsights_sitenote_category":0},"_links":{"self":[{"href":"http:\/\/en.resocie.org\/index.php\/wp-json\/wp\/v2\/pages\/1498"}],"collection":[{"href":"http:\/\/en.resocie.org\/index.php\/wp-json\/wp\/v2\/pages"}],"about":[{"href":"http:\/\/en.resocie.org\/index.php\/wp-json\/wp\/v2\/types\/page"}],"author":[{"embeddable":true,"href":"http:\/\/en.resocie.org\/index.php\/wp-json\/wp\/v2\/users\/1"}],"replies":[{"embeddable":true,"href":"http:\/\/en.resocie.org\/index.php\/wp-json\/wp\/v2\/comments?post=1498"}],"version-history":[{"count":66,"href":"http:\/\/en.resocie.org\/index.php\/wp-json\/wp\/v2\/pages\/1498\/revisions"}],"predecessor-version":[{"id":6327,"href":"http:\/\/en.resocie.org\/index.php\/wp-json\/wp\/v2\/pages\/1498\/revisions\/6327"}],"up":[{"embeddable":true,"href":"http:\/\/en.resocie.org\/index.php\/wp-json\/wp\/v2\/pages\/1495"}],"wp:featuredmedia":[{"embeddable":true,"href":"http:\/\/en.resocie.org\/index.php\/wp-json\/wp\/v2\/media\/4137"}],"wp:attachment":[{"href":"http:\/\/en.resocie.org\/index.php\/wp-json\/wp\/v2\/media?parent=1498"}],"curies":[{"name":"wp","href":"https:\/\/api.w.org\/{rel}","templated":true}]}}