{"id":1499,"date":"2020-04-11T13:55:15","date_gmt":"2020-04-11T16:55:15","guid":{"rendered":"https:\/\/resocie.org\/?page_id=830"},"modified":"2022-02-19T21:52:55","modified_gmt":"2022-02-20T00:52:55","slug":"publications-2020-e-2019","status":"publish","type":"page","link":"http:\/\/en.resocie.org\/index.php\/home\/publications\/book-chapters\/publications-2020-e-2019\/","title":{"rendered":"Books"},"content":{"rendered":"\t\t<div data-elementor-type=\"wp-page\" data-elementor-id=\"1499\" class=\"elementor elementor-1499\" data-elementor-settings=\"[]\">\n\t\t\t\t\t\t\t<div class=\"elementor-section-wrap\">\n\t\t\t\t\t\t\t<section class=\"elementor-section elementor-top-section elementor-element elementor-element-215ea67e elementor-section-boxed elementor-section-height-default elementor-section-height-default\" data-id=\"215ea67e\" data-element_type=\"section\">\n\t\t\t\t\t\t<div class=\"elementor-container elementor-column-gap-default\">\n\t\t\t\t\t<div class=\"elementor-column elementor-col-100 elementor-top-column elementor-element elementor-element-43a9dca3\" data-id=\"43a9dca3\" data-element_type=\"column\">\n\t\t\t<div class=\"elementor-widget-wrap elementor-element-populated\">\n\t\t\t\t\t\t\t\t<div class=\"elementor-element elementor-element-4976425b elementor-widget elementor-widget-text-editor\" data-id=\"4976425b\" data-element_type=\"widget\" data-widget_type=\"text-editor.default\">\n\t\t\t\t<div class=\"elementor-widget-container\">\n\t\t\t<style>\/*! elementor - v3.5.5 - 03-02-2022 *\/\n.elementor-widget-text-editor.elementor-drop-cap-view-stacked .elementor-drop-cap{background-color:#818a91;color:#fff}.elementor-widget-text-editor.elementor-drop-cap-view-framed .elementor-drop-cap{color:#818a91;border:3px solid;background-color:transparent}.elementor-widget-text-editor:not(.elementor-drop-cap-view-default) .elementor-drop-cap{margin-top:8px}.elementor-widget-text-editor:not(.elementor-drop-cap-view-default) .elementor-drop-cap-letter{width:1em;height:1em}.elementor-widget-text-editor .elementor-drop-cap{float:left;text-align:center;line-height:1;font-size:50px}.elementor-widget-text-editor .elementor-drop-cap-letter{display:inline-block}<\/style>\t\t\t\t<p>Get to know the books published, organized or written by our researchers. It is worth mentioning that the works presented here are only those related to the theme covered by Resocie, although some of our researchers have other works in other areas.<\/p>\t\t\t\t\t\t<\/div>\n\t\t\t\t<\/div>\n\t\t\t\t<section class=\"elementor-section elementor-inner-section elementor-element elementor-element-7a8b7aab elementor-section-boxed elementor-section-height-default elementor-section-height-default\" data-id=\"7a8b7aab\" data-element_type=\"section\">\n\t\t\t\t\t\t<div class=\"elementor-container elementor-column-gap-default\">\n\t\t\t\t\t<div class=\"elementor-column elementor-col-33 elementor-inner-column elementor-element elementor-element-4d44489d\" data-id=\"4d44489d\" data-element_type=\"column\">\n\t\t\t<div class=\"elementor-widget-wrap elementor-element-populated\">\n\t\t\t\t\t\t\t\t<div class=\"elementor-element elementor-element-67aa2b2d elementor-widget elementor-widget-text-editor\" data-id=\"67aa2b2d\" data-element_type=\"widget\" data-widget_type=\"text-editor.default\">\n\t\t\t\t<div class=\"elementor-widget-container\">\n\t\t\t\t\t\t\t<p>2021<\/p>\t\t\t\t\t\t<\/div>\n\t\t\t\t<\/div>\n\t\t\t\t<div class=\"elementor-element elementor-element-70ae70e1 elementor-widget elementor-widget-image\" data-id=\"70ae70e1\" data-element_type=\"widget\" data-widget_type=\"image.default\">\n\t\t\t\t<div class=\"elementor-widget-container\">\n\t\t\t<style>\/*! elementor - v3.5.5 - 03-02-2022 *\/\n.elementor-widget-image{text-align:center}.elementor-widget-image a{display:inline-block}.elementor-widget-image a img[src$=\".svg\"]{width:48px}.elementor-widget-image img{vertical-align:middle;display:inline-block}<\/style>\t\t\t\t\t\t\t\t\t\t\t\t\t<a href=\"https:\/\/books.scielo.org\/id\/y9zwc\">\n\t\t\t\t\t\t\t<img width=\"209\" height=\"300\" src=\"http:\/\/en.resocie.org\/wp-content\/uploads\/2022\/01\/capa-ativismo-digital-scaled-1-209x300.jpeg\" class=\"attachment-medium size-medium\" alt=\"\" loading=\"lazy\" srcset=\"http:\/\/en.resocie.org\/wp-content\/uploads\/2022\/01\/capa-ativismo-digital-scaled-1-209x300.jpeg 209w, http:\/\/en.resocie.org\/wp-content\/uploads\/2022\/01\/capa-ativismo-digital-scaled-1-712x1024.jpeg 712w, http:\/\/en.resocie.org\/wp-content\/uploads\/2022\/01\/capa-ativismo-digital-scaled-1-768x1104.jpeg 768w, http:\/\/en.resocie.org\/wp-content\/uploads\/2022\/01\/capa-ativismo-digital-scaled-1-1069x1536.jpeg 1069w, http:\/\/en.resocie.org\/wp-content\/uploads\/2022\/01\/capa-ativismo-digital-scaled-1-1425x2048.jpeg 1425w, http:\/\/en.resocie.org\/wp-content\/uploads\/2022\/01\/capa-ativismo-digital-scaled-1.jpeg 1781w\" sizes=\"(max-width: 209px) 100vw, 209px\" \/>\t\t\t\t\t\t\t\t<\/a>\n\t\t\t\t\t\t\t\t\t\t\t\t\t\t\t<\/div>\n\t\t\t\t<\/div>\n\t\t\t\t<div class=\"elementor-element elementor-element-324ef224 elementor-widget elementor-widget-heading\" data-id=\"324ef224\" data-element_type=\"widget\" data-widget_type=\"heading.default\">\n\t\t\t\t<div class=\"elementor-widget-container\">\n\t\t\t<style>\/*! elementor - v3.5.5 - 03-02-2022 *\/\n.elementor-heading-title{padding:0;margin:0;line-height:1}.elementor-widget-heading .elementor-heading-title[class*=elementor-size-]>a{color:inherit;font-size:inherit;line-height:inherit}.elementor-widget-heading .elementor-heading-title.elementor-size-small{font-size:15px}.elementor-widget-heading .elementor-heading-title.elementor-size-medium{font-size:19px}.elementor-widget-heading .elementor-heading-title.elementor-size-large{font-size:29px}.elementor-widget-heading .elementor-heading-title.elementor-size-xl{font-size:39px}.elementor-widget-heading .elementor-heading-title.elementor-size-xxl{font-size:59px}<\/style><h3 class=\"elementor-heading-title elementor-size-default\"><a href=\"https:\/\/books.scielo.org\/id\/y9zwc\">Institutional activism: creativity and struggle in Brazilian bureaucracy<\/a><\/h3>\t\t<\/div>\n\t\t\t\t<\/div>\n\t\t\t\t<div class=\"elementor-element elementor-element-7bac0d2f elementor-widget elementor-widget-text-editor\" data-id=\"7bac0d2f\" data-element_type=\"widget\" data-widget_type=\"text-editor.default\">\n\t\t\t\t<div class=\"elementor-widget-container\">\n\t\t\t\t\t\t\t<p><strong>Organiza\u00e7\u00e3o: Rebecca Abers and chapters by many Resocie authors<\/strong><\/p><p>This book is an invitation to creativity: the creativity that was demonstrated in the inhospitable environment of bureaucracy; the creativity that was demanded in the research and in the understanding of the unexpected; and, now, the creativity of the reader, so that he can have another perspective of the State and, from what is glimpsed here, be open to the unpredictable. In the blink of an eye, the context has already changed, history is challenged, and activist actions may appear with other contours, from where one least imagines<\/p>\t\t\t\t\t\t<\/div>\n\t\t\t\t<\/div>\n\t\t\t\t<div class=\"elementor-element elementor-element-21f95116 elementor-align-center elementor-widget elementor-widget-button\" data-id=\"21f95116\" data-element_type=\"widget\" data-widget_type=\"button.default\">\n\t\t\t\t<div class=\"elementor-widget-container\">\n\t\t\t\t\t<div class=\"elementor-button-wrapper\">\n\t\t\t<a href=\"https:\/\/books.scielo.org\/id\/y9zwc\" target=\"_blank\" class=\"elementor-button-link elementor-button elementor-size-sm\" role=\"button\">\n\t\t\t\t\t\t<span class=\"elementor-button-content-wrapper\">\n\t\t\t\t\t\t<span class=\"elementor-button-text\">Take your book<\/span>\n\t\t<\/span>\n\t\t\t\t\t<\/a>\n\t\t<\/div>\n\t\t\t\t<\/div>\n\t\t\t\t<\/div>\n\t\t\t\t\t<\/div>\n\t\t<\/div>\n\t\t\t\t<div class=\"elementor-column elementor-col-33 elementor-inner-column elementor-element elementor-element-4c06d456\" data-id=\"4c06d456\" data-element_type=\"column\">\n\t\t\t<div class=\"elementor-widget-wrap\">\n\t\t\t\t\t\t\t\t\t<\/div>\n\t\t<\/div>\n\t\t\t\t<div class=\"elementor-column elementor-col-33 elementor-inner-column elementor-element elementor-element-5a939541\" data-id=\"5a939541\" data-element_type=\"column\">\n\t\t\t<div class=\"elementor-widget-wrap elementor-element-populated\">\n\t\t\t\t\t\t\t\t<div class=\"elementor-element elementor-element-67d90654 elementor-widget elementor-widget-text-editor\" data-id=\"67d90654\" data-element_type=\"widget\" data-widget_type=\"text-editor.default\">\n\t\t\t\t<div class=\"elementor-widget-container\">\n\t\t\t\t\t\t\t<p>2018<\/p>\t\t\t\t\t\t<\/div>\n\t\t\t\t<\/div>\n\t\t\t\t<div class=\"elementor-element elementor-element-41f2c243 elementor-widget elementor-widget-image\" data-id=\"41f2c243\" data-element_type=\"widget\" data-widget_type=\"image.default\">\n\t\t\t\t<div class=\"elementor-widget-container\">\n\t\t\t\t\t\t\t\t\t\t\t\t\t\t\t\t<a href=\"https:\/\/www.ipea.gov.br\/portal\/images\/stories\/PDFs\/livros\/livros\/180705_livro_burocracia_e_politicas_publicas_no_brasil.pdf\" target=\"_blank\">\n\t\t\t\t\t\t\t<img width=\"209\" height=\"300\" src=\"http:\/\/en.resocie.org\/wp-content\/uploads\/2022\/02\/burocracia-209x300.png\" class=\"attachment-medium size-medium\" alt=\"\" loading=\"lazy\" srcset=\"http:\/\/en.resocie.org\/wp-content\/uploads\/2022\/02\/burocracia-209x300.png 209w, http:\/\/en.resocie.org\/wp-content\/uploads\/2022\/02\/burocracia-712x1024.png 712w, http:\/\/en.resocie.org\/wp-content\/uploads\/2022\/02\/burocracia-768x1104.png 768w, http:\/\/en.resocie.org\/wp-content\/uploads\/2022\/02\/burocracia.png 850w\" sizes=\"(max-width: 209px) 100vw, 209px\" \/>\t\t\t\t\t\t\t\t<\/a>\n\t\t\t\t\t\t\t\t\t\t\t\t\t\t\t<\/div>\n\t\t\t\t<\/div>\n\t\t\t\t<div class=\"elementor-element elementor-element-431b168d elementor-widget elementor-widget-heading\" data-id=\"431b168d\" data-element_type=\"widget\" data-widget_type=\"heading.default\">\n\t\t\t\t<div class=\"elementor-widget-container\">\n\t\t\t<h3 class=\"elementor-heading-title elementor-size-default\"><a href=\"https:\/\/www.ipea.gov.br\/portal\/images\/stories\/PDFs\/livros\/livros\/180705_livro_burocracia_e_politicas_publicas_no_brasil.pdf\" target=\"_blank\">Burocracia e pol\u00edticas p\u00fablicas no Brasil : interse\u00e7\u00f5es anal\u00edticas<\/a><\/h3>\t\t<\/div>\n\t\t\t\t<\/div>\n\t\t\t\t<div class=\"elementor-element elementor-element-2fdac7b6 elementor-widget elementor-widget-text-editor\" data-id=\"2fdac7b6\" data-element_type=\"widget\" data-widget_type=\"text-editor.default\">\n\t\t\t\t<div class=\"elementor-widget-container\">\n\t\t\t\t\t\t\t<p><strong>Editors: Roberto Pires, Gabriela Lotta e Vanessa Elias de Oliveira e and chapters by others Resocie authors<\/strong><\/p><p>A evolu\u00e7\u00e3o dos estudos sobre burocracia e pol\u00edticas p\u00fablicas no Brasil tem sido marcada por aproxima\u00e7\u00f5es e distanciamentos.\u00a0 A partir de meados dos anos 2000, o tema volta a ganhar proemin\u00eancia nas agendas de pesquisa, agora privilegiando olhares para as intera\u00e7\u00f5es de distintos atores burocr\u00e1ticos com atores sociais, pol\u00edticos e econ\u00f4micos, a partir dos enquadramentos conceituais da democracia, da governan\u00e7a, da regula\u00e7\u00e3o, do controle e das capacidades estatais.<\/p>\t\t\t\t\t\t<\/div>\n\t\t\t\t<\/div>\n\t\t\t\t<div class=\"elementor-element elementor-element-212c1bcf elementor-align-center elementor-widget elementor-widget-button\" data-id=\"212c1bcf\" data-element_type=\"widget\" data-widget_type=\"button.default\">\n\t\t\t\t<div class=\"elementor-widget-container\">\n\t\t\t\t\t<div class=\"elementor-button-wrapper\">\n\t\t\t<a href=\"https:\/\/www.ipea.gov.br\/portal\/images\/stories\/PDFs\/livros\/livros\/180705_livro_burocracia_e_politicas_publicas_no_brasil.pdf\" target=\"_blank\" class=\"elementor-button-link elementor-button elementor-size-sm\" role=\"button\">\n\t\t\t\t\t\t<span class=\"elementor-button-content-wrapper\">\n\t\t\t\t\t\t<span class=\"elementor-button-text\">Take your book<\/span>\n\t\t<\/span>\n\t\t\t\t\t<\/a>\n\t\t<\/div>\n\t\t\t\t<\/div>\n\t\t\t\t<\/div>\n\t\t\t\t\t<\/div>\n\t\t<\/div>\n\t\t\t\t\t\t\t<\/div>\n\t\t<\/section>\n\t\t\t\t<section class=\"elementor-section elementor-inner-section elementor-element elementor-element-68b4bd3e elementor-section-boxed elementor-section-height-default elementor-section-height-default\" data-id=\"68b4bd3e\" data-element_type=\"section\">\n\t\t\t\t\t\t<div class=\"elementor-container elementor-column-gap-default\">\n\t\t\t\t\t<div class=\"elementor-column elementor-col-33 elementor-inner-column elementor-element elementor-element-5555a7a1\" data-id=\"5555a7a1\" data-element_type=\"column\">\n\t\t\t<div class=\"elementor-widget-wrap elementor-element-populated\">\n\t\t\t\t\t\t\t\t<div class=\"elementor-element elementor-element-2903ed7f elementor-widget elementor-widget-text-editor\" data-id=\"2903ed7f\" data-element_type=\"widget\" data-widget_type=\"text-editor.default\">\n\t\t\t\t<div class=\"elementor-widget-container\">\n\t\t\t\t\t\t\t<p>2017<\/p>\t\t\t\t\t\t<\/div>\n\t\t\t\t<\/div>\n\t\t\t\t<div class=\"elementor-element elementor-element-50ee445e elementor-widget elementor-widget-image\" data-id=\"50ee445e\" data-element_type=\"widget\" data-widget_type=\"image.default\">\n\t\t\t\t<div class=\"elementor-widget-container\">\n\t\t\t\t\t\t\t\t\t\t\t\t\t\t\t\t<a href=\"https:\/\/books.google.com.br\/books\/about\/Pol%C3%ADticas_P%C3%BAblicas_LGBT_e_Constru%C3%A7%C3%A3o.html?id=_WA-DwAAQBAJ&#038;source=kp_book_description&#038;redir_esc=y\">\n\t\t\t\t\t\t\t<img width=\"300\" height=\"300\" src=\"http:\/\/en.resocie.org\/wp-content\/uploads\/2022\/02\/pp-lgbt-300x300.jpg\" class=\"attachment-medium size-medium\" alt=\"\" loading=\"lazy\" srcset=\"http:\/\/en.resocie.org\/wp-content\/uploads\/2022\/02\/pp-lgbt-300x300.jpg 300w, http:\/\/en.resocie.org\/wp-content\/uploads\/2022\/02\/pp-lgbt-150x150.jpg 150w, http:\/\/en.resocie.org\/wp-content\/uploads\/2022\/02\/pp-lgbt-270x270.jpg 270w, http:\/\/en.resocie.org\/wp-content\/uploads\/2022\/02\/pp-lgbt-230x230.jpg 230w, http:\/\/en.resocie.org\/wp-content\/uploads\/2022\/02\/pp-lgbt.jpg 600w\" sizes=\"(max-width: 300px) 100vw, 300px\" \/>\t\t\t\t\t\t\t\t<\/a>\n\t\t\t\t\t\t\t\t\t\t\t\t\t\t\t<\/div>\n\t\t\t\t<\/div>\n\t\t\t\t<div class=\"elementor-element elementor-element-18362a74 elementor-widget elementor-widget-heading\" data-id=\"18362a74\" data-element_type=\"widget\" data-widget_type=\"heading.default\">\n\t\t\t\t<div class=\"elementor-widget-container\">\n\t\t\t<h3 class=\"elementor-heading-title elementor-size-default\"><a href=\"https:\/\/books.google.com.br\/books\/about\/Pol%C3%ADticas_P%C3%BAblicas_LGBT_e_Constru%C3%A7%C3%A3o.html?id=_WA-DwAAQBAJ&#038;source=kp_book_description&#038;redir_esc=y\">LGBT Public Policies and Democratic Construction in Brazil<\/a><\/h3>\t\t<\/div>\n\t\t\t\t<\/div>\n\t\t\t\t<div class=\"elementor-element elementor-element-21df27f6 elementor-widget elementor-widget-text-editor\" data-id=\"21df27f6\" data-element_type=\"widget\" data-widget_type=\"text-editor.default\">\n\t\t\t\t<div class=\"elementor-widget-container\">\n\t\t\t\t\t\t\t<p><strong>Autor: Cleyton Feitosa<\/strong><\/p><p>A fundamental work for the so-called LGBT Studies, and will help teachers, students and researchers, as well as activists and managers interested in research on Gender, Sexuality and Human Rights. Its differential consists in the deep debate about public policies of human rights aimed at lesbians, gays, bisexuals, transvestites and transsexuals &#8211; analyzing a concrete case, notably the LGBT Reference Center of Pernambuco &#8211; in articulation with recent theoretical debates about democracy building and the political projects in force in Brazil.\u00a0<\/p>\t\t\t\t\t\t<\/div>\n\t\t\t\t<\/div>\n\t\t\t\t<div class=\"elementor-element elementor-element-21ac56a4 elementor-align-center elementor-widget elementor-widget-button\" data-id=\"21ac56a4\" data-element_type=\"widget\" data-widget_type=\"button.default\">\n\t\t\t\t<div class=\"elementor-widget-container\">\n\t\t\t\t\t<div class=\"elementor-button-wrapper\">\n\t\t\t<a href=\"https:\/\/books.google.com.br\/books\/about\/Pol%C3%ADticas_P%C3%BAblicas_LGBT_e_Constru%C3%A7%C3%A3o.html?id=_WA-DwAAQBAJ&#038;source=kp_book_description&#038;redir_esc=y\" target=\"_blank\" class=\"elementor-button-link elementor-button elementor-size-sm\" role=\"button\">\n\t\t\t\t\t\t<span class=\"elementor-button-content-wrapper\">\n\t\t\t\t\t\t<span class=\"elementor-button-text\">Take your book<\/span>\n\t\t<\/span>\n\t\t\t\t\t<\/a>\n\t\t<\/div>\n\t\t\t\t<\/div>\n\t\t\t\t<\/div>\n\t\t\t\t\t<\/div>\n\t\t<\/div>\n\t\t\t\t<div class=\"elementor-column elementor-col-33 elementor-inner-column elementor-element elementor-element-6ae3a8d1\" data-id=\"6ae3a8d1\" data-element_type=\"column\">\n\t\t\t<div class=\"elementor-widget-wrap\">\n\t\t\t\t\t\t\t\t\t<\/div>\n\t\t<\/div>\n\t\t\t\t<div class=\"elementor-column elementor-col-33 elementor-inner-column elementor-element elementor-element-28ac2d9d\" data-id=\"28ac2d9d\" data-element_type=\"column\">\n\t\t\t<div class=\"elementor-widget-wrap elementor-element-populated\">\n\t\t\t\t\t\t\t\t<div class=\"elementor-element elementor-element-594e5647 elementor-widget elementor-widget-text-editor\" data-id=\"594e5647\" data-element_type=\"widget\" data-widget_type=\"text-editor.default\">\n\t\t\t\t<div class=\"elementor-widget-container\">\n\t\t\t\t\t\t\t<p>2017<\/p>\t\t\t\t\t\t<\/div>\n\t\t\t\t<\/div>\n\t\t\t\t<div class=\"elementor-element elementor-element-5e261592 elementor-widget elementor-widget-image\" data-id=\"5e261592\" data-element_type=\"widget\" data-widget_type=\"image.default\">\n\t\t\t\t<div class=\"elementor-widget-container\">\n\t\t\t\t\t\t\t\t\t\t\t\t\t\t\t\t<a href=\"https:\/\/link.springer.com\/book\/10.1057\/978-1-137-60013-4\" target=\"_blank\">\n\t\t\t\t\t\t\t<img width=\"212\" height=\"300\" src=\"http:\/\/en.resocie.org\/wp-content\/uploads\/2022\/02\/social-movements-212x300.jpeg\" class=\"attachment-medium size-medium\" alt=\"\" loading=\"lazy\" srcset=\"http:\/\/en.resocie.org\/wp-content\/uploads\/2022\/02\/social-movements-212x300.jpeg 212w, http:\/\/en.resocie.org\/wp-content\/uploads\/2022\/02\/social-movements.jpeg 306w\" sizes=\"(max-width: 212px) 100vw, 212px\" \/>\t\t\t\t\t\t\t\t<\/a>\n\t\t\t\t\t\t\t\t\t\t\t\t\t\t\t<\/div>\n\t\t\t\t<\/div>\n\t\t\t\t<div class=\"elementor-element elementor-element-4ae7ad9e elementor-widget elementor-widget-heading\" data-id=\"4ae7ad9e\" data-element_type=\"widget\" data-widget_type=\"heading.default\">\n\t\t\t\t<div class=\"elementor-widget-container\">\n\t\t\t<h3 class=\"elementor-heading-title elementor-size-default\"><a href=\"https:\/\/link.springer.com\/book\/10.1057\/978-1-137-60013-4\" target=\"_blank\">Social Movements in Chile<\/a><\/h3>\t\t<\/div>\n\t\t\t\t<\/div>\n\t\t\t\t<div class=\"elementor-element elementor-element-5a9c9fb3 elementor-widget elementor-widget-text-editor\" data-id=\"5a9c9fb3\" data-element_type=\"widget\" data-widget_type=\"text-editor.default\">\n\t\t\t\t<div class=\"elementor-widget-container\">\n\t\t\t\t\t\t\t<p><strong>Autores: Sofia Donoso e Marisa von B\u00fclow<\/strong><\/p><p>Analyzes the development of the most visible social movements in Chile since 1990.<br \/>Contributes to a growing literature on the relationship of social movements with the institutional terrain in the world.<br \/>Fills an important research gap in the study of collective action in Chile.<\/p>\t\t\t\t\t\t<\/div>\n\t\t\t\t<\/div>\n\t\t\t\t<div class=\"elementor-element elementor-element-632a5711 elementor-align-center elementor-widget elementor-widget-button\" data-id=\"632a5711\" data-element_type=\"widget\" data-widget_type=\"button.default\">\n\t\t\t\t<div class=\"elementor-widget-container\">\n\t\t\t\t\t<div class=\"elementor-button-wrapper\">\n\t\t\t<a href=\"https:\/\/link.springer.com\/book\/10.1057\/978-1-137-60013-4\" target=\"_blank\" class=\"elementor-button-link elementor-button elementor-size-sm\" role=\"button\">\n\t\t\t\t\t\t<span class=\"elementor-button-content-wrapper\">\n\t\t\t\t\t\t<span class=\"elementor-button-text\">Take your book<\/span>\n\t\t<\/span>\n\t\t\t\t\t<\/a>\n\t\t<\/div>\n\t\t\t\t<\/div>\n\t\t\t\t<\/div>\n\t\t\t\t\t<\/div>\n\t\t<\/div>\n\t\t\t\t\t\t\t<\/div>\n\t\t<\/section>\n\t\t\t\t<section class=\"elementor-section elementor-inner-section elementor-element elementor-element-649aad47 elementor-section-boxed elementor-section-height-default elementor-section-height-default\" data-id=\"649aad47\" data-element_type=\"section\">\n\t\t\t\t\t\t<div class=\"elementor-container elementor-column-gap-default\">\n\t\t\t\t\t<div class=\"elementor-column elementor-col-33 elementor-inner-column elementor-element elementor-element-57b72cd9\" data-id=\"57b72cd9\" data-element_type=\"column\">\n\t\t\t<div class=\"elementor-widget-wrap elementor-element-populated\">\n\t\t\t\t\t\t\t\t<div class=\"elementor-element elementor-element-7426375a elementor-widget elementor-widget-text-editor\" data-id=\"7426375a\" data-element_type=\"widget\" data-widget_type=\"text-editor.default\">\n\t\t\t\t<div class=\"elementor-widget-container\">\n\t\t\t\t\t\t\t<p>2017<\/p>\t\t\t\t\t\t<\/div>\n\t\t\t\t<\/div>\n\t\t\t\t<div class=\"elementor-element elementor-element-7501d8b7 elementor-widget elementor-widget-image\" data-id=\"7501d8b7\" data-element_type=\"widget\" data-widget_type=\"image.default\">\n\t\t\t\t<div class=\"elementor-widget-container\">\n\t\t\t\t\t\t\t\t\t\t\t\t\t\t\t\t<a href=\"https:\/\/www.amazon.com\/Practical-Authority-Institutional-Brazilian-Politics\/dp\/0199985278\" target=\"_blank\">\n\t\t\t\t\t\t\t<img width=\"199\" height=\"300\" src=\"http:\/\/en.resocie.org\/wp-content\/uploads\/2022\/02\/pratical-authority-199x300.jpg\" class=\"attachment-medium size-medium\" alt=\"\" loading=\"lazy\" srcset=\"http:\/\/en.resocie.org\/wp-content\/uploads\/2022\/02\/pratical-authority-199x300.jpg 199w, http:\/\/en.resocie.org\/wp-content\/uploads\/2022\/02\/pratical-authority.jpg 230w\" sizes=\"(max-width: 199px) 100vw, 199px\" \/>\t\t\t\t\t\t\t\t<\/a>\n\t\t\t\t\t\t\t\t\t\t\t\t\t\t\t<\/div>\n\t\t\t\t<\/div>\n\t\t\t\t<div class=\"elementor-element elementor-element-6548c60 elementor-widget elementor-widget-heading\" data-id=\"6548c60\" data-element_type=\"widget\" data-widget_type=\"heading.default\">\n\t\t\t\t<div class=\"elementor-widget-container\">\n\t\t\t<h3 class=\"elementor-heading-title elementor-size-default\"><a href=\"https:\/\/www.amazon.com\/Practical-Authority-Institutional-Brazilian-Politics\/dp\/0199985278\" target=\"_blank\">Practical Authority: Agency and Institutional Change in Brazilian Water Politics<\/a><\/h3>\t\t<\/div>\n\t\t\t\t<\/div>\n\t\t\t\t<div class=\"elementor-element elementor-element-11c007a8 elementor-widget elementor-widget-text-editor\" data-id=\"11c007a8\" data-element_type=\"widget\" data-widget_type=\"text-editor.default\">\n\t\t\t\t<div class=\"elementor-widget-container\">\n\t\t\t\t\t\t\t<p><strong>Autors: Rebecca Neaera Abers, Margaret E. Keck<\/strong><\/p><p>How do institutional arrangements established by law become operational in practice? It takes work for them to develop problem-solving capabilities and win recognition from others-what the authors call &#8220;practical authority.&#8221; Drawing from a decade-long, multi-site study of efforts to transform freshwater management in Brazil, the authors show how an assortment of protagonists-from state officials to university professors to activists-struggled to breathe life into new institutional designs.<\/p>\t\t\t\t\t\t<\/div>\n\t\t\t\t<\/div>\n\t\t\t\t<div class=\"elementor-element elementor-element-6becda51 elementor-align-center elementor-widget elementor-widget-button\" data-id=\"6becda51\" data-element_type=\"widget\" data-widget_type=\"button.default\">\n\t\t\t\t<div class=\"elementor-widget-container\">\n\t\t\t\t\t<div class=\"elementor-button-wrapper\">\n\t\t\t<a href=\"https:\/\/www.amazon.com\/Practical-Authority-Institutional-Brazilian-Politics\/dp\/0199985278\" target=\"_blank\" class=\"elementor-button-link elementor-button elementor-size-sm\" role=\"button\">\n\t\t\t\t\t\t<span class=\"elementor-button-content-wrapper\">\n\t\t\t\t\t\t<span class=\"elementor-button-text\">Take your book<\/span>\n\t\t<\/span>\n\t\t\t\t\t<\/a>\n\t\t<\/div>\n\t\t\t\t<\/div>\n\t\t\t\t<\/div>\n\t\t\t\t\t<\/div>\n\t\t<\/div>\n\t\t\t\t<div class=\"elementor-column elementor-col-33 elementor-inner-column elementor-element elementor-element-41796c86\" data-id=\"41796c86\" data-element_type=\"column\">\n\t\t\t<div class=\"elementor-widget-wrap\">\n\t\t\t\t\t\t\t\t\t<\/div>\n\t\t<\/div>\n\t\t\t\t<div class=\"elementor-column elementor-col-33 elementor-inner-column elementor-element elementor-element-7f8596f3\" data-id=\"7f8596f3\" data-element_type=\"column\">\n\t\t\t<div class=\"elementor-widget-wrap elementor-element-populated\">\n\t\t\t\t\t\t\t\t<div class=\"elementor-element elementor-element-354f99a8 elementor-widget elementor-widget-text-editor\" data-id=\"354f99a8\" data-element_type=\"widget\" data-widget_type=\"text-editor.default\">\n\t\t\t\t<div class=\"elementor-widget-container\">\n\t\t\t\t\t\t\t<p>2015<\/p>\t\t\t\t\t\t<\/div>\n\t\t\t\t<\/div>\n\t\t\t\t<div class=\"elementor-element elementor-element-31bb6eac elementor-widget elementor-widget-image\" data-id=\"31bb6eac\" data-element_type=\"widget\" data-widget_type=\"image.default\">\n\t\t\t\t<div class=\"elementor-widget-container\">\n\t\t\t\t\t\t\t\t\t\t\t\t\t\t\t\t<a href=\"https:\/\/www.martinsfontespaulista.com.br\/representacao-alem-das-eleicoes-771742\/p\" target=\"_blank\">\n\t\t\t\t\t\t\t<img src=\"http:\/\/resocie.org\/wp-content\/uploads\/2022\/02\/representacaoalemdaseleicoes.png\" title=\"\" alt=\"\" \/>\t\t\t\t\t\t\t\t<\/a>\n\t\t\t\t\t\t\t\t\t\t\t\t\t\t\t<\/div>\n\t\t\t\t<\/div>\n\t\t\t\t<div class=\"elementor-element elementor-element-44f29ea3 elementor-widget elementor-widget-heading\" data-id=\"44f29ea3\" data-element_type=\"widget\" data-widget_type=\"heading.default\">\n\t\t\t\t<div class=\"elementor-widget-container\">\n\t\t\t<h3 class=\"elementor-heading-title elementor-size-default\"><a href=\"https:\/\/www.martinsfontespaulista.com.br\/representacao-alem-das-eleicoes-771742\/p\" target=\"_blank\">Representation Beyond Elections: Rethinking the Boundaries between State and Society<\/a><\/h3>\t\t<\/div>\n\t\t\t\t<\/div>\n\t\t\t\t<div class=\"elementor-element elementor-element-f833099 elementor-widget elementor-widget-text-editor\" data-id=\"f833099\" data-element_type=\"widget\" data-widget_type=\"text-editor.default\">\n\t\t\t\t<div class=\"elementor-widget-container\">\n\t\t\t\t\t\t\t<p><strong>Autor: Debora Rezende de Almeida<\/strong><\/p><p>What is political representation and what are the criteria that define it as democratic? To answer such questions, this work argues that it is necessary to consider three distinct and interrelated dimensions, namely, who represents, what is represented, and how it is represented.<\/p>\t\t\t\t\t\t<\/div>\n\t\t\t\t<\/div>\n\t\t\t\t<div class=\"elementor-element elementor-element-15e01f83 elementor-align-center elementor-widget elementor-widget-button\" data-id=\"15e01f83\" data-element_type=\"widget\" data-widget_type=\"button.default\">\n\t\t\t\t<div class=\"elementor-widget-container\">\n\t\t\t\t\t<div class=\"elementor-button-wrapper\">\n\t\t\t<a href=\"https:\/\/link.springer.com\/book\/10.1057\/978-1-137-60013-4\" target=\"_blank\" class=\"elementor-button-link elementor-button elementor-size-sm\" role=\"button\">\n\t\t\t\t\t\t<span class=\"elementor-button-content-wrapper\">\n\t\t\t\t\t\t<span class=\"elementor-button-text\">Take your book<\/span>\n\t\t<\/span>\n\t\t\t\t\t<\/a>\n\t\t<\/div>\n\t\t\t\t<\/div>\n\t\t\t\t<\/div>\n\t\t\t\t\t<\/div>\n\t\t<\/div>\n\t\t\t\t\t\t\t<\/div>\n\t\t<\/section>\n\t\t\t\t<section class=\"elementor-section elementor-inner-section elementor-element elementor-element-59f48699 elementor-section-boxed elementor-section-height-default elementor-section-height-default\" data-id=\"59f48699\" data-element_type=\"section\">\n\t\t\t\t\t\t<div class=\"elementor-container elementor-column-gap-default\">\n\t\t\t\t\t<div class=\"elementor-column elementor-col-33 elementor-inner-column elementor-element elementor-element-19713649\" data-id=\"19713649\" data-element_type=\"column\">\n\t\t\t<div class=\"elementor-widget-wrap elementor-element-populated\">\n\t\t\t\t\t\t\t\t<div class=\"elementor-element elementor-element-4e46658 elementor-widget elementor-widget-text-editor\" data-id=\"4e46658\" data-element_type=\"widget\" data-widget_type=\"text-editor.default\">\n\t\t\t\t<div class=\"elementor-widget-container\">\n\t\t\t\t\t\t\t<p>2015<\/p>\t\t\t\t\t\t<\/div>\n\t\t\t\t<\/div>\n\t\t\t\t<div class=\"elementor-element elementor-element-1719fa18 elementor-widget elementor-widget-image\" data-id=\"1719fa18\" data-element_type=\"widget\" data-widget_type=\"image.default\">\n\t\t\t\t<div class=\"elementor-widget-container\">\n\t\t\t\t\t\t\t\t\t\t\t\t\t\t\t\t<a href=\"https:\/\/www.routledge.com\/Social-Movement-Dynamics-New-Perspectives-on-Theory-and-Research-from\/Rossi-Bulow\/p\/book\/9781472417688\" target=\"_blank\">\n\t\t\t\t\t\t\t<img src=\"http:\/\/resocie.org\/wp-content\/uploads\/2022\/02\/socialmovementdinamics.jpg\" title=\"\" alt=\"\" \/>\t\t\t\t\t\t\t\t<\/a>\n\t\t\t\t\t\t\t\t\t\t\t\t\t\t\t<\/div>\n\t\t\t\t<\/div>\n\t\t\t\t<div class=\"elementor-element elementor-element-2442ac7 elementor-widget elementor-widget-heading\" data-id=\"2442ac7\" data-element_type=\"widget\" data-widget_type=\"heading.default\">\n\t\t\t\t<div class=\"elementor-widget-container\">\n\t\t\t<h3 class=\"elementor-heading-title elementor-size-default\"><a href=\"https:\/\/www.routledge.com\/Social-Movement-Dynamics-New-Perspectives-on-Theory-and-Research-from\/Rossi-Bulow\/p\/book\/9781472417688\" target=\"_blank\">Social Movement Dynamics\nNew Perspectives on Theory and Research from Latin America<\/a><\/h3>\t\t<\/div>\n\t\t\t\t<\/div>\n\t\t\t\t<div class=\"elementor-element elementor-element-733c913f elementor-widget elementor-widget-text-editor\" data-id=\"733c913f\" data-element_type=\"widget\" data-widget_type=\"text-editor.default\">\n\t\t\t\t<div class=\"elementor-widget-container\">\n\t\t\t\t\t\t\t<p><strong>Autores: Federico M. Rossi e Marisa von B\u00fclow<\/strong><\/p><p>This book presents an overview of new approaches to the study of social movements emerging out of Latin America, based on original and innovative analyses of the recent changes in collective action across the region. Over the past decade, new repertoires of contention have emerged in parallel to changes in the configuration of actors, in previously established patterns of relationship between social movements and political institutions, and in the shapes of collaborative networks, both domestic and transnational. The authors analyze a broad set of countries and social movements, while focusing on three key theoretical debates: the interactions between routine and contentious politics, the relationship between protest and context, and the organizational configurations of social movements.\u00a0<\/p>\t\t\t\t\t\t<\/div>\n\t\t\t\t<\/div>\n\t\t\t\t<div class=\"elementor-element elementor-element-ad9ef1c elementor-align-center elementor-widget elementor-widget-button\" data-id=\"ad9ef1c\" data-element_type=\"widget\" data-widget_type=\"button.default\">\n\t\t\t\t<div class=\"elementor-widget-container\">\n\t\t\t\t\t<div class=\"elementor-button-wrapper\">\n\t\t\t<a href=\"https:\/\/www.routledge.com\/Social-Movement-Dynamics-New-Perspectives-on-Theory-and-Research-from\/Rossi-Bulow\/p\/book\/9781472417688\" target=\"_blank\" class=\"elementor-button-link elementor-button elementor-size-sm\" role=\"button\">\n\t\t\t\t\t\t<span class=\"elementor-button-content-wrapper\">\n\t\t\t\t\t\t<span class=\"elementor-button-text\">Take your book<\/span>\n\t\t<\/span>\n\t\t\t\t\t<\/a>\n\t\t<\/div>\n\t\t\t\t<\/div>\n\t\t\t\t<\/div>\n\t\t\t\t\t<\/div>\n\t\t<\/div>\n\t\t\t\t<div class=\"elementor-column elementor-col-33 elementor-inner-column elementor-element elementor-element-75549e2c\" data-id=\"75549e2c\" data-element_type=\"column\">\n\t\t\t<div class=\"elementor-widget-wrap\">\n\t\t\t\t\t\t\t\t\t<\/div>\n\t\t<\/div>\n\t\t\t\t<div class=\"elementor-column elementor-col-33 elementor-inner-column elementor-element elementor-element-3b6a3359\" data-id=\"3b6a3359\" data-element_type=\"column\">\n\t\t\t<div class=\"elementor-widget-wrap elementor-element-populated\">\n\t\t\t\t\t\t\t\t<div class=\"elementor-element elementor-element-7d2202f2 elementor-widget elementor-widget-text-editor\" data-id=\"7d2202f2\" data-element_type=\"widget\" data-widget_type=\"text-editor.default\">\n\t\t\t\t<div class=\"elementor-widget-container\">\n\t\t\t\t\t\t\t<p>2010<\/p>\t\t\t\t\t\t<\/div>\n\t\t\t\t<\/div>\n\t\t\t\t<div class=\"elementor-element elementor-element-5e946077 elementor-widget elementor-widget-image\" data-id=\"5e946077\" data-element_type=\"widget\" data-widget_type=\"image.default\">\n\t\t\t\t<div class=\"elementor-widget-container\">\n\t\t\t\t\t\t\t\t\t\t\t\t\t\t\t\t<a href=\"https:\/\/www.cambridge.org\/core\/books\/building-transnational-networks\/C9D49271D9BD9951CE98AC9F4F40DEB2\" target=\"_blank\">\n\t\t\t\t\t\t\t<img src=\"http:\/\/resocie.org\/wp-content\/uploads\/2022\/02\/buildingtransitionalnetwork.jpg\" title=\"\" alt=\"\" \/>\t\t\t\t\t\t\t\t<\/a>\n\t\t\t\t\t\t\t\t\t\t\t\t\t\t\t<\/div>\n\t\t\t\t<\/div>\n\t\t\t\t<div class=\"elementor-element elementor-element-2230cfe8 elementor-widget elementor-widget-heading\" data-id=\"2230cfe8\" data-element_type=\"widget\" data-widget_type=\"heading.default\">\n\t\t\t\t<div class=\"elementor-widget-container\">\n\t\t\t<h3 class=\"elementor-heading-title elementor-size-default\"><a href=\"https:\/\/www.cambridge.org\/core\/books\/building-transnational-networks\/C9D49271D9BD9951CE98AC9F4F40DEB2\" target=\"_blank\">Building Transnational Networks:\nCivil Society and the Politics of Trade in the Americas<\/a><\/h3>\t\t<\/div>\n\t\t\t\t<\/div>\n\t\t\t\t<div class=\"elementor-element elementor-element-50e23702 elementor-widget elementor-widget-text-editor\" data-id=\"50e23702\" data-element_type=\"widget\" data-widget_type=\"text-editor.default\">\n\t\t\t\t<div class=\"elementor-widget-container\">\n\t\t\t\t\t\t\t<p><strong>Autora: Marisa von B\u00fclow<\/strong><\/p><p>Building Transnational Networks tells the story of how a broad group of civil society organizations came together to contest free trade negotiations in the Americas. Based on research in Brazil, Chile, Mexico, the United States, and Canada, it offers a full hemispheric analysis of the creation of civil society networks as they engaged in the politics of trade. The author demonstrates that most effective transnational actors are the ones with strong domestic roots and that &#8216;southern&#8217; organizations occupy key nodes in trade networks. The fragility of activist networks stems from changes in the domestic political context as well as from characteristics of the organizations, the networks, or the actions they undertake. These findings advance and suggest new understandings of transnational collective action.<\/p>\t\t\t\t\t\t<\/div>\n\t\t\t\t<\/div>\n\t\t\t\t<div class=\"elementor-element elementor-element-57452aff elementor-align-center elementor-widget elementor-widget-button\" data-id=\"57452aff\" data-element_type=\"widget\" data-widget_type=\"button.default\">\n\t\t\t\t<div class=\"elementor-widget-container\">\n\t\t\t\t\t<div class=\"elementor-button-wrapper\">\n\t\t\t<a href=\"https:\/\/www.cambridge.org\/core\/books\/building-transnational-networks\/C9D49271D9BD9951CE98AC9F4F40DEB2#fndtn-information\" target=\"_blank\" class=\"elementor-button-link elementor-button elementor-size-sm\" role=\"button\">\n\t\t\t\t\t\t<span class=\"elementor-button-content-wrapper\">\n\t\t\t\t\t\t<span class=\"elementor-button-text\">Take your book<\/span>\n\t\t<\/span>\n\t\t\t\t\t<\/a>\n\t\t<\/div>\n\t\t\t\t<\/div>\n\t\t\t\t<\/div>\n\t\t\t\t\t<\/div>\n\t\t<\/div>\n\t\t\t\t\t\t\t<\/div>\n\t\t<\/section>\n\t\t\t\t<section class=\"elementor-section elementor-inner-section elementor-element elementor-element-56a53339 elementor-section-boxed elementor-section-height-default elementor-section-height-default\" data-id=\"56a53339\" data-element_type=\"section\">\n\t\t\t\t\t\t<div class=\"elementor-container elementor-column-gap-default\">\n\t\t\t\t\t<div class=\"elementor-column elementor-col-50 elementor-inner-column elementor-element elementor-element-6a7e2d2f\" data-id=\"6a7e2d2f\" data-element_type=\"column\">\n\t\t\t<div class=\"elementor-widget-wrap elementor-element-populated\">\n\t\t\t\t\t\t\t\t<div class=\"elementor-element elementor-element-687c0ab5 elementor-widget elementor-widget-text-editor\" data-id=\"687c0ab5\" data-element_type=\"widget\" data-widget_type=\"text-editor.default\">\n\t\t\t\t<div class=\"elementor-widget-container\">\n\t\t\t\t\t\t\t<p>2000<\/p>\t\t\t\t\t\t<\/div>\n\t\t\t\t<\/div>\n\t\t\t\t<div class=\"elementor-element elementor-element-5c5f6507 elementor-widget elementor-widget-image\" data-id=\"5c5f6507\" data-element_type=\"widget\" data-widget_type=\"image.default\">\n\t\t\t\t<div class=\"elementor-widget-container\">\n\t\t\t\t\t\t\t\t\t\t\t\t\t\t\t\t<a href=\"https:\/\/www.rienner.com\/title\/Inventing_Local_Democracy_Grassroots_Politics_in_Brazil\" target=\"_blank\">\n\t\t\t\t\t\t\t<img src=\"http:\/\/resocie.org\/wp-content\/uploads\/2022\/02\/inventinglocal.jpg\" title=\"\" alt=\"\" \/>\t\t\t\t\t\t\t\t<\/a>\n\t\t\t\t\t\t\t\t\t\t\t\t\t\t\t<\/div>\n\t\t\t\t<\/div>\n\t\t\t\t<div class=\"elementor-element elementor-element-7ceff99c elementor-widget elementor-widget-heading\" data-id=\"7ceff99c\" data-element_type=\"widget\" data-widget_type=\"heading.default\">\n\t\t\t\t<div class=\"elementor-widget-container\">\n\t\t\t<h3 class=\"elementor-heading-title elementor-size-default\"><a href=\"https:\/\/www.rienner.com\/title\/Inventing_Local_Democracy_Grassroots_Politics_in_Brazil\" target=\"_blank\">Social Movement Dynamics\nNew Perspectives on Theory and Research from Latin America<\/a><\/h3>\t\t<\/div>\n\t\t\t\t<\/div>\n\t\t\t\t<div class=\"elementor-element elementor-element-22fb1a76 elementor-widget elementor-widget-text-editor\" data-id=\"22fb1a76\" data-element_type=\"widget\" data-widget_type=\"text-editor.default\">\n\t\t\t\t<div class=\"elementor-widget-container\">\n\t\t\t\t\t\t\t<p><strong>Autores: Rebecca Abers<\/strong><\/p><p>Countless studies of citizen participation in public decisionmaking point out the limitations of direct democracy when it is transported from the realm of political theory into the &#8220;real world.&#8221; In contrast, this book examines a case where an innovative city government gave major decisionmaking power to ordinary citizens on a large scale\u2014and managed to survive and prosper.<\/p><p><em>Inventing Local Democracy<\/em>\u00a0tells this dramatic story of a group of activists who came to power in a city long dominated by patronage politics and elite rule. At the same time, it is a sociopolitical study of the impact that state-sponsored participatory forums can have on civil society. Examining this dual transformation, Abers provides a groundbreaking contribution to the theory of participatory democracy.<\/p>\t\t\t\t\t\t<\/div>\n\t\t\t\t<\/div>\n\t\t\t\t<div class=\"elementor-element elementor-element-7d2d219c elementor-align-center elementor-widget elementor-widget-button\" data-id=\"7d2d219c\" data-element_type=\"widget\" data-widget_type=\"button.default\">\n\t\t\t\t<div class=\"elementor-widget-container\">\n\t\t\t\t\t<div class=\"elementor-button-wrapper\">\n\t\t\t<a href=\"https:\/\/www.rienner.com\/title\/Inventing_Local_Democracy_Grassroots_Politics_in_Brazil\" target=\"_blank\" class=\"elementor-button-link elementor-button elementor-size-sm\" role=\"button\">\n\t\t\t\t\t\t<span class=\"elementor-button-content-wrapper\">\n\t\t\t\t\t\t<span class=\"elementor-button-text\">Take your book<\/span>\n\t\t<\/span>\n\t\t\t\t\t<\/a>\n\t\t<\/div>\n\t\t\t\t<\/div>\n\t\t\t\t<\/div>\n\t\t\t\t\t<\/div>\n\t\t<\/div>\n\t\t\t\t<div class=\"elementor-column elementor-col-50 elementor-inner-column elementor-element elementor-element-a239af4\" data-id=\"a239af4\" data-element_type=\"column\">\n\t\t\t<div class=\"elementor-widget-wrap\">\n\t\t\t\t\t\t\t\t\t<\/div>\n\t\t<\/div>\n\t\t\t\t\t\t\t<\/div>\n\t\t<\/section>\n\t\t\t\t\t<\/div>\n\t\t<\/div>\n\t\t\t\t\t\t\t<\/div>\n\t\t<\/section>\n\t\t\t\t\t\t<\/div>\n\t\t\t\t\t<\/div>\n\t\t","protected":false},"excerpt":{"rendered":"<p>Get to know the books published, organized or written by our researchers. It is worth mentioning that the works presented here are only those related to the theme covered by Resocie, although some of our researchers have other works in<\/p>\n","protected":false},"author":1,"featured_media":0,"parent":1498,"menu_order":1,"comment_status":"closed","ping_status":"closed","template":"","meta":{"om_disable_all_campaigns":false,"_monsterinsights_skip_tracking":false,"_monsterinsights_sitenote_active":false,"_monsterinsights_sitenote_note":"","_monsterinsights_sitenote_category":0},"_links":{"self":[{"href":"http:\/\/en.resocie.org\/index.php\/wp-json\/wp\/v2\/pages\/1499"}],"collection":[{"href":"http:\/\/en.resocie.org\/index.php\/wp-json\/wp\/v2\/pages"}],"about":[{"href":"http:\/\/en.resocie.org\/index.php\/wp-json\/wp\/v2\/types\/page"}],"author":[{"embeddable":true,"href":"http:\/\/en.resocie.org\/index.php\/wp-json\/wp\/v2\/users\/1"}],"replies":[{"embeddable":true,"href":"http:\/\/en.resocie.org\/index.php\/wp-json\/wp\/v2\/comments?post=1499"}],"version-history":[{"count":51,"href":"http:\/\/en.resocie.org\/index.php\/wp-json\/wp\/v2\/pages\/1499\/revisions"}],"predecessor-version":[{"id":6271,"href":"http:\/\/en.resocie.org\/index.php\/wp-json\/wp\/v2\/pages\/1499\/revisions\/6271"}],"up":[{"embeddable":true,"href":"http:\/\/en.resocie.org\/index.php\/wp-json\/wp\/v2\/pages\/1498"}],"wp:attachment":[{"href":"http:\/\/en.resocie.org\/index.php\/wp-json\/wp\/v2\/media?parent=1499"}],"curies":[{"name":"wp","href":"https:\/\/api.w.org\/{rel}","templated":true}]}}